{"id":246210,"date":"2022-08-22T11:58:38","date_gmt":"2022-08-22T09:58:38","guid":{"rendered":"https:\/\/sherpas.com\/blog\/?page_id=246210"},"modified":"2026-01-06T10:03:42","modified_gmt":"2026-01-06T09:03:42","slug":"contributeurs","status":"publish","type":"page","link":"https:\/\/sherpas.com\/blog\/contributeurs\/","title":{"rendered":"Les contributeurs au M\u00e9dia des Sherpas"},"content":{"rendered":"<section class=\"articles-widget articles-widget-- title-legend\">\n\n    <div class=\"container\">\n        <div class=\"d-lg-flex align-items-end\">\n            <h1 class=\"articles-widget__title\" id=\"nos-contributeurs\">Nos contributeurs <\/h1>\n            <div class=\"articles-widget__subtitle\"><\/div>\n        <\/div>\n        \n            <\/div>\n<\/section>\n\n\n\n<div style=\"height:30px\" aria-hidden=\"true\" class=\"wp-block-spacer\"><\/div>\n\n\n\n<div class=\"wp-block-columns is-layout-flex wp-container-core-columns-is-layout-9d6595d7 wp-block-columns-is-layout-flex\">\n<div class=\"wp-block-column is-layout-flow wp-block-column-is-layout-flow\" style=\"flex-basis:25%\"><\/div>\n\n\n\n<div class=\"wp-block-column is-layout-flow wp-block-column-is-layout-flow\" style=\"flex-basis:50%\">\n<p>La R\u00e9dac des Sherpas, c&rsquo;est pr\u00e8s de 100 auteurs passionn\u00e9s d&rsquo;\u00e9ducation qui mettent leur expertise \u00e0 ta disposition pour t&rsquo;aider \u00e0 profiter pleinement de tes \u00e9tudes. \u00c9tudiants, profs particuliers ou sp\u00e9cialistes : avec eux, tu es s\u00fbr d&rsquo;avoir les meilleurs conseils ! \u26a1\ufe0f<\/p>\n<\/div>\n\n\n\n<div class=\"wp-block-column is-layout-flow wp-block-column-is-layout-flow\" style=\"flex-basis:25%\"><\/div>\n<\/div>\n\n\n\n<div style=\"height:30px\" aria-hidden=\"true\" class=\"wp-block-spacer\"><\/div>\n\n\n\n<div class=\"wp-block-columns is-layout-flex wp-container-core-columns-is-layout-9d6595d7 wp-block-columns-is-layout-flex\">\n<div class=\"wp-block-column is-layout-flow wp-block-column-is-layout-flow\" style=\"flex-basis:25%\"><\/div>\n\n\n\n<div class=\"wp-block-column is-layout-flow wp-block-column-is-layout-flow\" style=\"flex-basis:50%\">\n<div class=\"single__bottom\"><div class=\"single-author__image\"><img decoding=\"async\" src=\"https:\/\/sherpas.com\/blog\/content\/uploads\/2021\/12\/httpssherpas.comwp-contentuploads202010alexandresal-150x150-6.jpg\" alt=\"Alexandre Salomon\"><\/div><div class=\"single-author__infos\"><div class=\"t-09\">Alexandre Salomon<\/div><div class=\"single-author__job\">R\u00e9dacteur freelance<\/div><div class=\"single-author__content text-md-center text-xl-left\">Actuellement en premi\u00e8re ann\u00e9e \u00e0 l\u2019EM Lyon Business School apr\u00e8s deux ann\u00e9es en classe pr\u00e9paratoire au lyc\u00e9e Alienor d\u2019Aquitaine, je suis heureux de te partager mon exp\u00e9rience d\u2019ancien pr\u00e9parationnaire. Mon but ? Te donner tous les conseils que j\u2019aurais aim\u00e9 avoir durant la pr\u00e9pa pour performer aux concours ! J\u2019esp\u00e8re par avance que mes articles te seront utiles et qu\u2019ils te permettront d\u2019int\u00e9grer l\u2019\u00e9cole de tes r\u00eaves. \ud83d\ude01<\/div><\/div><div>\n<div style=\"height:25px\" aria-hidden=\"true\" class=\"wp-block-spacer\"><\/div><div class=\"single__bottom\"><div class=\"single-author__image\"><img decoding=\"async\" src=\"https:\/\/sherpas.com\/blog\/content\/uploads\/2021\/09\/httpssherpas.comwp-contentuploads202008Annabel-Didelot-150x150-8.jpg\" alt=\"Annabel Didelot\"><\/div><div class=\"single-author__infos\"><div class=\"t-09\">Annabel Didelot<\/div><div class=\"single-author__job\">R\u00e9dactrice<\/div><div class=\"single-author__content text-md-center text-xl-left\">Hello, moi c&rsquo;est Annabel, je viens tout juste d&rsquo;obtenir mon bac S et je rentre l&rsquo;ann\u00e9e prochaine en classe pr\u00e9paratoire scientifique au lyc\u00e9e Camille Gu\u00e9rin \u00e0 Poitiers. J&rsquo;aime beaucoup les sciences que ce soit les math, la physique ou l&rsquo;informatique. Je suis super contente de partager cet article avec vous. A + \ud83e\udd73<\/div><\/div><div>\n<div style=\"height:25px\" aria-hidden=\"true\" class=\"wp-block-spacer\"><\/div><div class=\"single__bottom\"><div class=\"single-author__image\"><img decoding=\"async\" src=\"https:\/\/sherpas.com\/blog\/content\/uploads\/2022\/08\/sherpas-photo.png\" alt=\"Annelyse Focquet\"><\/div><div class=\"single-author__infos\"><div class=\"t-09\">Annelyse Focquet<\/div><div class=\"single-author__job\">R\u00e9dactrice<\/div><div class=\"single-author__content text-md-center text-xl-left\">Journaliste en herbe et auteure occasionnelle venue de Provence, je suis actuellement \u00e9tudiante en Histoire \u00e0 l&rsquo;universit\u00e9 d&rsquo;Aix-Marseille, mais je d\u00e9voue aussi ma vie et mon coeur \u00e0 l&rsquo;\u00e9tude de la psychologie, de la philosophie et des civilisations anglophone et cor\u00e9enne (et j&rsquo;adore la musique et le cin\u00e9ma !).<\/div><\/div><div>\n<div style=\"height:25px\" aria-hidden=\"true\" class=\"wp-block-spacer\"><\/div><div class=\"single__bottom\"><div class=\"single-author__image\"><img decoding=\"async\" src=\"https:\/\/sherpas.com\/blog\/content\/uploads\/2021\/09\/httpssherpas.comwp-contentuploads201907Antoine-Benassy-e1561998217935-5.png\" alt=\"Antoine B\u00e9nassy\"><\/div><div class=\"single-author__infos\"><div class=\"t-09\">Antoine B\u00e9nassy<\/div><div class=\"single-author__job\">R\u00e9dacteur<\/div><div class=\"single-author__content text-md-center text-xl-left\">Engouffr\u00e9 dans la fabuleuse aventure de la pr\u00e9pa MPSI\u2192MP, je suis ravi de partager mes connaissances avec toi apr\u00e8s avoir tant re\u00e7u cette ann\u00e9e. Au-del\u00e0 de la science la musique me fait vibrer, et notamment la trompette ! \ud83c\udfba<\/div><\/div><div>\n<div style=\"height:25px\" aria-hidden=\"true\" class=\"wp-block-spacer\"><\/div><div class=\"single__bottom\"><div class=\"single-author__image\"><img decoding=\"async\" src=\"https:\/\/sherpas.com\/blog\/content\/uploads\/2021\/09\/httpssherpas.comwp-contentuploads201903antoine-auteur-sherpa-150x150-8.png\" alt=\"Antoine Billaud\"><\/div><div class=\"single-author__infos\"><div class=\"t-09\">Antoine Billaud<\/div><div class=\"single-author__job\">R\u00e9dacteur<\/div><div class=\"single-author__content text-md-center text-xl-left\">Etudiant \u00e0 l\u2019I\u00c9SEG Lille et entrepreneur, j&rsquo;ai eu 17,66 de moyenne \u00e0 mes entretiens de motivation en terminale dont 20\/20 \u00e0 l\u2019I\u00c9SEG. J&rsquo;ai cr\u00e9\u00e9 le site www.entretienssup.com pour aider tous les candidats \u00e0 avoir les m\u00eames notes aux entretiens \ud83e\udd73<\/div><\/div><div>\n<div style=\"height:25px\" aria-hidden=\"true\" class=\"wp-block-spacer\"><\/div><div class=\"single__bottom\"><div class=\"single-author__image\"><img decoding=\"async\" src=\"https:\/\/sherpas.com\/blog\/content\/uploads\/2021\/12\/httpssherpas.comwp-contentuploads202005antoine-calmes-2-150x150-6.jpg\" alt=\"Antoine Calmes\"><\/div><div class=\"single-author__infos\"><div class=\"t-09\">Antoine Calmes<\/div><div class=\"single-author__job\">R\u00e9dacteur<\/div><div class=\"single-author__content text-md-center text-xl-left\">Hello ! Moi c\u2019est Antoine, je suis maintenant \u00e9tudiant-ing\u00e9nieur \u00e0 Mines Nancy apr\u00e8s 2 ann\u00e9es de pr\u00e9pa. Passionn\u00e9 d\u2019\u00e9ducation et de d\u00e9veloppement personnel, j\u2019ai \u00e9crit le livre \u00ab\u00a0Classes pr\u00e9pas\u00a0: Comment r\u00e9ussir\u00a0?\u00a0Les secrets et conseils pour briller aux concours CPGE\u00a0\u00bb, je suis tr\u00e8s heureux de contribuer sur les Sherpas pour t\u2019aider ! \ud83e\udd73<\/div><\/div><div>\n<div style=\"height:25px\" aria-hidden=\"true\" class=\"wp-block-spacer\"><\/div><div class=\"single__bottom\"><div class=\"single-author__image\"><img decoding=\"async\" src=\"https:\/\/sherpas.com\/blog\/content\/uploads\/2021\/12\/httpssherpas.comwp-contentuploads201812Capture-decran-2018-12-03-a-15.03.39-150x150-6.png\" alt=\"Antonin Bibal\"><\/div><div class=\"single-author__infos\"><div class=\"t-09\">Antonin Bibal<\/div><div class=\"single-author__job\">R\u00e9dacteur<\/div><div class=\"single-author__content text-md-center text-xl-left\">Moi, c&rsquo;est Antonin ! Passionn\u00e9 par la G\u00e9opolitique depuis la Pr\u00e9pa et \u00e9tudiant \u00e0 l&rsquo;ESCP, j&rsquo;ai d\u00e9cid\u00e9 de partager mes connaissances avec tous les \u00e9tudiants de Pr\u00e9pa HEC au sein de mon blog les Carnets de G\u00e9opo. Je participe r\u00e9guli\u00e8rement au Blog des Sherpas !<\/div><\/div><div>\n<div style=\"height:25px\" aria-hidden=\"true\" class=\"wp-block-spacer\"><\/div><div class=\"single__bottom\"><div class=\"single-author__image\"><img decoding=\"async\" src=\"https:\/\/sherpas.com\/blog\/content\/uploads\/2021\/09\/httpssherpas.comwp-contentuploads202011audrey-7.jpg\" alt=\"Audrey Quetard\"><\/div><div class=\"single-author__infos\"><div class=\"t-09\">Audrey Quetard<\/div><div class=\"single-author__job\">R\u00e9dactrice<\/div><div class=\"single-author__content text-md-center text-xl-left\">Je suis actuellement \u00e9tudiante \u00e0 l\u2019acad\u00e9mie ESJ de Lille et je suis en parall\u00e8le une L1 d\u2019histoire. Passion\u00e9e de sport et de musique, je r\u00eave de devenir journaliste de sport !  Je suis tr\u00e8s heureuse de vivre la belle exp\u00e9rience des Sherpas cette ann\u00e9e, et j\u2019esp\u00e8re partager avec toi de beaux moments de convivialit\u00e9 \ud83d\ude0a<\/div><\/div><div>\n<div style=\"height:25px\" aria-hidden=\"true\" class=\"wp-block-spacer\"><\/div><div class=\"single__bottom\"><div class=\"single-author__image\"><img decoding=\"async\" src=\"https:\/\/sherpas.com\/blog\/content\/uploads\/2022\/08\/sherpas-photo.png\" alt=\"B\u00e9reng\u00e8re Nagy\"><\/div><div class=\"single-author__infos\"><div class=\"t-09\">B\u00e9reng\u00e8re Nagy<\/div><div class=\"single-author__job\">R\u00e9dactrice<\/div><div class=\"single-author__content text-md-center text-xl-left\">En troisi\u00e8me ann\u00e9e du Bachelor de Management \u00e0 l\u2019ESCP, j\u2019int\u00e8gre le MiM de la London Business School \u00e0 la rentr\u00e9e. Je suis ravie de contribuer au blog pendant quelques mois et j\u2019esp\u00e8re que mes conseils et astuces te seront utiles ! \ud83d\ude09<\/div><\/div><div>\n<div style=\"height:25px\" aria-hidden=\"true\" class=\"wp-block-spacer\"><\/div><div class=\"single__bottom\"><div class=\"single-author__image\"><img decoding=\"async\" src=\"https:\/\/sherpas.com\/blog\/content\/uploads\/2021\/09\/httpssherpas.comwp-contentuploads20181043433386_556752521447768_57723531529551872_n-e1539195923723-150x150-8.jpg\" alt=\"Camille Bonnet\"><\/div><div class=\"single-author__infos\"><div class=\"t-09\">Camille Bonnet<\/div><div class=\"single-author__job\">R\u00e9dactrice<\/div><div class=\"single-author__content text-md-center text-xl-left\">Dipl\u00f4m\u00e9e d&rsquo;\u00e9cole de commerce, ancienne de Mannheim et amie des Sherpas. Voyageuse, judokate et psychologue \u00e0 mes heures perdues, j&rsquo;aime apprendre des autres et communiquer des ondes positives.<\/div><\/div><div>\n<div style=\"height:25px\" aria-hidden=\"true\" class=\"wp-block-spacer\"><\/div><div class=\"single__bottom\"><div class=\"single-author__image\"><img decoding=\"async\" src=\"https:\/\/sherpas.com\/blog\/content\/uploads\/2021\/09\/httpssherpas.comwp-contentuploads201909Madame-SVT-2-150x150-8.jpg\" alt=\"Camille M.\"><\/div><div class=\"single-author__infos\"><div class=\"t-09\">Camille M.<\/div><div class=\"single-author__job\">Prof de SVT<\/div><div class=\"single-author__content text-md-center text-xl-left\">Bonjour ! Je suis professeure de SVT et compl\u00e8tement passionn\u00e9e par mon m\u00e9tier mais aussi tr\u00e8s proche de la nature. J&rsquo;ai une page Instagram @madame.svt et une cha\u00eene YouTube \u00ab\u00a0Madame SVT\u00a0\u00bb sur laquelle je partage mes astuces \u00e9colos et des vid\u00e9os r\u00e9capitulatives pour aider les \u00e9l\u00e8ves \u00e0 r\u00e9viser !<\/div><\/div><div>\n<div style=\"height:25px\" aria-hidden=\"true\" class=\"wp-block-spacer\"><\/div><div class=\"single__bottom\"><div class=\"single-author__image\"><img decoding=\"async\" src=\"https:\/\/sherpas.com\/blog\/content\/uploads\/2021\/09\/httpssherpas.comwp-contentuploads201812Capture-decran-2018-12-12-a-17.12.06-e1544631170271-150x150-6.png\" alt=\"Camille Toussaint\"><\/div><div class=\"single-author__infos\"><div class=\"t-09\">Camille Toussaint<\/div><div class=\"single-author__job\">R\u00e9dactrice<\/div><div class=\"single-author__content text-md-center text-xl-left\">Ancienne \u00e9l\u00e8ve en Kh\u00e2gne \u00e0 Louis-le-Grand, dipl\u00f4m\u00e9e de l\u2019ESCP Europe et amie des Sherpas. Passionn\u00e9e par l\u2019Islande et les bandes dessin\u00e9es, j\u2019ai d\u00e9cid\u00e9 de partager mes conseils pour aider les jeunes \u00e9tudiants \u00e0 r\u00e9ussir en pr\u00e9pa litt\u00e9raire.<\/div><\/div><div>\n<div style=\"height:25px\" aria-hidden=\"true\" class=\"wp-block-spacer\"><\/div><div class=\"single__bottom\"><div class=\"single-author__image\"><img decoding=\"async\" src=\"https:\/\/sherpas.com\/blog\/content\/uploads\/2021\/09\/httpssherpas.comwp-contentuploads201909Screenshot-2019-09-02-at-10.22.39-150x150-8.png\" alt=\"Capucine D.\"><\/div><div class=\"single-author__infos\"><div class=\"t-09\">Capucine D.<\/div><div class=\"single-author__job\">R\u00e9dactrice<\/div><div class=\"single-author__content text-md-center text-xl-left\">Hey ! Je m&rsquo;appelle Capucine, et apr\u00e8s avoir obtenu mon Bac S, je me suis dirig\u00e9e en licence LLCER espagnol. En passant par le voyage, quelques notes de guitare, les langues, et l&rsquo;\u00e9criture, j&rsquo;ai rejoint l&rsquo;\u00e9quipe des Sherpas pour partager tous mes conseils et mes astuces pour t&rsquo;aider !<\/div><\/div><div>\n<div style=\"height:25px\" aria-hidden=\"true\" class=\"wp-block-spacer\"><\/div><div class=\"single__bottom\"><div class=\"single-author__image\"><img decoding=\"async\" src=\"https:\/\/sherpas.com\/blog\/content\/uploads\/2021\/12\/httpssherpas.comwp-contentuploads201909Cathy-5.png\" alt=\"Cathy G.\"><\/div><div class=\"single-author__infos\"><div class=\"t-09\">Cathy G.<\/div><div class=\"single-author__job\">R\u00e9dactrice<\/div><div class=\"single-author__content text-md-center text-xl-left\">Salut! Moi c\u2019est Cathy, je suis entr\u00e9e \u00e0 T\u00e9l\u00e9com Physique \u00e0 Strasbourg et j\u2019aime plus que tout le sport et l\u2019astronomie ! C&rsquo;est toujours un plaisir de faire d\u00e9couvrir astuces et conseils sur le blog des Sherpas \u2728<\/div><\/div><div>\n<div style=\"height:25px\" aria-hidden=\"true\" class=\"wp-block-spacer\"><\/div><div class=\"single__bottom\"><div class=\"single-author__image\"><img decoding=\"async\" src=\"https:\/\/sherpas.com\/blog\/content\/uploads\/2021\/12\/httpssherpas.comwp-contentuploads202008Cedella-e1596543807692-150x150-6.jpg\" alt=\"Cedella Ornana\"><\/div><div class=\"single-author__infos\"><div class=\"t-09\">Cedella Ornana<\/div><div class=\"single-author__job\">R\u00e9dactrice<\/div><div class=\"single-author__content text-md-center text-xl-left\">Je m&rsquo;appelle Cedella et je suis en derni\u00e8re ann\u00e9e de lyc\u00e9e. Je suis passionn\u00e9e par l&rsquo;art, la musique et la litt\u00e9rature. C&rsquo;est un r\u00e9el plaisir pour moi de pouvoir \u00e9crire quelque chose pour les autres, notamment si \u00e7a aide !<\/div><\/div><div>\n<div style=\"height:25px\" aria-hidden=\"true\" class=\"wp-block-spacer\"><\/div><div class=\"single__bottom\"><div class=\"single-author__image\"><img decoding=\"async\" src=\"https:\/\/sherpas.com\/blog\/content\/uploads\/2021\/12\/httpssherpas.comwp-contentuploads202109vilcot-150x150-1.jpg\" alt=\"C\u00e9lia Vilcot\"><\/div><div class=\"single-author__infos\"><div class=\"t-09\">C\u00e9lia Vilcot<\/div><div class=\"single-author__job\">R\u00e9dactrice<\/div><div class=\"single-author__content text-md-center text-xl-left\">Salut, moi c\u2019est C\u00e9lia! Je suis en deuxi\u00e8me ann\u00e9e de classe pr\u00e9paratoire litt\u00e9raire et je travaille chez les sherpas en tant que r\u00e9dactrice. J\u2019esp\u00e8re que mes conseils te seront b\u00e9n\u00e9fiques !<\/div><\/div><div>\n<div style=\"height:25px\" aria-hidden=\"true\" class=\"wp-block-spacer\"><\/div><div class=\"single__bottom\"><div class=\"single-author__image\"><img decoding=\"async\" src=\"https:\/\/sherpas.com\/blog\/content\/uploads\/2021\/09\/httpssherpas.comwp-contentuploads202008chloe-buscat-150x150-8.jpg\" alt=\"Chlo\u00e9 Buscat\"><\/div><div class=\"single-author__infos\"><div class=\"t-09\">Chlo\u00e9 Buscat<\/div><div class=\"single-author__job\">R\u00e9dactrice<\/div><div class=\"single-author__content text-md-center text-xl-left\">Rentrant en Terminale cette ann\u00e9e, je suis contente de pouvoir contribuer \u00e0 ce blog. Je te donne mes conseils d\u2019ancienne coll\u00e9gienne et lyc\u00e9enne \ud83c\udf89<\/div><\/div><div>\n<div style=\"height:25px\" aria-hidden=\"true\" class=\"wp-block-spacer\"><\/div><div class=\"single__bottom\"><div class=\"single-author__image\"><img decoding=\"async\" src=\"https:\/\/sherpas.com\/blog\/content\/uploads\/2021\/09\/httpssherpas.comwp-contentuploads202008chloe-lifante-150x150-1.jpg\" alt=\"Chlo\u00e9 Lifante\"><\/div><div class=\"single-author__infos\"><div class=\"t-09\">Chlo\u00e9 Lifante<\/div><div class=\"single-author__job\">R\u00e9dactrice<\/div><div class=\"single-author__content text-md-center text-xl-left\">Pass\u00e9e par une classe pr\u00e9paratoire litt\u00e9raire et dipl\u00f4m\u00e9e d&rsquo;une \u00e9cole de journalisme, j&rsquo;ai un int\u00e9r\u00eat certain pour les sujets d&rsquo;\u00e9ducation, d&rsquo;organisation et de d\u00e9veloppement personnel. Vous l&rsquo;aurez compris, j&rsquo;aime bien Les Sherpas.<\/div><\/div><div>\n<div style=\"height:25px\" aria-hidden=\"true\" class=\"wp-block-spacer\"><\/div><div class=\"single__bottom\"><div class=\"single-author__image\"><img decoding=\"async\" src=\"https:\/\/sherpas.com\/blog\/content\/uploads\/2021\/12\/httpssherpas.comwp-contentuploads202007Chloe-Penel-e1596127318179-150x150-6.jpg\" alt=\"Chlo\u00e9 Penel\"><\/div><div class=\"single-author__infos\"><div class=\"t-09\">Chlo\u00e9 Penel<\/div><div class=\"single-author__job\">R\u00e9dactrice<\/div><div class=\"single-author__content text-md-center text-xl-left\">Hello ! Moi c\u2019est Chlo\u00e9, je suis \u00e9tudiante \u00e0 Rennes School of Business et cr\u00e9atrice du podcast Believe In You by AST Family. Je suis passionn\u00e9e par l\u2019\u00e9quitation et le web. J\u2019adore donner des conseils et aider mon entourage \u00e0 trouver leur voie et je suis ravie de pouvoir le faire sur le Blog des Sherpas ! \ud83e\udd17<\/div><\/div><div>\n<div style=\"height:25px\" aria-hidden=\"true\" class=\"wp-block-spacer\"><\/div><div class=\"single__bottom\"><div class=\"single-author__image\"><img decoding=\"async\" src=\"https:\/\/sherpas.com\/blog\/content\/uploads\/2021\/12\/httpssherpas.comwp-contentuploads202008clement-b-d-150x150-6.jpg\" alt=\"Clement Besora Daban\"><\/div><div class=\"single-author__infos\"><div class=\"t-09\">Clement Besora Daban<\/div><div class=\"single-author__job\">R\u00e9dacteur<\/div><div class=\"single-author__content text-md-center text-xl-left\">Salut, moi c&rsquo;est Cl\u00e9ment ! Apr\u00e8s mon bac S, j&rsquo;ai d\u00e9cid\u00e9 de continuer mon cursus sur une pr\u00e9pa scientifique PTSI et je passe cette ann\u00e9e en deuxi\u00e8me ann\u00e9e, en PT.  J&rsquo;aime beaucoup tout ce qui touche \u00e0 la science, les nouvelles technologies et l&rsquo;a\u00e9ronautique. J&rsquo;ai commenc\u00e9 depuis peu \u00e0 partager mon exp\u00e9rience en pr\u00e9pa sur les r\u00e9seaux et aussi ici, avec Les Sherpas !<\/div><\/div><div>\n<div style=\"height:25px\" aria-hidden=\"true\" class=\"wp-block-spacer\"><\/div><div class=\"single__bottom\"><div class=\"single-author__image\"><img decoding=\"async\" src=\"https:\/\/sherpas.com\/blog\/content\/uploads\/2021\/09\/httpssherpas.comwp-contentuploads201908Coline-Brard-e1565852578758-100x150-1.jpg\" alt=\"Coline Brard\"><\/div><div class=\"single-author__infos\"><div class=\"t-09\">Coline Brard<\/div><div class=\"single-author__job\">R\u00e9dactrice<\/div><div class=\"single-author__content text-md-center text-xl-left\">Etudiante \u00e0 l&rsquo;ISTP en G\u00e9nie Industriel, \u00e0 force de pers\u00e9v\u00e9rance, j&rsquo;ai enfin d\u00e9croch\u00e9 une \u00e9cole d&rsquo;ing\u00e9nieur  ! Pass\u00e9e par la case DUT et pr\u00e9pa, je peux dire avoir connu tous les types d&rsquo;\u00e9ducation, ce qui est un atout aujourd&rsquo;hui ! Je suis ravie de partager mes exp\u00e9riences avec toi sur le Blog des Sherpas ! \ud83e\udd73<\/div><\/div><div>\n<div style=\"height:25px\" aria-hidden=\"true\" class=\"wp-block-spacer\"><\/div><div class=\"single__bottom\"><div class=\"single-author__image\"><img decoding=\"async\" src=\"https:\/\/sherpas.com\/blog\/content\/uploads\/2021\/09\/httpssherpas.comwp-contentuploads201904T1-1-150x150-1.jpg\" alt=\"Coline Rey\"><\/div><div class=\"single-author__infos\"><div class=\"t-09\">Coline Rey<\/div><div class=\"single-author__job\">R\u00e9dactrice<\/div><div class=\"single-author__content text-md-center text-xl-left\">Hello moi c\u2019est Coline ! A la suite d\u2019un DUT TC et d\u2019une licence en communication et marketing, j\u2019ai rejoint la folle aventure des Sherpas ! Une belle parenth\u00e8se dans mes \u00e9tudes que je compte poursuivre prochainement \u2728 C&rsquo;est avec grand plaisir que je te partage mes connaissances ! \ud83d\ude0a<\/div><\/div><div>\n<div style=\"height:25px\" aria-hidden=\"true\" class=\"wp-block-spacer\"><\/div><div class=\"single__bottom\"><div class=\"single-author__image\"><img decoding=\"async\" src=\"https:\/\/sherpas.com\/blog\/content\/uploads\/2021\/12\/httpssherpas.comwp-contentuploads20181013221398_10209417601096973_2966032491325402313_o-e1539191237764-150x150-1.jpg\" alt=\"Corentin\"><\/div><div class=\"single-author__infos\"><div class=\"t-09\">Corentin<\/div><div class=\"single-author__job\">R\u00e9dacteur<\/div><div class=\"single-author__content text-md-center text-xl-left\">Ancien Dauphinois, dipl\u00f4m\u00e9 d&rsquo;ESCP Europe, ami des Sherpas et prof particulier depuis 2012. Passionn\u00e9 de d\u00e9veloppement personnel et de bien-\u00eatre, j&rsquo;aime aider les gens \u00e0 grandir et avancer dans leur vie, \u00e0 grands coups d&rsquo;optimisme et de pragmatisme.<\/div><\/div><div>\n<div style=\"height:25px\" aria-hidden=\"true\" class=\"wp-block-spacer\"><\/div><div class=\"single__bottom\"><div class=\"single-author__image\"><img decoding=\"async\" src=\"https:\/\/sherpas.com\/blog\/content\/uploads\/2021\/09\/httpssherpas.comwp-contentuploads202011screen_shot_2020-10-05_at_7.25.48_pm-150x150-2.jpg\" alt=\"Deborah Alampi\"><\/div><div class=\"single-author__infos\"><div class=\"t-09\">Deborah Alampi<\/div><div class=\"single-author__job\">Pro du tourisme<\/div><div class=\"single-author__content text-md-center text-xl-left\">Salut, moi c&rsquo;est D\u00e9borah! J&rsquo;ai un Master en Communication obtenu \u00e0 Lyon. Apr\u00e8s mes \u00e9tudes, passionn\u00e9e par les voyages, j&rsquo;ai v\u00e9cu 9 ans \u00e0 Sydney en Australie puis 2 ans en Italie (en Ligurie et Sicile). J&rsquo;ai toujours travaill\u00e9 dans le secteur du tourisme dont 6 ans chez Air France KLM pour la r\u00e9gion du Pacifique. Je vis actuellement dans la ville magnifique de C\u00f4me (\u00e0 c\u00f4t\u00e9 de Milan). Aussi je vous partage avec plaisir mes exp\u00e9rience et tips sur le blog des Sherpas! \ud83d\ude42<\/div><\/div><div>\n<div style=\"height:25px\" aria-hidden=\"true\" class=\"wp-block-spacer\"><\/div><div class=\"single__bottom\"><div class=\"single-author__image\"><img decoding=\"async\" src=\"https:\/\/sherpas.com\/blog\/content\/uploads\/2021\/09\/httpssherpas.comwp-contentuploads202109IMG_2892-_1_-150x150-2.jpg\" alt=\"Dorian Morgenroth\"><\/div><div class=\"single-author__infos\"><div class=\"t-09\">Dorian Morgenroth<\/div><div class=\"single-author__job\">R\u00e9dacteur<\/div><div class=\"single-author__content text-md-center text-xl-left\">Hey ! Je suis Dorian Morgenroth. Int\u00e9ress\u00e9 par une vari\u00e9t\u00e9 de domaines, je suis en premi\u00e8re ann\u00e9e de Cycle Pluridisciplinaire d\u2019\u00e9tudes sup\u00e9rieures \u00e0 Paris. C\u2019est avec plaisir que j\u2019\u00e9cris des articles sur des sujets qui me passionnent.<\/div><\/div><div>\n<div style=\"height:25px\" aria-hidden=\"true\" class=\"wp-block-spacer\"><\/div><div class=\"single__bottom\"><div class=\"single-author__image\"><img decoding=\"async\" src=\"https:\/\/sherpas.com\/blog\/content\/uploads\/2021\/09\/httpssherpas.comwp-contentuploads202007eglantine-tronet-150x150-2.png\" alt=\"Eglantine Tronet\"><\/div><div class=\"single-author__infos\"><div class=\"t-09\">Eglantine Tronet<\/div><div class=\"single-author__job\">R\u00e9dactrice<\/div><div class=\"single-author__content text-md-center text-xl-left\">Je m\u2019appr\u00eate \u00e0 entrer en deuxi\u00e8me ann\u00e9e de pr\u00e9pa ECE, et donc \u00e0 passer les fameux concours ! Etant encore en plein dans cette \u00ab\u00a0aventure\u00a0\u00bb, je partage r\u00e9ellement l\u2019exp\u00e9rience de tous les pr\u00e9parationnaires que j\u2019esp\u00e8re donc aider par mes conseils.<\/div><\/div><div>\n<div style=\"height:25px\" aria-hidden=\"true\" class=\"wp-block-spacer\"><\/div><div class=\"single__bottom\"><div class=\"single-author__image\"><img decoding=\"async\" src=\"https:\/\/sherpas.com\/blog\/content\/uploads\/2021\/12\/httpssherpas.comwp-contentuploads202004Elia.jpg\" alt=\"Elia Verilhac\"><\/div><div class=\"single-author__infos\"><div class=\"t-09\">Elia Verilhac<\/div><div class=\"single-author__job\">R\u00e9dactrice<\/div><div class=\"single-author__content text-md-center text-xl-left\">Hello, moi c\u2019est Elia, j\u2019ai 18 ans, je vis dans la Dr\u00f4me \u00e0 c\u00f4t\u00e9 de Valence, et je suis actuellement \u00e9tudiante en premi\u00e8re ann\u00e9e LLCER espagnol \u00e0 l\u2019Universit\u00e9 de Grenoble.<\/div><\/div><div>\n<div style=\"height:25px\" aria-hidden=\"true\" class=\"wp-block-spacer\"><\/div><div class=\"single__bottom\"><div class=\"single-author__image\"><img decoding=\"async\" src=\"https:\/\/sherpas.com\/blog\/content\/uploads\/2021\/12\/httpssherpas.comwp-contentuploads202107IMG_20190411_120045_01-150x150-1.jpg\" alt=\"Elisa Nambrard\"><\/div><div class=\"single-author__infos\"><div class=\"t-09\">Elisa Nambrard<\/div><div class=\"single-author__job\">R\u00e9dactrice<\/div><div class=\"single-author__content text-md-center text-xl-left\">Hello, moi c&rsquo;est Elisa ! Je suis une lyc\u00e9enne passionn\u00e9e autant par l&rsquo;histore que les sciences ou la litt\u00e9rature. Je suis toujours avide de nouvelles exp\u00e9riences, alors me voici sur le blog pour te partager mes meilleurs conseils !<\/div><\/div><div>\n<div style=\"height:25px\" aria-hidden=\"true\" class=\"wp-block-spacer\"><\/div><div class=\"single__bottom\"><div class=\"single-author__image\"><img decoding=\"async\" src=\"https:\/\/sherpas.com\/blog\/content\/uploads\/2021\/12\/httpssherpas.comwp-contentuploads2021116E341095-D9A8-4153-A31A-536A6694B891-150x150-1.jpg\" alt=\"Elisa Sage\"><\/div><div class=\"single-author__infos\"><div class=\"t-09\">Elisa Sage<\/div><div class=\"single-author__job\">R\u00e9dactrice<\/div><div class=\"single-author__content text-md-center text-xl-left\">Lectrice av\u00e9r\u00e9e, je suis aussi passionn\u00e9e de culture et de voyage. Je passe mon temps libre dans les livres, \u00e0 me balader dans la nature ou \u00e9couter de la musique. Concernant les \u00e9tudes, je suis en \u00e9cole de journalisme \u00e0 Lyon.<\/div><\/div><div>\n<div style=\"height:25px\" aria-hidden=\"true\" class=\"wp-block-spacer\"><\/div><div class=\"single__bottom\"><div class=\"single-author__image\"><img decoding=\"async\" src=\"https:\/\/sherpas.com\/blog\/content\/uploads\/2021\/09\/httpssherpas.comwp-contentuploads201806elsa-150x150-1.png\" alt=\"Elsa Cohen\"><\/div><div class=\"single-author__infos\"><div class=\"t-09\">Elsa Cohen<\/div><div class=\"single-author__job\">R\u00e9dactrice<\/div><div class=\"single-author__content text-md-center text-xl-left\">Comme la majorit\u00e9 d\u2019entre nous, j\u2019ai toujours \u00e9t\u00e9 frustr\u00e9e par l\u2019\u00e9cole. C\u2019est pourquoi, \u00e0 la place d\u2019une ennuyeuse ann\u00e9e en terminale, j\u2019ai obtenu mon bac en candidat libre avec mention et j\u2019ai voyag\u00e9, travaill\u00e9 dans une startup, et r\u00e9alis\u00e9 des projets. Vous trouverez ici mes articles sur l&rsquo;\u00e9ducation !<\/div><\/div><div>\n<div style=\"height:25px\" aria-hidden=\"true\" class=\"wp-block-spacer\"><\/div><div class=\"single__bottom\"><div class=\"single-author__image\"><img decoding=\"async\" src=\"https:\/\/sherpas.com\/blog\/content\/uploads\/2021\/09\/httpssherpas.comwp-contentuploads202109IMG_6644-150x150-2.jpg\" alt=\"Elsa Fournier\"><\/div><div class=\"single-author__infos\"><div class=\"t-09\">Elsa Fournier<\/div><div class=\"single-author__job\">R\u00e9dactrice<\/div><div class=\"single-author__content text-md-center text-xl-left\">Salut moi c&rsquo;est Elsa ! Je suis actuellement en 2\u00e8me ann\u00e9e du CPES, une licence pluridisciplinaire de l&rsquo;universit\u00e9 PSL. J&rsquo;esp\u00e8re que mes articles te plairont !<\/div><\/div><div>\n<div style=\"height:25px\" aria-hidden=\"true\" class=\"wp-block-spacer\"><\/div><div class=\"single__bottom\"><div class=\"single-author__image\"><img decoding=\"async\" src=\"https:\/\/sherpas.com\/blog\/content\/uploads\/2021\/09\/httpssherpas.comwp-contentuploads201908Emilia-ducep-e1565334976337.jpg\" alt=\"Emilia D\"><\/div><div class=\"single-author__infos\"><div class=\"t-09\">Emilia D<\/div><div class=\"single-author__job\">R\u00e9dactrice<\/div><div class=\"single-author__content text-md-center text-xl-left\">Etudiante \u00e0 l\u2019ENIM, \u00e9cole d\u2019ing\u00e9nieurs post-bac, apr\u00e8s un bac S mention TB. Curieuse, j\u2019adore apprendre : langues, sciences, sports, musique, d\u00e9veloppement personnel&#8230;tout y passe. Au-del\u00e0 de l\u2019apprentissage j\u2019aime transmettre : c\u2019est pourquoi je partage d\u00e9sormais mes connaissances et mon exp\u00e9rience sur le blog ! \ud83d\udcaa<\/div><\/div><div>\n<div style=\"height:25px\" aria-hidden=\"true\" class=\"wp-block-spacer\"><\/div><div class=\"single__bottom\"><div class=\"single-author__image\"><img decoding=\"async\" src=\"https:\/\/sherpas.com\/blog\/content\/uploads\/2021\/09\/httpssherpas.comwp-contentuploads201908Emma-V-e1565020739384.jpeg\" alt=\"Emma Valero\"><\/div><div class=\"single-author__infos\"><div class=\"t-09\">Emma Valero<\/div><div class=\"single-author__job\">R\u00e9dactrice<\/div><div class=\"single-author__content text-md-center text-xl-left\">Salut, moi c\u2019est Emma, apr\u00e8s avoir eu mon bac mention tr\u00e8s bien, j\u2019entame une ann\u00e9e de pr\u00e9pa PCSI. J\u2019aime beaucoup la photographie ainsi que parler et apprendre les langues \u00e9trang\u00e8res. Apr\u00e8s avoir \u00e9t\u00e9 une grande lectrice des Sherpas, je partage d\u00e9sormais mon exp\u00e9rience sur le blog !<\/div><\/div><div>\n<div style=\"height:25px\" aria-hidden=\"true\" class=\"wp-block-spacer\"><\/div><div class=\"single__bottom\"><div class=\"single-author__image\"><img decoding=\"async\" src=\"https:\/\/sherpas.com\/blog\/content\/uploads\/2021\/09\/httpssherpas.comwp-contentuploads202008enoralehello-150x150-2.jpg\" alt=\"Enora Le Hello\"><\/div><div class=\"single-author__infos\"><div class=\"t-09\">Enora Le Hello<\/div><div class=\"single-author__job\">R\u00e9dactrice<\/div><div class=\"single-author__content text-md-center text-xl-left\">Hello, moi c\u2019est Enora ! Titulaire du bac S, j\u2019entame l\u2019ann\u00e9e prochaine ma premi\u00e8re ann\u00e9e de licence \u00e9conomie-gestion. J\u2019adore lire l\u2019actualit\u00e9 politique, \u00e9conomique et soci\u00e9tale et je me suis d\u00e9couverte une passion pour l\u2019\u00e9criture. Je suis contente de partager mes connaissances sur le blog des Sherpas.<\/div><\/div><div>\n<div style=\"height:25px\" aria-hidden=\"true\" class=\"wp-block-spacer\"><\/div><div class=\"single__bottom\"><div class=\"single-author__image\"><img decoding=\"async\" src=\"https:\/\/sherpas.com\/blog\/content\/uploads\/2021\/09\/httpssherpas.comwp-contentuploads202009Evann-1.jpg\" alt=\"Evan Hislers\"><\/div><div class=\"single-author__infos\"><div class=\"t-09\">Evan Hislers<\/div><div class=\"single-author__job\">R\u00e9dacteur<\/div><div class=\"single-author__content text-md-center text-xl-left\">Salut ! Je suis Evann, tout r\u00e9cemment \u00e9tudiant en sociologie mais aussi \u00e0 l&rsquo;Acad\u00e9mie de l&rsquo;ESJ \u00e0 Lille. J&rsquo;aime \u00e9crire et aider les gens \ud83d\ude42. Les Sherpas m&rsquo;ont beaucoup aid\u00e9 au lyc\u00e9e, j&rsquo;aimerais \u00e9galement vous \u00eatre le plus utile possible.<\/div><\/div><div>\n<div style=\"height:25px\" aria-hidden=\"true\" class=\"wp-block-spacer\"><\/div><div class=\"single__bottom\"><div class=\"single-author__image\"><img decoding=\"async\" src=\"https:\/\/sherpas.com\/blog\/content\/uploads\/2021\/09\/httpssherpas.comwp-contentuploads201902Capture-decran-2019-02-06-a-11.04.44-150x150-2.png\" alt=\"Florent Collet\"><\/div><div class=\"single-author__infos\"><div class=\"t-09\">Florent Collet<\/div><div class=\"single-author__job\">R\u00e9dacteur<\/div><div class=\"single-author__content text-md-center text-xl-left\">Nantais, je suis  tr\u00e8s impliqu\u00e9 dans la vie de mon lyc\u00e9e Jules Rieffel \u00e0 Saint-Herblain. Je me suis donn\u00e9 comme mission de promouvoir l&rsquo;engagement pour construire un monde o\u00f9 chacun a son mot \u00e0 dire. Voyageur et addict de la course, j&rsquo;adore rencontrer de nouvelles personnes&#8230; et forc\u00e9ment, je suis aussi un fid\u00e8le lecteur des Sherpas ! \ud83e\udd73<\/div><\/div><div>\n<div style=\"height:25px\" aria-hidden=\"true\" class=\"wp-block-spacer\"><\/div><div class=\"single__bottom\"><div class=\"single-author__image\"><img decoding=\"async\" src=\"https:\/\/sherpas.com\/blog\/content\/uploads\/2021\/12\/httpssherpas.comwp-contentuploads202002florian-manicardi-150x150-1.jpg\" alt=\"Florian Manicardi\"><\/div><div class=\"single-author__infos\"><div class=\"t-09\">Florian Manicardi<\/div><div class=\"single-author__job\">Pro de la m\u00e9morisation<\/div><div class=\"single-author__content text-md-center text-xl-left\">Je suis tomb\u00e9 amoureux de l&rsquo;art de la mn\u00e9motechnie et devenu en octobre 2019 le meilleur espoir fran\u00e7ais de m\u00e9morisation. J&rsquo;ai lanc\u00e9 ma cha\u00eene Youtube afin de partager le plus de techniques de m\u00e9morisation pour que vous puissiez r\u00e9ussir facilement vos \u00e9tudes !<\/div><\/div><div>\n<div style=\"height:25px\" aria-hidden=\"true\" class=\"wp-block-spacer\"><\/div><div class=\"single__bottom\"><div class=\"single-author__image\"><img decoding=\"async\" src=\"https:\/\/sherpas.com\/blog\/content\/uploads\/2021\/12\/httpssherpas.comwp-contentuploads202010Francois-D.jpg\" alt=\"Francois Dord\"><\/div><div class=\"single-author__infos\"><div class=\"t-09\">Francois Dord<\/div><div class=\"single-author__job\">R\u00e9dacteur<\/div><div class=\"single-author__content text-md-center text-xl-left\">\u00c9tudiant en L3 \u00e0 HEC Paris apr\u00e8s 2 ans de CPGE, j&rsquo;effectue aussi une licence d&rsquo;\u00e9conomie \u00e0 La Sorbonne. J&rsquo;esp\u00e8re que cet article t&rsquo;a \u00e9t\u00e9 utile, et si tu as besoin d&rsquo;aide en ESH, tu peux consulter mon profil Les Sherpas o\u00f9 je donne des cours !<\/div><\/div><div>\n<div style=\"height:25px\" aria-hidden=\"true\" class=\"wp-block-spacer\"><\/div><div class=\"single__bottom\"><div class=\"single-author__image\"><img decoding=\"async\" src=\"https:\/\/sherpas.com\/blog\/content\/uploads\/2021\/09\/httpssherpas.comwp-contentuploads201912photo-1-150x150-1.jpg\" alt=\"Hasan\"><\/div><div class=\"single-author__infos\"><div class=\"t-09\">Hasan<\/div><div class=\"single-author__job\">R\u00e9dacteur<\/div><div class=\"single-author__content text-md-center text-xl-left\">Salut ! Moi c\u2019est Hasan, \u00e9tudiant en \u00e9conomie, je suis notamment passionn\u00e9 par les neurosciences et la programmation. Je te partage des petites techniques et habitudes pour doper tes notes en travaillant moins mais mieux \ud83d\ude0a<\/div><\/div><div>\n<div style=\"height:25px\" aria-hidden=\"true\" class=\"wp-block-spacer\"><\/div><div class=\"single__bottom\"><div class=\"single-author__image\"><img decoding=\"async\" src=\"https:\/\/sherpas.com\/blog\/content\/uploads\/2021\/09\/httpssherpas.comwp-contentuploads202007Hina-Siou-e1595923325953-150x150-2.jpg\" alt=\"Hina Siou\"><\/div><div class=\"single-author__infos\"><div class=\"t-09\">Hina Siou<\/div><div class=\"single-author__job\">\u00c9tudiante en droit<\/div><div class=\"single-author__content text-md-center text-xl-left\">\u00c9tudiante en droit passionn\u00e9e par l\u2019organisation et collectionneuse de carnets et de surligneurs, je suis tr\u00e8s heureuse de te partager mes astuces sur Les Sherpas !<\/div><\/div><div>\n<div style=\"height:25px\" aria-hidden=\"true\" class=\"wp-block-spacer\"><\/div><div class=\"single__bottom\"><div class=\"single-author__image\"><img decoding=\"async\" src=\"https:\/\/sherpas.com\/blog\/content\/uploads\/2021\/12\/httpssherpas.comwp-contentuploads202010houssenlicence-150x150-1.jpg\" alt=\"Houssen Anvaraly\"><\/div><div class=\"single-author__infos\"><div class=\"t-09\">Houssen Anvaraly<\/div><div class=\"single-author__job\">R\u00e9dacteur<\/div><div class=\"single-author__content text-md-center text-xl-left\">\u00c9tudiant en licence 1 de sciences politiques \u00e0 l&rsquo;international, je pr\u00e9pare le concours commun de Sciences po, je contribue au blog Les Sherpas notamment pour tout ce qui concerne les mati\u00e8res en sciences humaines (et un petit peu de lifestyle aussi haha)<\/div><\/div><div>\n<div style=\"height:25px\" aria-hidden=\"true\" class=\"wp-block-spacer\"><\/div><div class=\"single__bottom\"><div class=\"single-author__image\"><img decoding=\"async\" src=\"https:\/\/sherpas.com\/blog\/content\/uploads\/2022\/08\/sherpas-photo.png\" alt=\"Ikrame Daoudi \"><\/div><div class=\"single-author__infos\"><div class=\"t-09\">Ikrame Daoudi <\/div><div class=\"single-author__job\">R\u00e9dacteur<\/div><div class=\"single-author__content text-md-center text-xl-left\"><\/div><\/div><div>\n<div style=\"height:25px\" aria-hidden=\"true\" class=\"wp-block-spacer\"><\/div><div class=\"single__bottom\"><div class=\"single-author__image\"><img decoding=\"async\" src=\"https:\/\/sherpas.com\/blog\/content\/uploads\/2021\/09\/httpssherpas.comwp-contentuploads202111photo-sherpas-profil-150x150-1.jpg\" alt=\"Ilyes Mezarq\"><\/div><div class=\"single-author__infos\"><div class=\"t-09\">Ilyes Mezarq<\/div><div class=\"single-author__job\">R\u00e9dacteur<\/div><div class=\"single-author__content text-md-center text-xl-left\">Salut ! \ud83d\ude00 Moi, c&rsquo;est Ilyes, \u00e9l\u00e8ve de 3e, grand passionn\u00e9 d\u2019\u00e9criture, c\u2019est pour cela que j\u2019ai rejoint les Sherpas. J\u2019esp\u00e8re que mes articles te plairont et te seront utiles. \ud83d\udc4d<\/div><\/div><div>\n<div style=\"height:25px\" aria-hidden=\"true\" class=\"wp-block-spacer\"><\/div><div class=\"single__bottom\"><div class=\"single-author__image\"><img decoding=\"async\" src=\"https:\/\/sherpas.com\/blog\/content\/uploads\/2021\/09\/httpssherpas.comwp-contentuploads202011isabellecarrejpg-150x150-2.jpg\" alt=\"Isabelle Carre\"><\/div><div class=\"single-author__infos\"><div class=\"t-09\">Isabelle Carre<\/div><div class=\"single-author__job\">Psychiatre<\/div><div class=\"single-author__content text-md-center text-xl-left\">Isabelle Carr\u00e9 est psychiatre, et pratique la psychanalyse. Elle est l\u2019auteur du roman Effraction aux \u00c9ditions des Cr\u00e9puscules et de nombreux articles sur l\u2019adolescence.<\/div><\/div><div>\n<div style=\"height:25px\" aria-hidden=\"true\" class=\"wp-block-spacer\"><\/div><div class=\"single__bottom\"><div class=\"single-author__image\"><img decoding=\"async\" src=\"https:\/\/sherpas.com\/blog\/content\/uploads\/2022\/08\/sherpas-photo.png\" alt=\"Jeanne Le Grand\"><\/div><div class=\"single-author__infos\"><div class=\"t-09\">Jeanne Le Grand<\/div><div class=\"single-author__job\"><\/div><div class=\"single-author__content text-md-center text-xl-left\"><\/div><\/div><div>\n<div style=\"height:25px\" aria-hidden=\"true\" class=\"wp-block-spacer\"><\/div><div class=\"single__bottom\"><div class=\"single-author__image\"><img decoding=\"async\" src=\"https:\/\/sherpas.com\/blog\/content\/uploads\/2021\/09\/httpssherpas.comwp-contentuploads202007Jeanne-Le-Marchand-e1594379583988-150x150-2.jpeg\" alt=\"Jeanne Le Marchand\"><\/div><div class=\"single-author__infos\"><div class=\"t-09\">Jeanne Le Marchand<\/div><div class=\"single-author__job\">\u00c9tudiante en droit<\/div><div class=\"single-author__content text-md-center text-xl-left\">Je suis \u00e9tudiante en droit et je souhaitais partager mon exp\u00e9rience de ces trois derni\u00e8res ann\u00e9es en licence de droit \u00e0 la Sorbonne \ud83d\ude09<\/div><\/div><div>\n<div style=\"height:25px\" aria-hidden=\"true\" class=\"wp-block-spacer\"><\/div><div class=\"single__bottom\"><div class=\"single-author__image\"><img decoding=\"async\" src=\"https:\/\/sherpas.com\/blog\/content\/uploads\/2021\/09\/httpssherpas.comwp-contentuploads202011rsz_1juliabernardoic-150x150-2.jpg\" alt=\"Julia Bernard\"><\/div><div class=\"single-author__infos\"><div class=\"t-09\">Julia Bernard<\/div><div class=\"single-author__job\">\u00c9tudiante en chimie<\/div><div class=\"single-author__content text-md-center text-xl-left\">Salut, moi c&rsquo;est Julia ! J&rsquo;ai un bac S et je suis actuellement \u00e9tudiante en chimie. Mais je suis \u00e9galement une coureuse impulsive, une fervente protectrice de l&rsquo;environnement et une admiratrice inconsid\u00e9r\u00e9e du domaine culturel. J&rsquo;aime voyager, d\u00e9couvrir des choses et les transmettre. Aussi, je partage avec plaisir mes exp\u00e9riences et mes astuces sur le blog des Sherpas. Enjoy !<\/div><\/div><div>\n<div style=\"height:25px\" aria-hidden=\"true\" class=\"wp-block-spacer\"><\/div><div class=\"single__bottom\"><div class=\"single-author__image\"><img decoding=\"async\" src=\"https:\/\/sherpas.com\/blog\/content\/uploads\/2021\/09\/httpssherpas.comwp-contentuploads201904photo-justine-prepa-montaigne-bordeaux-150x150-2.jpg\" alt=\"Justine Rigaud\"><\/div><div class=\"single-author__infos\"><div class=\"t-09\">Justine Rigaud<\/div><div class=\"single-author__job\">R\u00e9dactrice<\/div><div class=\"single-author__content text-md-center text-xl-left\">\u00c9tudiante en pr\u00e9pa ECE au lyc\u00e9e Montaigne (Bordeaux), et fid\u00e8le lectrice des Sherpas ! Je suis toujours super heureuse de partager mon exp\u00e9rience ! \ud83e\udd73<\/div><\/div><div>\n<div style=\"height:25px\" aria-hidden=\"true\" class=\"wp-block-spacer\"><\/div><div class=\"single__bottom\"><div class=\"single-author__image\"><img decoding=\"async\" src=\"https:\/\/sherpas.com\/blog\/content\/uploads\/2021\/12\/httpssherpas.comwp-contentuploads201905T1.jpg\" alt=\"Karen Mazmanian\"><\/div><div class=\"single-author__infos\"><div class=\"t-09\">Karen Mazmanian<\/div><div class=\"single-author__job\">Sp\u00e9cialiste de l&rsquo;entretien<\/div><div class=\"single-author__content text-md-center text-xl-left\">Salut, moi c&rsquo;est Karen ! Pass\u00e9 par l&rsquo;ENS, l&rsquo;X, l&rsquo;ESCP Europe et Sciences-Po, j&rsquo;ai eu la chance d&rsquo;accompagner des \u00e9tudiants travaillant sur l&rsquo;entretien de personnalit\u00e9 depuis maintenant 5 ans. Ayant rejoint l&rsquo;aventure des Sherpas, j&rsquo;adore prodiguer des conseils et m\u00e9thodes aux \u00e9tudiants en difficult\u00e9 ! \ud83d\ude42<\/div><\/div><div>\n<div style=\"height:25px\" aria-hidden=\"true\" class=\"wp-block-spacer\"><\/div><div class=\"single__bottom\"><div class=\"single-author__image\"><img decoding=\"async\" src=\"https:\/\/sherpas.com\/blog\/content\/uploads\/2021\/12\/httpssherpas.comwp-contentuploads202107Image1-150x150-1.jpg\" alt=\"K\u00e9zia Lacour\"><\/div><div class=\"single-author__infos\"><div class=\"t-09\">K\u00e9zia Lacour<\/div><div class=\"single-author__job\">R\u00e9dactrice<\/div><div class=\"single-author__content text-md-center text-xl-left\">Actuellement en pr\u00e9pa B\/L, je suis passionn\u00e9e par l\u2019\u00e9criture, et c\u2019est pourquoi j\u2019essaye d\u2019aider au mieux les \u00e9tudiants en rejoignant l\u2019\u00e9quipe des Sherpas !<\/div><\/div><div>\n<div style=\"height:25px\" aria-hidden=\"true\" class=\"wp-block-spacer\"><\/div><div class=\"single__bottom\"><div class=\"single-author__image\"><img decoding=\"async\" src=\"https:\/\/sherpas.com\/blog\/content\/uploads\/2022\/08\/sherpas-photo.png\" alt=\"Kim Ung\"><\/div><div class=\"single-author__infos\"><div class=\"t-09\">Kim Ung<\/div><div class=\"single-author__job\"><\/div><div class=\"single-author__content text-md-center text-xl-left\"><\/div><\/div><div>\n<div style=\"height:25px\" aria-hidden=\"true\" class=\"wp-block-spacer\"><\/div><div class=\"single__bottom\"><div class=\"single-author__image\"><img decoding=\"async\" src=\"https:\/\/sherpas.com\/blog\/content\/uploads\/2021\/09\/httpssherpas.comwp-contentuploads202007Laurine-P-e1595879805528-150x150-2.jpg\" alt=\"Laurine Pollavini\"><\/div><div class=\"single-author__infos\"><div class=\"t-09\">Laurine Pollavini<\/div><div class=\"single-author__job\">R\u00e9dactrice<\/div><div class=\"single-author__content text-md-center text-xl-left\">Salut, je m\u2019appelle Laurine ! Apr\u00e8s une premi\u00e8re ann\u00e9e en classe pr\u00e9paratoire \u00e9conomique j\u2019ai d\u00e9cid\u00e9 de me r\u00e9orienter et de changer totalement de voie pour essayer de r\u00e9aliser mon r\u00eave : devenir journaliste ! Je suis maintenant \u00e0 l\u2019Acad\u00e9mie de l\u2019ESJ Lille, une super \u00e9cole de journalisme et je suis en m\u00eame temps une licence d\u2019histoire.<\/div><\/div><div>\n<div style=\"height:25px\" aria-hidden=\"true\" class=\"wp-block-spacer\"><\/div><div class=\"single__bottom\"><div class=\"single-author__image\"><img decoding=\"async\" src=\"https:\/\/sherpas.com\/blog\/content\/uploads\/2021\/09\/httpssherpas.comwp-contentuploads202007Screenshot_20200727-220446-e1595883933142-150x150-2.png\" alt=\"L\u00e9a Garnier\"><\/div><div class=\"single-author__infos\"><div class=\"t-09\">L\u00e9a Garnier<\/div><div class=\"single-author__job\">R\u00e9dactrice<\/div><div class=\"single-author__content text-md-center text-xl-left\">Je sors de ma deuxi\u00e8me ann\u00e9e de pr\u00e9pa BCPST au lyc\u00e9e du Parc \u00e0 Lyon. Les sciences \u00e7a me conna\u00eet \ud83d\ude09 D\u00e9vou\u00e9e, j&rsquo;ai besoin de me sentir utile. C&rsquo;est pourquoi j&rsquo;ai \u00e0 coeur de transmettre tous les trucs et astuces de m\u00e9thodo qui m&rsquo;ont servis durant ces deux ann\u00e9es \u00e0 tous les int\u00e9ress\u00e9s ainsi que des conseils plus pr\u00e9cis aux scientifiques \ud83d\ude0a\ud83c\udf40<\/div><\/div><div>\n<div style=\"height:25px\" aria-hidden=\"true\" class=\"wp-block-spacer\"><\/div><div class=\"single__bottom\"><div class=\"single-author__image\"><img decoding=\"async\" src=\"https:\/\/sherpas.com\/blog\/content\/uploads\/2021\/09\/httpssherpas.comwp-contentuploads202111IMG_9063-150x150-1.jpg\" alt=\"L\u00e9a Marester\"><\/div><div class=\"single-author__infos\"><div class=\"t-09\">L\u00e9a Marester<\/div><div class=\"single-author__job\">R\u00e9dactrice freelance<\/div><div class=\"single-author__content text-md-center text-xl-left\">Lyc\u00e9enne passionn\u00e9e et int\u00e9ress\u00e9e par le journalisme depuis des ann\u00e9es, je suis ravie de faire partie de l&rsquo;aventure des Sherpas. J\u2019esp\u00e8re que mes articles te seront utiles ! \ud83d\ude09<\/div><\/div><div>\n<div style=\"height:25px\" aria-hidden=\"true\" class=\"wp-block-spacer\"><\/div><div class=\"single__bottom\"><div class=\"single-author__image\"><img decoding=\"async\" src=\"https:\/\/sherpas.com\/blog\/content\/uploads\/2021\/12\/httpssherpas.comwp-contentuploads202109001BA777-41BB-450E-8894-6151C36AD53B-150x150-1.jpeg\" alt=\"L\u00e9a Weis\"><\/div><div class=\"single-author__infos\"><div class=\"t-09\">L\u00e9a Weis<\/div><div class=\"single-author__job\">R\u00e9dactrice<\/div><div class=\"single-author__content text-md-center text-xl-left\">Hello, moi c&rsquo;est L\u00e9a et je suis \u00e9tudiante en troisi\u00e8me ann\u00e9e de licence en Science Politique. Passionn\u00e9e par tout ce qui touche \u00e0 l&rsquo;\u00e9criture, c&rsquo;est pourquoi j&rsquo;ai d\u00e9cid\u00e9 de rejoindre la r\u00e9dac des Sherpas. J&rsquo;esp\u00e8re que mes conseils te seront utiles \ud83d\ude09<\/div><\/div><div>\n<div style=\"height:25px\" aria-hidden=\"true\" class=\"wp-block-spacer\"><\/div><div class=\"single__bottom\"><div class=\"single-author__image\"><img decoding=\"async\" src=\"https:\/\/sherpas.com\/blog\/content\/uploads\/2022\/08\/sherpas-photo.png\" alt=\"L\u00e9ane Gr\u00e9goire\"><\/div><div class=\"single-author__infos\"><div class=\"t-09\">L\u00e9ane Gr\u00e9goire<\/div><div class=\"single-author__job\">R\u00e9dactrice<\/div><div class=\"single-author__content text-md-center text-xl-left\">Passionn\u00e9e par la g\u00e9opolitique et soucieuse de notre plan\u00e8te, je rentre en 1\u00e8re ann\u00e9e \u00e0 Sciences Po Aix. 3 ma\u00eetres-mots pour te booster ? La cr\u00e9ativit\u00e9, la d\u00e9termination et la pers\u00e9v\u00e9rance !<\/div><\/div><div>\n<div style=\"height:25px\" aria-hidden=\"true\" class=\"wp-block-spacer\"><\/div><div class=\"single__bottom\"><div class=\"single-author__image\"><img decoding=\"async\" src=\"https:\/\/sherpas.com\/blog\/content\/uploads\/2021\/09\/httpssherpas.comwp-contentuploads201904leodepierre-150x150-2.jpg\" alt=\"L\u00e9o Depierre\"><\/div><div class=\"single-author__infos\"><div class=\"t-09\">L\u00e9o Depierre<\/div><div class=\"single-author__job\">R\u00e9dacteur<\/div><div class=\"single-author__content text-md-center text-xl-left\">Etudiant en pr\u00e9pa scientifique, cin\u00e9phile et s\u00e9rivore boulimique. En lecteur fid\u00e8le des Sherpas, j&rsquo;adore transmettre mes connaissances et me cultiver en recevant celles des autres ! \ud83d\ude09<\/div><\/div><div>\n<div style=\"height:25px\" aria-hidden=\"true\" class=\"wp-block-spacer\"><\/div><div class=\"single__bottom\"><div class=\"single-author__image\"><img decoding=\"async\" src=\"https:\/\/sherpas.com\/blog\/content\/uploads\/2022\/08\/sherpas-photo.png\" alt=\"L\u00e9o Legrand\"><\/div><div class=\"single-author__infos\"><div class=\"t-09\">L\u00e9o Legrand<\/div><div class=\"single-author__job\">R\u00e9dacteur<\/div><div class=\"single-author__content text-md-center text-xl-left\"><\/div><\/div><div>\n<div style=\"height:25px\" aria-hidden=\"true\" class=\"wp-block-spacer\"><\/div><div class=\"single__bottom\"><div class=\"single-author__image\"><img decoding=\"async\" src=\"https:\/\/sherpas.com\/blog\/content\/uploads\/2022\/08\/sherpas-photo.png\" alt=\"Lilie\"><\/div><div class=\"single-author__infos\"><div class=\"t-09\">Lilie<\/div><div class=\"single-author__job\">R\u00e9dactrice<\/div><div class=\"single-author__content text-md-center text-xl-left\">Salut, moi c&rsquo;est Lilie ! \u00c9tudiante en Pr\u00e9pa TB, je suis ravie de te partager mes conseils sur cette fili\u00e8re pas assez connue en Pr\u00e9pa Scientifique ! \ud83d\ude0a<\/div><\/div><div>\n<div style=\"height:25px\" aria-hidden=\"true\" class=\"wp-block-spacer\"><\/div><div class=\"single__bottom\"><div class=\"single-author__image\"><img decoding=\"async\" src=\"https:\/\/sherpas.com\/blog\/content\/uploads\/2021\/09\/httpssherpas.comwp-contentuploads202105181314978_469275274184615_3376085297529691348_n-150x150-2.jpg\" alt=\"Lisa Bouguerra\"><\/div><div class=\"single-author__infos\"><div class=\"t-09\">Lisa Bouguerra<\/div><div class=\"single-author__job\">R\u00e9dactrice<\/div><div class=\"single-author__content text-md-center text-xl-left\"><\/div><\/div><div>\n<div style=\"height:25px\" aria-hidden=\"true\" class=\"wp-block-spacer\"><\/div><div class=\"single__bottom\"><div class=\"single-author__image\"><img decoding=\"async\" src=\"https:\/\/sherpas.com\/blog\/content\/uploads\/2021\/11\/httpssherpas.comwp-contentuploads202109image0-3-150x150-2.png\" alt=\"Loha Allemon\"><\/div><div class=\"single-author__infos\"><div class=\"t-09\">Loha Allemon<\/div><div class=\"single-author__job\">R\u00e9dactrice<\/div><div class=\"single-author__content text-md-center text-xl-left\">Hello ! Moi c\u2019est Loha, \u00e9tudiante \u00e0 l\u2019ESSEC apr\u00e8s 2 ans de pr\u00e9pa \u00e0 Franklin (Saint Louis de Gonzague) et j\u2019ai int\u00e9gr\u00e9 la r\u00e9dac des Sherpas r\u00e9cemment ! J\u2019esp\u00e8re que mes articles te plairont et que tu y trouveras tout ce que tu cherches ! \u263a<\/div><\/div><div>\n<div style=\"height:25px\" aria-hidden=\"true\" class=\"wp-block-spacer\"><\/div><div class=\"single__bottom\"><div class=\"single-author__image\"><img decoding=\"async\" src=\"https:\/\/sherpas.com\/blog\/content\/uploads\/2022\/08\/sherpas-photo.png\" alt=\"Lou B.\"><\/div><div class=\"single-author__infos\"><div class=\"t-09\">Lou B.<\/div><div class=\"single-author__job\">R\u00e9dactrice<\/div><div class=\"single-author__content text-md-center text-xl-left\"><\/div><\/div><div>\n<div style=\"height:25px\" aria-hidden=\"true\" class=\"wp-block-spacer\"><\/div><div class=\"single__bottom\"><div class=\"single-author__image\"><img decoding=\"async\" src=\"https:\/\/sherpas.com\/blog\/content\/uploads\/2022\/08\/sherpas-photo.png\" alt=\"Lou-Anne Culetto\"><\/div><div class=\"single-author__infos\"><div class=\"t-09\">Lou-Anne Culetto<\/div><div class=\"single-author__job\">R\u00e9dactrice<\/div><div class=\"single-author__content text-md-center text-xl-left\">Salut je m\u2019appelle Lou-Anne, j\u2019ai 16 ans je suis en STMG et je suis passionn\u00e9e par la danse, les math\u00e9matiques et l\u2019\u00e9conomie. J\u2019esp\u00e8re qu\u2019en lisant mes articles tu seras motiv\u00e9 !<\/div><\/div><div>\n<div style=\"height:25px\" aria-hidden=\"true\" class=\"wp-block-spacer\"><\/div><div class=\"single__bottom\"><div class=\"single-author__image\"><img decoding=\"async\" src=\"https:\/\/sherpas.com\/blog\/content\/uploads\/2021\/12\/httpssherpas.comwp-contentuploads202007Lou-Anne-e1595925439657-150x150-1.jpg\" alt=\"Lou-Anne Pinard\"><\/div><div class=\"single-author__infos\"><div class=\"t-09\">Lou-Anne Pinard<\/div><div class=\"single-author__job\">R\u00e9dactrice<\/div><div class=\"single-author__content text-md-center text-xl-left\">Hello ! Apr\u00e8s l\u2019obtention de mon bac ES, et un an d\u2019hypokh\u00e2gne au lyc\u00e9e Chateaubriand, je d\u00e9barque maintenant \u00e0 850 km de chez moi \u00e0 l\u2019IEP de Strasbourg pour de nouvelles aventures ! Curieuse, je suis passionn\u00e9e par l\u2019art, la litt\u00e9rature et les sciences humaines. J\u2019aime \u00e9galement m\u2019engager pour des causes qui me tiennent \u00e0 c\u0153ur et partager mon exp\u00e9rience avec les autres autres. En esp\u00e9rant pouvoir t\u2019\u00eatre utile par mes conseils et mon exp\u00e9rience sur ce blog, bonne lecture !<\/div><\/div><div>\n<div style=\"height:25px\" aria-hidden=\"true\" class=\"wp-block-spacer\"><\/div><div class=\"single__bottom\"><div class=\"single-author__image\"><img decoding=\"async\" src=\"https:\/\/sherpas.com\/blog\/content\/uploads\/2021\/12\/httpssherpas.comwp-contentuploads202010lucas-superstudent-150x150-1.jpeg\" alt=\"Lucas\"><\/div><div class=\"single-author__infos\"><div class=\"t-09\">Lucas<\/div><div class=\"single-author__job\">Ex-expert en procrastination<\/div><div class=\"single-author__content text-md-center text-xl-left\">Ancien \u00e9tudiant expert en procrastination, j\u2019ai finalement appris par n\u00e9cessit\u00e9 comment bien m\u2019organiser et comment \u00eatre plus productif que les autres en pouvant pourtant travailler deux fois moins. Aujourd\u2019hui, je vous apprends comment faire ! Sinon, j&rsquo;aime aussi perdre mon temps sur Netflix.<\/div><\/div><div>\n<div style=\"height:25px\" aria-hidden=\"true\" class=\"wp-block-spacer\"><\/div><div class=\"single__bottom\"><div class=\"single-author__image\"><img decoding=\"async\" src=\"https:\/\/sherpas.com\/blog\/content\/uploads\/2021\/09\/httpssherpas.comwp-contentuploads201806t_378_570-150x150-1.jpg\" alt=\"Lucie Greiveldinger\"><\/div><div class=\"single-author__infos\"><div class=\"t-09\">Lucie Greiveldinger<\/div><div class=\"single-author__job\">R\u00e9dactrice<\/div><div class=\"single-author__content text-md-center text-xl-left\">Etudiante \u00e0 Dauphine, l&rsquo;ESCP et Centrale Paris et passionn\u00e9e d\u2019\u00e9ducation, je r\u00eave d\u2019une \u00e9cole de demain performante et juste, qui donne les moyens \u00e0 chacun de se r\u00e9aliser. Avec les Sherpas, je fais ma petite part du colibri \ud83d\udc26<\/div><\/div><div>\n<div style=\"height:25px\" aria-hidden=\"true\" class=\"wp-block-spacer\"><\/div><div class=\"single__bottom\"><div class=\"single-author__image\"><img decoding=\"async\" src=\"https:\/\/sherpas.com\/blog\/content\/uploads\/2021\/09\/httpssherpas.comwp-contentuploads201907IMG_7746-e1564412821463.jpg\" alt=\"Maely Kalis\"><\/div><div class=\"single-author__infos\"><div class=\"t-09\">Maely Kalis<\/div><div class=\"single-author__job\">R\u00e9dactrice<\/div><div class=\"single-author__content text-md-center text-xl-left\">Hello, je m\u2019appelle Ma\u00ebly, je suis en terminale S, avec un grand int\u00e9r\u00eat pour mes \u00e9tudes. J\u2019aime beaucoup voyager, d\u00e9couvrir de nouvelles personnes, et \u00e9crire : c\u2019est ce qui m\u2019a pouss\u00e9e \u00e0 partager mes astuces sur le blog des Sherpas !<\/div><\/div><div>\n<div style=\"height:25px\" aria-hidden=\"true\" class=\"wp-block-spacer\"><\/div><div class=\"single__bottom\"><div class=\"single-author__image\"><img decoding=\"async\" src=\"https:\/\/sherpas.com\/blog\/content\/uploads\/2021\/11\/httpssherpas.comwp-contentuploads202102147502553_731463361132160_2959228231246389994_n-150x150-2.jpg\" alt=\"Margault Portelette\"><\/div><div class=\"single-author__infos\"><div class=\"t-09\">Margault Portelette<\/div><div class=\"single-author__job\">R\u00e9dactrice<\/div><div class=\"single-author__content text-md-center text-xl-left\"><\/div><\/div><div>\n<div style=\"height:25px\" aria-hidden=\"true\" class=\"wp-block-spacer\"><\/div><div class=\"single__bottom\"><div class=\"single-author__image\"><img decoding=\"async\" src=\"https:\/\/sherpas.com\/blog\/content\/uploads\/2021\/09\/httpssherpas.comwp-contentuploads202111FC0457DD-F7D2-445E-A2EA-6B10EA508B3C-150x150-1.jpg\" alt=\"Margaux Lemiere\"><\/div><div class=\"single-author__infos\"><div class=\"t-09\">Margaux Lemiere<\/div><div class=\"single-author__job\">R\u00e9dactrice<\/div><div class=\"single-author__content text-md-center text-xl-left\">Hello \ud83d\udc4b Actuellement en Terminale G\u00e9n\u00e9rale SP\u00c9 Maths\/Physique-Chimie, et d\u00e9sirant poursuivre vers une CPGE scientifique, je porte un grand int\u00e9r\u00eat aux sujets d\u2019orientation. \ud83e\udd29 J\u2019esp\u00e8re ainsi que mes exp\u00e9riences et mon t\u00e9moignage te seront utiles, et te permettront d\u2019y voir plus clair !  \ud83d\ude09<\/div><\/div><div>\n<div style=\"height:25px\" aria-hidden=\"true\" class=\"wp-block-spacer\"><\/div><div class=\"single__bottom\"><div class=\"single-author__image\"><img decoding=\"async\" src=\"https:\/\/sherpas.com\/blog\/content\/uploads\/2021\/12\/httpssherpas.comwp-contentuploads202010Margaux-LS.jpg\" alt=\"Margaux LS\"><\/div><div class=\"single-author__infos\"><div class=\"t-09\">Margaux LS<\/div><div class=\"single-author__job\">R\u00e9dactrice<\/div><div class=\"single-author__content text-md-center text-xl-left\">Passionn\u00e9e par l\u2019Histoire et le Monde contemporain, je rentre en classe de Terminale. Je suis tr\u00e8s heureuse de participer \u00e0 l\u2019aventure des Sherpas ! \ud83d\ude0a<\/div><\/div><div>\n<div style=\"height:25px\" aria-hidden=\"true\" class=\"wp-block-spacer\"><\/div><div class=\"single__bottom\"><div class=\"single-author__image\"><img decoding=\"async\" src=\"https:\/\/sherpas.com\/blog\/content\/uploads\/2021\/12\/httpssherpas.comwp-contentuploads202102147090419_426013928516826_4140459945543335055_n-150x150-1.jpg\" alt=\"Marie Boidin\"><\/div><div class=\"single-author__infos\"><div class=\"t-09\">Marie Boidin<\/div><div class=\"single-author__job\">R\u00e9dactrice<\/div><div class=\"single-author__content text-md-center text-xl-left\"><\/div><\/div><div>\n<div style=\"height:25px\" aria-hidden=\"true\" class=\"wp-block-spacer\"><\/div><div class=\"single__bottom\"><div class=\"single-author__image\"><img decoding=\"async\" src=\"https:\/\/sherpas.com\/blog\/content\/uploads\/2021\/09\/httpssherpas.comwp-contentuploads201911photo-150x150-1.jpg\" alt=\"Marie T\"><\/div><div class=\"single-author__infos\"><div class=\"t-09\">Marie T<\/div><div class=\"single-author__job\">R\u00e9dactrice<\/div><div class=\"single-author__content text-md-center text-xl-left\">Salut, moi c&rsquo;est Marie ! Je suis \u00e9l\u00e8ve en Terminale S et l&rsquo;ann\u00e9e prochaine j&rsquo;aimerais rentrer en Pr\u00e9pa Maths. J&rsquo;adore \u00e9crire, et je suis ravie de partager mes conseils avec d&rsquo;autres \u00e9tudiants sur le blog des Sherpas !<\/div><\/div><div>\n<div style=\"height:25px\" aria-hidden=\"true\" class=\"wp-block-spacer\"><\/div><div class=\"single__bottom\"><div class=\"single-author__image\"><img decoding=\"async\" src=\"https:\/\/sherpas.com\/blog\/content\/uploads\/2022\/02\/IMG_1662-scaled.jpg\" alt=\"Marie Vacher\"><\/div><div class=\"single-author__infos\"><div class=\"t-09\">Marie Vacher<\/div><div class=\"single-author__job\">R\u00e9dactrice<\/div><div class=\"single-author__content text-md-center text-xl-left\">Salut \u00e0 toi, jeune \u00e9tudiant ! Actuellement au lyc\u00e9e, j\u2019envisage de poursuivre mes \u00e9tudes en classe pr\u00e9pa ECG. J\u2019ai \u00e0 c\u0153ur de te partager mes conseils et m\u00e9thodes, en esp\u00e9rant qu\u2019ils te seront utiles ! Enjoy<\/div><\/div><div>\n<div style=\"height:25px\" aria-hidden=\"true\" class=\"wp-block-spacer\"><\/div><div class=\"single__bottom\"><div class=\"single-author__image\"><img decoding=\"async\" src=\"https:\/\/sherpas.com\/blog\/content\/uploads\/2022\/08\/sherpas-photo.png\" alt=\"Marie-Oc\u00e9ane Gamerdinger\"><\/div><div class=\"single-author__infos\"><div class=\"t-09\">Marie-Oc\u00e9ane Gamerdinger<\/div><div class=\"single-author__job\"><\/div><div class=\"single-author__content text-md-center text-xl-left\">\u00c9tudiante passionn\u00e9e par les Lettres, je suis r\u00e9dactrice b\u00e9n\u00e9vole chez les Sherpas. Mes articles abordent la philosophie et la litt\u00e9rature afin de t&rsquo;aider \u00e0 d\u00e9velopper ta culture g\u00e9n\u00e9rale ! \ud83d\udcda<\/div><\/div><div>\n<div style=\"height:25px\" aria-hidden=\"true\" class=\"wp-block-spacer\"><\/div><div class=\"single__bottom\"><div class=\"single-author__image\"><img decoding=\"async\" src=\"https:\/\/sherpas.com\/blog\/content\/uploads\/2022\/08\/sherpas-photo.png\" alt=\"Maxine Lehaire\"><\/div><div class=\"single-author__infos\"><div class=\"t-09\">Maxine Lehaire<\/div><div class=\"single-author__job\"><\/div><div class=\"single-author__content text-md-center text-xl-left\"><\/div><\/div><div>\n<div style=\"height:25px\" aria-hidden=\"true\" class=\"wp-block-spacer\"><\/div><div class=\"single__bottom\"><div class=\"single-author__image\"><img decoding=\"async\" src=\"https:\/\/sherpas.com\/blog\/content\/uploads\/2021\/12\/httpssherpas.comwp-contentuploads202102147564438_3673572939387588_5074136908437372711_n-1-150x150-1.jpg\" alt=\"Maxime Diguet\"><\/div><div class=\"single-author__infos\"><div class=\"t-09\">Maxime Diguet<\/div><div class=\"single-author__job\">R\u00e9dacteur<\/div><div class=\"single-author__content text-md-center text-xl-left\"><\/div><\/div><div>\n<div style=\"height:25px\" aria-hidden=\"true\" class=\"wp-block-spacer\"><\/div><div class=\"single__bottom\"><div class=\"single-author__image\"><img decoding=\"async\" src=\"https:\/\/sherpas.com\/blog\/content\/uploads\/2021\/12\/httpssherpas.comwp-contentuploads201903Capture-decran-2019-03-25-a-18.39.08-150x150-1.png\" alt=\"maximeluque\"><\/div><div class=\"single-author__infos\"><div class=\"t-09\">maximeluque<\/div><div class=\"single-author__job\">R\u00e9dacteur<\/div><div class=\"single-author__content text-md-center text-xl-left\">Salut ! Je suis Maxime, apr\u00e8s une Pr\u00e9pa ECT \u00e0 Lyon, j&rsquo;ai int\u00e9gr\u00e9 ESCP-Europe. Depuis je partage mon savoir avec les \u00e9l\u00e8ves des fili\u00e8res Technos.\nJe suis aussi passionn\u00e9 par les Start-ups, c&rsquo;est pour cela que je participe \u00e0 l&rsquo;aventure des Sherpas ! \ud83d\ude80<\/div><\/div><div>\n<div style=\"height:25px\" aria-hidden=\"true\" class=\"wp-block-spacer\"><\/div><div class=\"single__bottom\"><div class=\"single-author__image\"><img decoding=\"async\" src=\"https:\/\/sherpas.com\/blog\/content\/uploads\/2022\/08\/sherpas-photo.png\" alt=\"Nasser\"><\/div><div class=\"single-author__infos\"><div class=\"t-09\">Nasser<\/div><div class=\"single-author__job\"><\/div><div class=\"single-author__content text-md-center text-xl-left\">Salut, moi c\u2019est Nasser ! Je suis \u00e9tudiant en 6\u00e8me ann\u00e9e de m\u00e9decine, blogueur, coach et m\u00eame papa ! Je suis passionn\u00e9 par l\u2019apprentissage, la lecture ou encore le d\u00e9passement de soi \ud83d\udcaa<\/div><\/div><div>\n<div style=\"height:25px\" aria-hidden=\"true\" class=\"wp-block-spacer\"><\/div><div class=\"single__bottom\"><div class=\"single-author__image\"><img decoding=\"async\" src=\"https:\/\/sherpas.com\/blog\/content\/uploads\/2021\/09\/httpssherpas.comwp-contentuploads20200389809691_302830914022485_8265566223580790784_n-e1584724005172-1.jpg\" alt=\"No\u00e9mie \"><\/div><div class=\"single-author__infos\"><div class=\"t-09\">No\u00e9mie <\/div><div class=\"single-author__job\"><\/div><div class=\"single-author__content text-md-center text-xl-left\">Hello ! Moi c&rsquo;est No\u00e9mie. Je suis \u00e9tudiante en kin\u00e9sith\u00e9rapie et s\u00e9riphile \u00e0 mes heures perdues. En grande sportive, je fais de la natation et du fitness. Et je suis ravie de partager avec toi mes connaissances sur le blog des Sherpas!<\/div><\/div><div>\n<div style=\"height:25px\" aria-hidden=\"true\" class=\"wp-block-spacer\"><\/div><div class=\"single__bottom\"><div class=\"single-author__image\"><img decoding=\"async\" src=\"https:\/\/sherpas.com\/blog\/content\/uploads\/2022\/08\/sherpas-photo.png\" alt=\"Ous\u00e9mi Horsfall\"><\/div><div class=\"single-author__infos\"><div class=\"t-09\">Ous\u00e9mi Horsfall<\/div><div class=\"single-author__job\"><\/div><div class=\"single-author__content text-md-center text-xl-left\"><\/div><\/div><div>\n<div style=\"height:25px\" aria-hidden=\"true\" class=\"wp-block-spacer\"><\/div><div class=\"single__bottom\"><div class=\"single-author__image\"><img decoding=\"async\" src=\"https:\/\/sherpas.com\/blog\/content\/uploads\/2022\/08\/sherpas-photo.png\" alt=\"Paola Cartolano\"><\/div><div class=\"single-author__infos\"><div class=\"t-09\">Paola Cartolano<\/div><div class=\"single-author__job\">R\u00e9dactrice stagiaire<\/div><div class=\"single-author__content text-md-center text-xl-left\">Hello, moi c&rsquo;est Paola ! J&rsquo;entre en troisi\u00e8me ann\u00e9e de licence d&rsquo;\u00e9conomie appliqu\u00e9e \u00e0 Dauphine et je fais en parall\u00e8le le certificat m\u00e9dia et journalisme. Je vais te partager mes conseil sur ce blog pendant mes deux mois de stage, j&rsquo;esp\u00e8re qu&rsquo;ils te seront utiles !<\/div><\/div><div>\n<div style=\"height:25px\" aria-hidden=\"true\" class=\"wp-block-spacer\"><\/div><div class=\"single__bottom\"><div class=\"single-author__image\"><img decoding=\"async\" src=\"https:\/\/sherpas.com\/blog\/content\/uploads\/2022\/08\/sherpas-photo.png\" alt=\"Pauline Aribaud\"><\/div><div class=\"single-author__infos\"><div class=\"t-09\">Pauline Aribaud<\/div><div class=\"single-author__job\">R\u00e9dactrice<\/div><div class=\"single-author__content text-md-center text-xl-left\"><\/div><\/div><div>\n<div style=\"height:25px\" aria-hidden=\"true\" class=\"wp-block-spacer\"><\/div><div class=\"single__bottom\"><div class=\"single-author__image\"><img decoding=\"async\" src=\"https:\/\/sherpas.com\/blog\/content\/uploads\/2021\/09\/httpssherpas.comwp-contentuploads202007Pierre-Capel-150x150-2.jpg\" alt=\"Pierre capel\"><\/div><div class=\"single-author__infos\"><div class=\"t-09\">Pierre capel<\/div><div class=\"single-author__job\"><\/div><div class=\"single-author__content text-md-center text-xl-left\">\u00c9tudiant \u00e0 l\u2019ESME SUDRIA, \u00e9cole d\u2019ing\u00e9nieurs post-bac, apr\u00e8s un bac S. Curieux et volontaire, j\u2019adore partager mes connaissances et mes exp\u00e9riences afin de permettre aux gens de faire le bon choix ! C\u2019est pourquoi je partage cet article sur le blog !<\/div><\/div><div>\n<div style=\"height:25px\" aria-hidden=\"true\" class=\"wp-block-spacer\"><\/div><div class=\"single__bottom\"><div class=\"single-author__image\"><img decoding=\"async\" src=\"https:\/\/sherpas.com\/blog\/content\/uploads\/2021\/09\/httpssherpas.comwp-contentuploads201907Optimized-photo_raph-1-e1562325583640-150x150-1.jpg\" alt=\"Raphael boige\"><\/div><div class=\"single-author__infos\"><div class=\"t-09\">Raphael boige<\/div><div class=\"single-author__job\"><\/div><div class=\"single-author__content text-md-center text-xl-left\">Salut, moi c\u2019est Rapha\u00ebl, j\u2019ai fait mes 2 ans de pr\u00e9pa au Lyc\u00e9e Jean Baptiste-Say \u00e0 Paris. Je suis un grand passionn\u00e9 d\u2019intelligence artificielle ce qui m\u2019a motiv\u00e9 dans le choix d\u2019int\u00e9grer T\u00e9l\u00e9com Paris en 3\/2 (devant Centrale-Sup\u00e9lec ou l\u2019ENS \ud83d\ude09). J\u2019ai rejoint la famille Sherpas en 2018 et j\u2019ai le grand honneur d\u2019\u00eatre co-auteur du livre Int\u00e9grer l\u2019X ou l\u2019\u00e9cole d\u2019ing\u00e9nieurs de tes r\u00eaves avec Les Sherpas. J\u2019adore partager mes astuces et mon exp\u00e9rience de la pr\u00e9pa, en esp\u00e9rant que \u00e7a puisse t&rsquo;aider \u00e0 r\u00e9ussir dans tes \u00e9tudes ! Peace \ud83d\udd96<\/div><\/div><div>\n<div style=\"height:25px\" aria-hidden=\"true\" class=\"wp-block-spacer\"><\/div><div class=\"single__bottom\"><div class=\"single-author__image\"><img decoding=\"async\" src=\"https:\/\/sherpas.com\/blog\/content\/uploads\/2021\/09\/httpssherpas.comwp-contentuploads202011rsz_photo_profil_robintyonnel-150x150-1.jpg\" alt=\"Robin Tyonnel\"><\/div><div class=\"single-author__infos\"><div class=\"t-09\">Robin Tyonnel<\/div><div class=\"single-author__job\"><\/div><div class=\"single-author__content text-md-center text-xl-left\">\u00c9tudiant en \u00e9cole d&rsquo;ing\u00e9nieur, j&rsquo;ai r\u00e9ussi ma premi\u00e8re ann\u00e9e en travaillant deux fois moins que mes camarades. En voyant que j&rsquo;\u00e9tais plus productif que la plupart d&rsquo;entre eux, j&rsquo;ai d\u00e9cid\u00e9 de faire part de mes m\u00e9thodes et de mes conseils pour que d&rsquo;autres \u00e9tudiants puissent faire de m\u00eame.<\/div><\/div><div>\n<div style=\"height:25px\" aria-hidden=\"true\" class=\"wp-block-spacer\"><\/div><div class=\"single__bottom\"><div class=\"single-author__image\"><img decoding=\"async\" src=\"https:\/\/sherpas.com\/blog\/content\/uploads\/2022\/08\/sherpas-photo.png\" alt=\"Romane et pierre\"><\/div><div class=\"single-author__infos\"><div class=\"t-09\">Romane et pierre<\/div><div class=\"single-author__job\"><\/div><div class=\"single-author__content text-md-center text-xl-left\">Hello ! Nous c&rsquo;est Pierre et Romane, \u00e9tudiants \u00e0 l&rsquo;ESCP. On est ravi de partager notre exp\u00e9rience du 4L Trophy avec toi sur le blog des Sherpas \ud83c\udf8a<\/div><\/div><div>\n<div style=\"height:25px\" aria-hidden=\"true\" class=\"wp-block-spacer\"><\/div><div class=\"single__bottom\"><div class=\"single-author__image\"><img decoding=\"async\" src=\"https:\/\/sherpas.com\/blog\/content\/uploads\/2021\/12\/httpssherpas.comwp-contentuploads202004Sabine-Lataillade-e1587559579670.jpg\" alt=\"Sabine Lataillade\"><\/div><div class=\"single-author__infos\"><div class=\"t-09\">Sabine Lataillade<\/div><div class=\"single-author__job\"><\/div><div class=\"single-author__content text-md-center text-xl-left\">Salut ! Je suis Sabine et j&rsquo;ai 21 ans. Apr\u00e8s un parcours scolaire assez atypique (2 ann\u00e9es de c\u00e9sure, \u00e7a reste rare !), je suis ravie d&rsquo;\u00e9crire sur les Sherpas pour partager mes  exp\u00e9riences !<\/div><\/div><div>\n<div style=\"height:25px\" aria-hidden=\"true\" class=\"wp-block-spacer\"><\/div><div class=\"single__bottom\"><div class=\"single-author__image\"><img decoding=\"async\" src=\"https:\/\/sherpas.com\/blog\/content\/uploads\/2021\/09\/httpssherpas.comwp-contentuploads202109photo_de_profil-150x150-2.jpg\" alt=\"Salom\u00e9 DS\"><\/div><div class=\"single-author__infos\"><div class=\"t-09\">Salom\u00e9 DS<\/div><div class=\"single-author__job\">R\u00e9dactrice<\/div><div class=\"single-author__content text-md-center text-xl-left\">Hey moi c&rsquo;est Salom\u00e9, je suis en premi\u00e8re g\u00e9n\u00e9rale. Je commence tout juste \u00e0 \u00e9crire des articles chez les Sherpas alors j&rsquo;esp\u00e8re qu&rsquo;ils te plairont ! \ud83d\ude01<\/div><\/div><div>\n<div style=\"height:25px\" aria-hidden=\"true\" class=\"wp-block-spacer\"><\/div><div class=\"single__bottom\"><div class=\"single-author__image\"><img decoding=\"async\" src=\"https:\/\/sherpas.com\/blog\/content\/uploads\/2022\/08\/sherpas-photo.png\" alt=\"Sarah A\"><\/div><div class=\"single-author__infos\"><div class=\"t-09\">Sarah A<\/div><div class=\"single-author__job\">R\u00e9dactrice freelance<\/div><div class=\"single-author__content text-md-center text-xl-left\"><\/div><\/div><div>\n<div style=\"height:25px\" aria-hidden=\"true\" class=\"wp-block-spacer\"><\/div><div class=\"single__bottom\"><div class=\"single-author__image\"><img decoding=\"async\" src=\"https:\/\/sherpas.com\/blog\/content\/uploads\/2021\/09\/httpssherpas.comwp-contentuploads201909Sarah-S.-EDHEC-150x150-1.jpg\" alt=\"Sarah S\"><\/div><div class=\"single-author__infos\"><div class=\"t-09\">Sarah S<\/div><div class=\"single-author__job\"><\/div><div class=\"single-author__content text-md-center text-xl-left\">Bonjour je m&rsquo;appelle Sarah, \u00e9tudiante \u00e0 l&rsquo;EDHEC en BBA apr\u00e8s un Bac ES ! J&rsquo;adore voyager, apprendre et pratiquer les langues \u00e9trang\u00e8res. J&rsquo;ai lu beaucoup d&rsquo;articles du Blog des Sherpas et j&rsquo;y ai \u00e0 pr\u00e9sent contribu\u00e9 en \u00e9crivant mon tout premier article !<\/div><\/div><div>\n<div style=\"height:25px\" aria-hidden=\"true\" class=\"wp-block-spacer\"><\/div><div class=\"single__bottom\"><div class=\"single-author__image\"><img decoding=\"async\" src=\"https:\/\/sherpas.com\/blog\/content\/uploads\/2022\/08\/sherpas-photo.png\" alt=\"Sarah Vasseur\"><\/div><div class=\"single-author__infos\"><div class=\"t-09\">Sarah Vasseur<\/div><div class=\"single-author__job\"><\/div><div class=\"single-author__content text-md-center text-xl-left\"><\/div><\/div><div>\n<div style=\"height:25px\" aria-hidden=\"true\" class=\"wp-block-spacer\"><\/div><div class=\"single__bottom\"><div class=\"single-author__image\"><img decoding=\"async\" src=\"https:\/\/sherpas.com\/blog\/content\/uploads\/2021\/09\/httpssherpas.comwp-contentuploads202007photo-profilvrai-e1596120974319-150x150-2.jpg\" alt=\"Sean Lesaigle\"><\/div><div class=\"single-author__infos\"><div class=\"t-09\">Sean Lesaigle<\/div><div class=\"single-author__job\"><\/div><div class=\"single-author__content text-md-center text-xl-left\">Apr\u00e8s un bac scientifique obtenu au Canada puis une licence d&rsquo;histoire, je suis actuellement \u00e9tudiant en Master 2 de relations internationales \u00e0 la Sorbonne. Aussi joueur d&rsquo;\u00e9chec assidu, je suis engag\u00e9 en dehors de la fac notamment dans le milieu \u00e9chiqu\u00e9en. Je souhaite partager avec vous mon exp\u00e9rience atypique et vous donner les meilleurs conseils pour r\u00e9ussir \u00e0 la fac.<\/div><\/div><div>\n<div style=\"height:25px\" aria-hidden=\"true\" class=\"wp-block-spacer\"><\/div><div class=\"single__bottom\"><div class=\"single-author__image\"><img decoding=\"async\" src=\"https:\/\/sherpas.com\/blog\/content\/uploads\/2021\/09\/httpssherpas.comwp-contentuploads202109IMG_20210918_074501-150x150-2.jpg\" alt=\"Siham Aoussat\"><\/div><div class=\"single-author__infos\"><div class=\"t-09\">Siham Aoussat<\/div><div class=\"single-author__job\">R\u00e9dactrice<\/div><div class=\"single-author__content text-md-center text-xl-left\">Hello, moi c&rsquo;est Siham, je suis en seconde et j&rsquo;ai int\u00e9gr\u00e9 la redac des Sherpas r\u00e9cemment. J&rsquo;esp\u00e8re pouvoir t&rsquo;aider gr\u00e2ce \u00e0 mes articles ! \ud83d\udc4b<\/div><\/div><div>\n<div style=\"height:25px\" aria-hidden=\"true\" class=\"wp-block-spacer\"><\/div><div class=\"single__bottom\"><div class=\"single-author__image\"><img decoding=\"async\" src=\"https:\/\/sherpas.com\/blog\/content\/uploads\/2021\/12\/httpssherpas.comwp-contentuploads202011sophie-150x150-1.jpg\" alt=\"Sofia Boumlik\"><\/div><div class=\"single-author__infos\"><div class=\"t-09\">Sofia Boumlik<\/div><div class=\"single-author__job\"><\/div><div class=\"single-author__content text-md-center text-xl-left\">Ing\u00e9nieure chimiste et sp\u00e9cialis\u00e9e en Marketing et Communication, je suis ravie d&rsquo;enrichir le blog de par mon exp\u00e9rience et donner des astuces qui t&rsquo;aideront dans ton parcours \ud83d\ude42<\/div><\/div><div>\n<div style=\"height:25px\" aria-hidden=\"true\" class=\"wp-block-spacer\"><\/div><div class=\"single__bottom\"><div class=\"single-author__image\"><img decoding=\"async\" src=\"https:\/\/sherpas.com\/blog\/content\/uploads\/2021\/09\/httpssherpas.comwp-contentuploads201905Capture-decran-2019-05-27-a-11.55.49-e1558954357631.png\" alt=\"Sol\u00e8ne Morin\"><\/div><div class=\"single-author__infos\"><div class=\"t-09\">Sol\u00e8ne Morin<\/div><div class=\"single-author__job\"><\/div><div class=\"single-author__content text-md-center text-xl-left\">Hello ! Moi c\u2019est Sol\u00e8ne, en premi\u00e8re ann\u00e9e de pr\u00e9pa BCPST au lyc\u00e9e Hoche \u00e0 Versailles \ud83d\ude09 Adepte des articles des Sherpas, je suis ravie de pouvoir partager mon exp\u00e9rience et mes astuces avec toi !<\/div><\/div><div>\n<div style=\"height:25px\" aria-hidden=\"true\" class=\"wp-block-spacer\"><\/div><div class=\"single__bottom\"><div class=\"single-author__image\"><img decoding=\"async\" src=\"https:\/\/sherpas.com\/blog\/content\/uploads\/2022\/08\/sherpas-photo.png\" alt=\"Stella \"><\/div><div class=\"single-author__infos\"><div class=\"t-09\">Stella <\/div><div class=\"single-author__job\">R\u00e9dactrice<\/div><div class=\"single-author__content text-md-center text-xl-left\">Lyc\u00e9enne, passionn\u00e9e par de nombreux domaines comme l\u2019histoire, la litt\u00e9rature, ainsi que la philosophie, j&rsquo;aimerais partager mon enthousiasme ainsi que mes conseils sur ces mati\u00e8res avec vous par le biais de mes articles.<\/div><\/div><div>\n<div style=\"height:25px\" aria-hidden=\"true\" class=\"wp-block-spacer\"><\/div><div class=\"single__bottom\"><div class=\"single-author__image\"><img decoding=\"async\" src=\"https:\/\/sherpas.com\/blog\/content\/uploads\/2021\/12\/httpssherpas.comwp-contentuploads202007Stella-Billo-e1596128472650-150x150-1.jpg\" alt=\"Stella Billo\"><\/div><div class=\"single-author__infos\"><div class=\"t-09\">Stella Billo<\/div><div class=\"single-author__job\">R\u00e9dactrice freelance<\/div><div class=\"single-author__content text-md-center text-xl-left\">Etudiante en hypokh\u00e2gne, je suis fan d\u2019Harry Potter et d\u2019Histoire. On me trouve tr\u00e8s souvent un livre \u00e0 la main et je suis tr\u00e8s heureuse de contribuer au blog des Sherpas !<\/div><\/div><div>\n<div style=\"height:25px\" aria-hidden=\"true\" class=\"wp-block-spacer\"><\/div><div class=\"single__bottom\"><div class=\"single-author__image\"><img decoding=\"async\" src=\"https:\/\/sherpas.com\/blog\/content\/uploads\/2021\/12\/httpssherpas.comwp-contentuploads202002Stella-10-150x150-1.jpg\" alt=\"Stella C\"><\/div><div class=\"single-author__infos\"><div class=\"t-09\">Stella C<\/div><div class=\"single-author__job\"><\/div><div class=\"single-author__content text-md-center text-xl-left\">Hello, moi c\u2019est Stella ! Je suis \u00e9tudiante en derni\u00e8re ann\u00e9e de Master d\u2019Actuariat \u00e0 l\u2019ISFA et donc sp\u00e9cialis\u00e9e dans l\u2019application des probabilit\u00e9s, des statistiques et de la gestion des risques. Je suis passionn\u00e9e par la danse et les math\u00e9matiques. Ah oui, sinon j&rsquo;enseigne sur les Sherpas, si cet article t&rsquo;a plu, tu peux prendre cours avec moi ! \ud83d\ude09<\/div><\/div><div>\n<div style=\"height:25px\" aria-hidden=\"true\" class=\"wp-block-spacer\"><\/div><div class=\"single__bottom\"><div class=\"single-author__image\"><img decoding=\"async\" src=\"https:\/\/sherpas.com\/blog\/content\/uploads\/2022\/08\/sherpas-photo.png\" alt=\"Tara Quartero\"><\/div><div class=\"single-author__infos\"><div class=\"t-09\">Tara Quartero<\/div><div class=\"single-author__job\">R\u00e9dactrice<\/div><div class=\"single-author__content text-md-center text-xl-left\"><\/div><\/div><div>\n<div style=\"height:25px\" aria-hidden=\"true\" class=\"wp-block-spacer\"><\/div><div class=\"single__bottom\"><div class=\"single-author__image\"><img decoding=\"async\" src=\"https:\/\/sherpas.com\/blog\/content\/uploads\/2021\/09\/httpssherpas.comwp-contentuploads202108IMG_0093-150x150-1.jpg\" alt=\"Tessa Loiseau\"><\/div><div class=\"single-author__infos\"><div class=\"t-09\">Tessa Loiseau<\/div><div class=\"single-author__job\"><\/div><div class=\"single-author__content text-md-center text-xl-left\">Coucou, moi c&rsquo;est Tessa! Apr\u00e8s 2 ans de classe pr\u00e9paratoire, j&rsquo;ai int\u00e9gr\u00e9 l&rsquo;Emlyon. C&rsquo;est avec plaisir que je partage mon exp\u00e9rience, mes conseils et astuces sur les Sherpas!<\/div><\/div><div>\n<div style=\"height:25px\" aria-hidden=\"true\" class=\"wp-block-spacer\"><\/div><div class=\"single__bottom\"><div class=\"single-author__image\"><img decoding=\"async\" src=\"https:\/\/sherpas.com\/blog\/content\/uploads\/2021\/09\/httpssherpas.comwp-contentuploads201911Screenshot-2019-11-08-at-14.43.27-150x150-8.png\" alt=\"thats_me_studying\"><\/div><div class=\"single-author__infos\"><div class=\"t-09\">thats_me_studying<\/div><div class=\"single-author__job\">R\u00e9dacteur freelance<\/div><div class=\"single-author__content text-md-center text-xl-left\">Hey ! Je suis \u00e9tudiante en pr\u00e9pa et je tiens un compte studygram (@thats_me_studying), et je suis ravie de partager mes conseils sur le blog des Sherpas !<\/div><\/div><div>\n<div style=\"height:25px\" aria-hidden=\"true\" class=\"wp-block-spacer\"><\/div><div class=\"single__bottom\"><div class=\"single-author__image\"><img decoding=\"async\" src=\"https:\/\/sherpas.com\/blog\/content\/uploads\/2022\/08\/sherpas-photo.png\" alt=\"Tristan \"><\/div><div class=\"single-author__infos\"><div class=\"t-09\">Tristan <\/div><div class=\"single-author__job\"><\/div><div class=\"single-author__content text-md-center text-xl-left\">Salut ! Moi c&rsquo;est Tristan, \u00e9tudiant en pr\u00e9pa HEC, toujours partant pour partager mes connaissances et mes astuces sur le blog des Sherpas ! \ud83d\ude0a<\/div><\/div><div>\n<div style=\"height:25px\" aria-hidden=\"true\" class=\"wp-block-spacer\"><\/div><div class=\"single__bottom\"><div class=\"single-author__image\"><img decoding=\"async\" src=\"https:\/\/sherpas.com\/blog\/content\/uploads\/2021\/09\/httpssherpas.comwp-contentuploads201905valentin-e1557916540196.png\" alt=\"Valentin\"><\/div><div class=\"single-author__infos\"><div class=\"t-09\">Valentin<\/div><div class=\"single-author__job\"><\/div><div class=\"single-author__content text-md-center text-xl-left\">Ancien \u00e9tudiant, j&rsquo;ai arr\u00eat\u00e9 mes \u00e9tudes pour me lancer dans de folles aventures entrepreneuriales. C&rsquo;est cool, mais cela exige d&rsquo;apprendre vite et bien. J&rsquo;ai donc d\u00e9cid\u00e9 de transmettre mes m\u00e9thodes d&rsquo;apprentissage sur Marginal Sup. Retrouve moi pour des Collab&rsquo; sur Les Sherpas !<\/div><\/div><div>\n<div style=\"height:25px\" aria-hidden=\"true\" class=\"wp-block-spacer\"><\/div><div class=\"single__bottom\"><div class=\"single-author__image\"><img decoding=\"async\" src=\"https:\/\/sherpas.com\/blog\/content\/uploads\/2022\/08\/sherpas-photo.png\" alt=\"Valentin Ferrrito\"><\/div><div class=\"single-author__infos\"><div class=\"t-09\">Valentin Ferrrito<\/div><div class=\"single-author__job\"><\/div><div class=\"single-author__content text-md-center text-xl-left\"><\/div><\/div><div>\n<div style=\"height:25px\" aria-hidden=\"true\" class=\"wp-block-spacer\"><\/div><div class=\"single__bottom\"><div class=\"single-author__image\"><img decoding=\"async\" src=\"https:\/\/sherpas.com\/blog\/content\/uploads\/2021\/09\/httpssherpas.comwp-contentuploads202007Vanessa-N-150x150-2.jpg\" alt=\"Vanessa Noblet\"><\/div><div class=\"single-author__infos\"><div class=\"t-09\">Vanessa Noblet<\/div><div class=\"single-author__job\"><\/div><div class=\"single-author__content text-md-center text-xl-left\">Hello moi c\u2019est Vanessa ! Tout juste dipl\u00f4m\u00e9e d\u2019un baccalaur\u00e9at ES je rentre prochainement en classe pr\u00e9paratoire. Je suis \u00e9quipi\u00e8re McDonald\u2019s depuis 1 an et pratique de nombreuses activit\u00e9s sportives en parall\u00e8le de mes \u00e9tudes. C\u2019est un vrai plaisir de pouvoir partager mes conseils avec toi sur le blog des Sherpas !<\/div><\/div><div>\n<div style=\"height:25px\" aria-hidden=\"true\" class=\"wp-block-spacer\"><\/div><div class=\"single__bottom\"><div class=\"single-author__image\"><img decoding=\"async\" src=\"https:\/\/sherpas.com\/blog\/content\/uploads\/2021\/09\/httpssherpas.comwp-contentuploads202007Virginie-Jouy-150x150-2.jpg\" alt=\"Virginie J\"><\/div><div class=\"single-author__infos\"><div class=\"t-09\">Virginie J<\/div><div class=\"single-author__job\"><\/div><div class=\"single-author__content text-md-center text-xl-left\">Hello ! Moi c\u2019est Virginie, je suis \u00e9tudiante en Licence de Sciences Pour l\u2019Ing\u00e9nieur. Passionn\u00e9e de sport, de d\u00e9veloppement personnel et d\u2019\u00e9criture, je suis ravie de m\u2019appuyer sur mon parcours atypique afin de te partager quelques conseils.<\/div><\/div><div>\n<div style=\"height:25px\" aria-hidden=\"true\" class=\"wp-block-spacer\"><\/div><div class=\"single__bottom\"><div class=\"single-author__image\"><img decoding=\"async\" src=\"https:\/\/sherpas.com\/blog\/content\/uploads\/2021\/12\/httpssherpas.comwp-contentuploads202004werner-contributeur-les-sherpas.jpg\" alt=\"Werner Hemery\"><\/div><div class=\"single-author__infos\"><div class=\"t-09\">Werner Hemery<\/div><div class=\"single-author__job\"><\/div><div class=\"single-author__content text-md-center text-xl-left\">Hello moi c\u2019est Werner, ancien pr\u00e9pa HEC ECE et \u00e9tudiant en 1A \u00e0 l\u2019Emlyon, j\u2019ai une grosse passion pour l\u2019athl\u00e9tisme. Toujours content de partager mes conseils en ESH\u00a0avec toi sur le blog des Sherpas !<\/div><\/div><div>\n<div style=\"height:25px\" aria-hidden=\"true\" class=\"wp-block-spacer\"><\/div><div class=\"single__bottom\"><div class=\"single-author__image\"><img decoding=\"async\" src=\"https:\/\/sherpas.com\/blog\/content\/uploads\/2021\/09\/httpssherpas.comwp-contentuploads202005Yohan-Puybareau-150x150-2.jpg\" alt=\"Yohan Puybarreau\"><\/div><div class=\"single-author__infos\"><div class=\"t-09\">Yohan Puybarreau<\/div><div class=\"single-author__job\"><\/div><div class=\"single-author__content text-md-center text-xl-left\">Amateur de math\u00e9matiques et \u00e9tudiant en psychologie, j&rsquo;aime aussi la musique, les jeux TV et faire de longues marches dynamiques. Ma philosophie peut se r\u00e9sumer dans cette simple maxime : \u00ab\u00a0Ce qui ne tue pas rend plus fort\u00a0\u00bb : je n&rsquo;abandonne jamais facilement face \u00e0 un obstacle, quel qu&rsquo;il soit ! Bienvenue sur Les Sherpas !<\/div><\/div><div>\n<div style=\"height:25px\" aria-hidden=\"true\" class=\"wp-block-spacer\"><\/div><div class=\"single__bottom\"><div class=\"single-author__image\"><img decoding=\"async\" src=\"https:\/\/sherpas.com\/blog\/content\/uploads\/2021\/12\/httpssherpas.comwp-contentuploads202007Zoe-Bourgeat-150x150-1.jpeg\" alt=\"Zo\u00e9 Bourgeat \"><\/div><div class=\"single-author__infos\"><div class=\"t-09\">Zo\u00e9 Bourgeat <\/div><div class=\"single-author__job\"><\/div><div class=\"single-author__content text-md-center text-xl-left\">Apr\u00e8s un bac scientifique en r\u00e9gion parisienne, je suis rentr\u00e9e \u00e0 sciences Po Paris en 2018 sur le campus de Reims, au sein du programme Europe-Afrique. J\u2019aime m\u2019engager dans des projets qui me tiennent \u00e0 c\u0153ur, que cela soit \u00e0 c\u00f4t\u00e9 des cours comme aux scouts et guides de France, que sur mon campus au sein du bureau des \u00e9l\u00e8ves.<\/div><\/div><div>\n\n<div style=\"height:25px\" aria-hidden=\"true\" class=\"wp-block-spacer\"><\/div><div class=\"single__bottom\"><div class=\"single-author__image\"><img decoding=\"async\" src=\"https:\/\/sherpas.com\/blog\/content\/uploads\/2022\/08\/sherpas-photo.png\" alt=\"Th\u00e9oline Cotentin\"><\/div><div class=\"single-author__infos\"><div class=\"t-09\">Th\u00e9oline Cotentin<\/div><div class=\"single-author__job\">R\u00e9dactrice<\/div><div class=\"single-author__content text-md-center text-xl-left\">Salut ! Moi c&rsquo;est Th\u00e9oline, r\u00e9dactrice web en stage chez les Sherpas. J&rsquo;esp\u00e8re que mes articles pourront t&rsquo;aider ! Bonne lecture !<\/div><\/div><div>\n<div style=\"height:25px\" aria-hidden=\"true\" class=\"wp-block-spacer\"><\/div><div class=\"single__bottom\"><div class=\"single-author__image\"><img decoding=\"async\" src=\"https:\/\/sherpas.com\/content\/uploads\/2022\/02\/1610618406026.jpg\" alt=\"Thomas Gilbert\"><\/div><div class=\"single-author__infos\"><div class=\"t-09\">Thomas Gilbert<\/div><div class=\"single-author__job\"><\/div><div class=\"single-author__content text-md-center text-xl-left\">Salut ! Moi c&rsquo;est Thomas. Dans le cadre de mon Master M\u00e9tier de la R\u00e9daction et de la Traduction j&rsquo;ai choisi de rejoindre la r\u00e9daction chez Les Sherpas ! J&rsquo;esp\u00e8re que mes articles te plairont \u270c\ufe0f<\/div><\/div><div>\n<div style=\"height:25px\" aria-hidden=\"true\" class=\"wp-block-spacer\"><\/div><div class=\"single__bottom\"><div class=\"single-author__image\"><img decoding=\"async\" src=\"https:\/\/sherpas.com\/content\/uploads\/2022\/07\/Photo-1.jpg\" alt=\"Sol\u00e8ne Clausse\"><\/div><div class=\"single-author__infos\"><div class=\"t-09\">Sol\u00e8ne Clausse<\/div><div class=\"single-author__job\"><\/div><div class=\"single-author__content text-md-center text-xl-left\">Coucou, moi c\u2019est Sol\u00e8ne ! Je suis stagiaire \u00e0 la r\u00e9daction des Sherpas. Bac ES, pr\u00e9pa A\/L, double-licence Histoire\/Info-Com\u2026 mon parcours est vaste et mes centres d\u2019int\u00e9r\u00eats aussi. De quoi me joindre aux Sherpas pour t\u2019aider \u00e0 devenir la meilleure version de toi-m\u00eame !<\/div><\/div><div>\n<div style=\"height:25px\" aria-hidden=\"true\" class=\"wp-block-spacer\"><\/div><div class=\"single__bottom\"><div class=\"single-author__image\"><img decoding=\"async\" src=\"https:\/\/sherpas.com\/content\/uploads\/2021\/09\/httpssherpas.comwp-contentuploads202106PhotoMoi-150x150-2.png\" alt=\"Sofiane Mazi\u00e8res\"><\/div><div class=\"single-author__infos\"><div class=\"t-09\">Sofiane Mazi\u00e8res<\/div><div class=\"single-author__job\"><\/div><div class=\"single-author__content text-md-center text-xl-left\">En 3\u1d49 ann\u00e9e du Double Cursus INSA-Sciences Po Rennes, passionn\u00e9 par la musique, je suis r\u00e9dacteur stagiaire chez les Sherpas. J\u2019esp\u00e8re que mes conseils t\u2019aideront \u00e0 r\u00e9ussir !<\/div><\/div><div>\n<div style=\"height:25px\" aria-hidden=\"true\" class=\"wp-block-spacer\"><\/div><div class=\"single__bottom\"><div class=\"single-author__image\"><img decoding=\"async\" src=\"https:\/\/sherpas.com\/content\/uploads\/2023\/07\/e993c6d0f3d4cc92759127d2a449b257.jpg\" alt=\"Robin Laroche\"><\/div><div class=\"single-author__infos\"><div class=\"t-09\">Robin Laroche<\/div><div class=\"single-author__job\">R\u00e9dacteur<\/div><div class=\"single-author__content text-md-center text-xl-left\">Chasseur d&rsquo;exp\u00e9riences inv\u00e9t\u00e9r\u00e9 qui se forme \u00e0 l&rsquo;\u00e9criture.<\/div><\/div><div>\n<div style=\"height:25px\" aria-hidden=\"true\" class=\"wp-block-spacer\"><\/div><div class=\"single__bottom\"><div class=\"single-author__image\"><img decoding=\"async\" src=\"https:\/\/sherpas.com\/content\/uploads\/2022\/01\/IMG-20210706-WA0012.jpg\" alt=\"Pauline Le Mercier\"><\/div><div class=\"single-author__infos\"><div class=\"t-09\">Pauline Le Mercier<\/div><div class=\"single-author__job\"><\/div><div class=\"single-author__content text-md-center text-xl-left\">Hello \u2728 Moi c&rsquo;est Pauline et dans le cadre de ma 1\u00e8re ann\u00e9e en \u00e9cole de communication, j&rsquo;ai rejoint les Sherpas ! J&rsquo;esp\u00e8re que mes articles sauront t&rsquo;aider \ud83d\ude09<\/div><\/div><div>\n<div style=\"height:25px\" aria-hidden=\"true\" class=\"wp-block-spacer\"><\/div><div class=\"single__bottom\"><div class=\"single-author__image\"><img decoding=\"async\" src=\"https:\/\/sherpas.com\/blog\/content\/uploads\/2022\/08\/sherpas-photo.png\" alt=\"Pauline Robert\"><\/div><div class=\"single-author__infos\"><div class=\"t-09\">Pauline Robert<\/div><div class=\"single-author__job\"><\/div><div class=\"single-author__content text-md-center text-xl-left\"><\/div><\/div><div>\n<div style=\"height:25px\" aria-hidden=\"true\" class=\"wp-block-spacer\"><\/div><div class=\"single__bottom\"><div class=\"single-author__image\"><img decoding=\"async\" src=\"https:\/\/sherpas.com\/blog\/content\/uploads\/2022\/08\/sherpas-photo.png\" alt=\"Ida Gourlaouen\"><\/div><div class=\"single-author__infos\"><div class=\"t-09\">Ida Gourlaouen<\/div><div class=\"single-author__job\">R\u00e9dactrice<\/div><div class=\"single-author__content text-md-center text-xl-left\">Hello, je suis Ida, stagiaire chez les Sherpas. Apr\u00e8s un bac et une pr\u00e9pa litt\u00e9raires, je suis d\u00e9sormais en master de philosophie. Curieuse de tout, j&rsquo;esp\u00e8re pouvoir partager mes diff\u00e9rents centres d&rsquo;int\u00e9r\u00eat avec toi dans la joie et la bonne humeur !<\/div><\/div><div>\n<div style=\"height:25px\" aria-hidden=\"true\" class=\"wp-block-spacer\"><\/div><div class=\"single__bottom\"><div class=\"single-author__image\"><img decoding=\"async\" src=\"https:\/\/sherpas.com\/content\/uploads\/2021\/09\/httpssherpas.comwp-contentuploads202011jacqueline-chen-150x150-2.jpeg\" alt=\"Jacqueline Chen\"><\/div><div class=\"single-author__infos\"><div class=\"t-09\">Jacqueline Chen<\/div><div class=\"single-author__job\"><\/div><div class=\"single-author__content text-md-center text-xl-left\">Pass\u00e9e par 2 ans de pr\u00e9pa HEC, je viens d&rsquo;int\u00e9grer l&rsquo;ESSEC Business School. Je suis persuad\u00e9e que la limite entre les r\u00eaves et la r\u00e9alit\u00e9 s&rsquo;appelle l&rsquo;action et que le passage \u00e0 l&rsquo;action ne d\u00e9pend parfois que de peu de chose&#8230; Un proche, un mentor ou un professeur inspirant peut parfois \u00eatre l&rsquo;\u00e9l\u00e9ment d\u00e9clencheur de tout un parcours\ud83d\udc25Ainsi modestement et \u00e0 ma petite \u00e9chelle, j&rsquo;essaye de partager ici du contenu qui t&rsquo;aidera \u00e0 r\u00e9ussir tes \u00e9tudes\ud83e\udd17\u2764\ufe0f.<\/div><\/div><div>\n<div style=\"height:25px\" aria-hidden=\"true\" class=\"wp-block-spacer\"><\/div><div class=\"single__bottom\"><div class=\"single-author__image\"><img decoding=\"async\" src=\"https:\/\/sherpas.com\/blog\/content\/uploads\/2022\/08\/sherpas-photo.png\" alt=\"Jazz Riffet\"><\/div><div class=\"single-author__infos\"><div class=\"t-09\">Jazz Riffet<\/div><div class=\"single-author__job\"><\/div><div class=\"single-author__content text-md-center text-xl-left\">Heyy ! Apr\u00e8s une pr\u00e9pa A\/L, une licence de Lettres \u00e0 Paris IV et un virage \u00e0 droite pour int\u00e9grer un master de com\u2019 \u00e0 la Sorbonne Nouvelle, me voil\u00e0 aujourd\u2019hui dans l\u2019\u00e9quipe solaire des Sherpas pour faire ce que j\u2019aime le plus : aider et \u00e9crire ! \ud83d\ude07<\/div><\/div><div>\n<div style=\"height:25px\" aria-hidden=\"true\" class=\"wp-block-spacer\"><\/div><div class=\"single__bottom\"><div class=\"single-author__image\"><img decoding=\"async\" src=\"https:\/\/sherpas.com\/blog\/content\/uploads\/2022\/08\/sherpas-photo.png\" alt=\"Lauriane M.\"><\/div><div class=\"single-author__infos\"><div class=\"t-09\">Lauriane M.<\/div><div class=\"single-author__job\">R\u00e9dactrice<\/div><div class=\"single-author__content text-md-center text-xl-left\">Coucou, moi c&rsquo;est Lauriane ! Je fais des \u00e9tudes en sciences politiques et j&rsquo;adore en apprendre plus sur plein de sujets diff\u00e9rents. J&rsquo;esp\u00e8re que mes articles te permettront de d\u00e9couvrir des tas de choses nouvelles. \ud83d\ude04<\/div><\/div><div>\n<div style=\"height:25px\" aria-hidden=\"true\" class=\"wp-block-spacer\"><\/div><div class=\"single__bottom\"><div class=\"single-author__image\"><img decoding=\"async\" src=\"https:\/\/sherpas.com\/content\/uploads\/2023\/07\/1663577301367.jpg\" alt=\"Ludivine Dewulf\"><\/div><div class=\"single-author__infos\"><div class=\"t-09\">Ludivine Dewulf<\/div><div class=\"single-author__job\">R\u00e9dactrice<\/div><div class=\"single-author__content text-md-center text-xl-left\">Salut, moi c&rsquo;est Ludivine ! Je serai \u00e0 ton service tout l&rsquo;\u00e9t\u00e9. J&rsquo;esp\u00e8re que mes articles pourront t&rsquo;aider d&rsquo;une mani\u00e8re ou d&rsquo;une autre.<\/div><\/div><div>\n<div style=\"height:25px\" aria-hidden=\"true\" class=\"wp-block-spacer\"><\/div><div class=\"single__bottom\"><div class=\"single-author__image\"><img decoding=\"async\" src=\"https:\/\/sherpas.com\/content\/uploads\/2021\/09\/httpssherpas.comwp-contentuploads202105Blog-Margot-1.jpg\" alt=\"Margot Parmentier\"><\/div><div class=\"single-author__infos\"><div class=\"t-09\">Margot Parmentier<\/div><div class=\"single-author__job\"><\/div><div class=\"single-author__content text-md-center text-xl-left\">Hello, moi c&rsquo;est Margot ! Je suis en deuxi\u00e8me ann\u00e9e de Master Marketing International et N\u00e9gociations et je suis ravie d\u2019int\u00e9grer l\u2019\u00e9quipe des Sherpas pour quelques mois et de contribuer au d\u00e9veloppement du blog. J\u2019esp\u00e8re que mes conseils et astuces vous seront utiles !<\/div><\/div><div>\n<div style=\"height:25px\" aria-hidden=\"true\" class=\"wp-block-spacer\"><\/div><div class=\"single__bottom\"><div class=\"single-author__image\"><img decoding=\"async\" src=\"https:\/\/sherpas.com\/content\/uploads\/2022\/09\/Capture-decran-2022-09-22-a-13.59.52.png\" alt=\"Marion Watier\"><\/div><div class=\"single-author__infos\"><div class=\"t-09\">Marion Watier<\/div><div class=\"single-author__job\"><\/div><div class=\"single-author__content text-md-center text-xl-left\">L&rsquo;\u00e9criture est mon terrain de jeux et c&rsquo;est sur la balan\u00e7oire des Sherpas que je m&rsquo;\u00e9clate le plus. Mes passions ? Les BPM \u00e9lev\u00e9s et la culture. Mon but ? T&rsquo;aider \u00e0 comprendre l&rsquo;actu et la soci\u00e9t\u00e9&#8230; sans oublier les tips pour r\u00e9ussir tes \u00e9tudes \ud83d\ude09<\/div><\/div><div>\n<div style=\"height:25px\" aria-hidden=\"true\" class=\"wp-block-spacer\"><\/div><div class=\"single__bottom\"><div class=\"single-author__image\"><img decoding=\"async\" src=\"https:\/\/sherpas.com\/content\/uploads\/2021\/09\/httpssherpas.comwp-contentuploads202106image_123986672-1-150x150-2.jpg\" alt=\"Martin Mortamet\"><\/div><div class=\"single-author__infos\"><div class=\"t-09\">Martin Mortamet<\/div><div class=\"single-author__job\"><\/div><div class=\"single-author__content text-md-center text-xl-left\">\ud83d\udc4b Originaire du Sud-Ouest, j\u2019ai int\u00e9gr\u00e9 cette ann\u00e9e le Programme Grande \u00c9cole d&rsquo;HEC Paris apr\u00e8s deux ans de pr\u00e9pa \u00e0 Toulouse. Je suis ravi d&rsquo;int\u00e9grer l&rsquo;\u00e9quipe des Sherpas durant mon stage et de vous donner les meilleurs conseils possibles \u00e0 travers ce blog afin de contribuer \u00e0 votre r\u00e9ussite ! \ud83c\udfc6<\/div><\/div><div>\n<div style=\"height:25px\" aria-hidden=\"true\" class=\"wp-block-spacer\"><\/div><div class=\"single__bottom\"><div class=\"single-author__image\"><img decoding=\"async\" src=\"https:\/\/sherpas.com\/content\/uploads\/2022\/06\/286822325_1049341742668537_2283022660661259654_n.jpg\" alt=\"Mathilde S\u00e9gui\"><\/div><div class=\"single-author__infos\"><div class=\"t-09\">Mathilde S\u00e9gui<\/div><div class=\"single-author__job\"><\/div><div class=\"single-author__content text-md-center text-xl-left\">Salut, c&rsquo;est Mathilde \ud83d\ude42 Apr\u00e8s une kh\u00e2gne Ulm en sp\u00e9 lettres classiques, je suis d\u00e9sormais en L3 au CELSA et en stage chez les Sherpas. J&rsquo;aime \u00e0 peu pr\u00e8s 3 trucs : l&rsquo;eau, cr\u00e9er et me cultiver (des fois). Apr\u00e8s, j&rsquo;aime bien aussi \u00eatre utile, donc j&rsquo;esp\u00e8re que mes articles le seront pour toi \ud83d\ude09<\/div><\/div><div>\n<div style=\"height:25px\" aria-hidden=\"true\" class=\"wp-block-spacer\"><\/div><div class=\"single__bottom\"><div class=\"single-author__image\"><img decoding=\"async\" src=\"https:\/\/sherpas.com\/content\/uploads\/2023\/05\/241319302_1754148958106333_878022424501049017_n.jpg\" alt=\"Nassim Ait Ali\"><\/div><div class=\"single-author__infos\"><div class=\"t-09\">Nassim Ait Ali<\/div><div class=\"single-author__job\">R\u00e9dacteur<\/div><div class=\"single-author__content text-md-center text-xl-left\">Hello, moi, c&rsquo;est Nassim, j&rsquo;ai 22 ans et je suis R\u00e9dacteur Web en stage chez les Sherpas ! J&rsquo;adore le cin\u00e9ma et la g\u00e9opo mais tu vas me retrouver sur plein de sujets aussi vari\u00e9s les uns que les autres !<\/div><\/div><div>\n<div style=\"height:25px\" aria-hidden=\"true\" class=\"wp-block-spacer\"><\/div><div class=\"single__bottom\"><div class=\"single-author__image\"><img decoding=\"async\" src=\"https:\/\/sherpas.com\/content\/uploads\/2022\/02\/photo-nicolas.jpg\" alt=\"Nicolas Bougrer-Cinqval\"><\/div><div class=\"single-author__infos\"><div class=\"t-09\">Nicolas Bougrer-Cinqval<\/div><div class=\"single-author__job\"><\/div><div class=\"single-author__content text-md-center text-xl-left\">Salut, moi c\u2019est Nicolas ! Je suis \u00e9tudiant en deuxi\u00e8me ann\u00e9e de Master m\u00e9tier de la r\u00e9daction et de la traduction. J\u2019ai int\u00e9gr\u00e9 la r\u00e9daction des Sherpas en tant que stagiaire et j\u2019esp\u00e8re que mes \u00e9crits vous aideront \u00e0 r\u00e9ussir vos \u00e9tudes ! \ud83d\ude42<\/div><\/div><div>\n<div style=\"height:25px\" aria-hidden=\"true\" class=\"wp-block-spacer\"><\/div><div class=\"single__bottom\"><div class=\"single-author__image\"><img decoding=\"async\" src=\"https:\/\/sherpas.com\/content\/uploads\/2022\/02\/Photo-2.jpg\" alt=\"Pascal Zhu\"><\/div><div class=\"single-author__infos\"><div class=\"t-09\">Pascal Zhu<\/div><div class=\"single-author__job\"><\/div><div class=\"single-author__content text-md-center text-xl-left\">Hello ! Moi c&rsquo;est pascal, \u00e9tudiant en \u00e9cole de commerce ! J&rsquo;aime partager mon exp\u00e9rience et j&rsquo;esp\u00e8re que mes articles te seront utiles \ud83d\ude09<\/div><\/div><div>\n<div style=\"height:25px\" aria-hidden=\"true\" class=\"wp-block-spacer\"><\/div><div class=\"single__bottom\"><div class=\"single-author__image\"><img decoding=\"async\" src=\"https:\/\/sherpas.com\/blog\/content\/uploads\/2022\/08\/sherpas-photo.png\" alt=\"Cl\u00e9mence Bouquerod\"><\/div><div class=\"single-author__infos\"><div class=\"t-09\">Cl\u00e9mence Bouquerod<\/div><div class=\"single-author__job\">Team Lead Edito<\/div><div class=\"single-author__content text-md-center text-xl-left\">Hello ! Journaliste de formation, je suis passionn\u00e9e par la litt\u00e9rature, le d\u00e9veloppement personnel et les sujets de soci\u00e9t\u00e9&#8230; Mais aussi par le caf\u00e9. Pour moi, l&rsquo;\u00e9crit repr\u00e9sente beaucoup, et j&rsquo;esp\u00e8re que tu en ressentiras le pouvoir en nous lisant.<\/div><\/div><div>\n<div style=\"height:25px\" aria-hidden=\"true\" class=\"wp-block-spacer\"><\/div><div class=\"single__bottom\"><div class=\"single-author__image\"><img decoding=\"async\" src=\"https:\/\/sherpas.com\/content\/uploads\/2021\/09\/httpssherpas.comwp-contentuploads202004Cle%CC%81mence-Delaitre-e1586107338956-7.jpg\" alt=\"Cl\u00e9mence Delaitre Zimmermann\"><\/div><div class=\"single-author__infos\"><div class=\"t-09\">Cl\u00e9mence Delaitre Zimmermann<\/div><div class=\"single-author__job\"><\/div><div class=\"single-author__content text-md-center text-xl-left\">Moi c&rsquo;est Cl\u00e9mence! Mon parcours universitaire a \u00e9t\u00e9 marqu\u00e9 par de nombreuses r\u00e9orientations, mais je pense finalement avoir trouv\u00e9 ma voie en m&rsquo;orientant vers des \u00e9tudes de lettres. Grande lectrice passionn\u00e9e d&rsquo;\u00e9criture, c&rsquo;est cette passion qui m&rsquo;a donn\u00e9 envie d&rsquo;\u00e9crire pour les Sherpas !<\/div><\/div><div>\n<div style=\"height:25px\" aria-hidden=\"true\" class=\"wp-block-spacer\"><\/div><div class=\"single__bottom\"><div class=\"single-author__image\"><img decoding=\"async\" src=\"https:\/\/sherpas.com\/blog\/content\/uploads\/2022\/08\/sherpas-photo.png\" alt=\"Cl\u00e9mentine Puech\"><\/div><div class=\"single-author__infos\"><div class=\"t-09\">Cl\u00e9mentine Puech<\/div><div class=\"single-author__job\">R\u00e9dactrice<\/div><div class=\"single-author__content text-md-center text-xl-left\">\u00c9tudiante en licence europ\u00e9enne de science politique, et stagiaire chez les Sherpas, je suis aussi une (grande) passionn\u00e9e de litt\u00e9rature, de cin\u00e9ma et de langues \u00e9trang\u00e8res ! Bonne lecture de mes articles ! \ud83d\ude07<\/div><\/div><div>\n<div style=\"height:25px\" aria-hidden=\"true\" class=\"wp-block-spacer\"><\/div><div class=\"single__bottom\"><div class=\"single-author__image\"><img decoding=\"async\" src=\"https:\/\/sherpas.com\/blog\/content\/uploads\/2022\/08\/sherpas-photo.png\" alt=\"Cl\u00e9mentine Mercier\"><\/div><div class=\"single-author__infos\"><div class=\"t-09\">Cl\u00e9mentine Mercier<\/div><div class=\"single-author__job\"><\/div><div class=\"single-author__content text-md-center text-xl-left\">Apr\u00e8s deux ans de classes pr\u00e9paratoires ECS je suis actuellement en L3 au sein du programme Grande Ecole de Skema Business School. J\u2019esp\u00e8re en contribuant \u00e0 ce blog t\u2019apporter des conseils utiles que tu pourras appliquer pendant tes \u00e9tudes \ud83d\udcaa<\/div><\/div><div>\n<div style=\"height:25px\" aria-hidden=\"true\" class=\"wp-block-spacer\"><\/div><div class=\"single__bottom\"><div class=\"single-author__image\"><img decoding=\"async\" src=\"https:\/\/sherpas.com\/content\/uploads\/2022\/06\/LinkedIn.jpeg\" alt=\"Emilie Eliasu\"><\/div><div class=\"single-author__infos\"><div class=\"t-09\">Emilie Eliasu<\/div><div class=\"single-author__job\"><\/div><div class=\"single-author__content text-md-center text-xl-left\">Hello, moi c\u2019est Emilie ! \ud83d\ude0a Apr\u00e8s ma licence Info Com \u00e0 l\u2019Institut Fran\u00e7ais de Presse (Panth\u00e9on-Assas), j&rsquo;int\u00e8gre un Master de Communication R\u00e9dactionnelle \u00e0 la rentr\u00e9e ! Actuellement chez Les Sherpas en tant que R\u00e9dactrice Web, j\u2019esp\u00e8re que mes articles t\u2019aideront \u00e0 t&rsquo;\u00e9panouir dans tes \u00e9tudes ! \ud83c\udf1e<\/div><\/div><div>\n<div style=\"height:25px\" aria-hidden=\"true\" class=\"wp-block-spacer\"><\/div><div class=\"single__bottom\"><div class=\"single-author__image\"><img decoding=\"async\" src=\"https:\/\/sherpas.com\/content\/uploads\/2021\/12\/httpssherpas.comwp-contentuploads202109240041669_355687446271611_9221051846749107668_n-150x150-1.jpg\" alt=\"Estelle Maskowycz\"><\/div><div class=\"single-author__infos\"><div class=\"t-09\">Estelle Maskowycz<\/div><div class=\"single-author__job\"><\/div><div class=\"single-author__content text-md-center text-xl-left\">Hello, c&rsquo;est dans la cadre de mon Master en Journalisme que j&rsquo;ai rejoint le m\u00e9dia des Sherpas. J&rsquo;esp\u00e8re que mes articles te seront utiles, tant dans ta r\u00e9ussite que dans ton \u00e9panouissement. \u2600\ufe0f<\/div><\/div><div>\n<div style=\"height:25px\" aria-hidden=\"true\" class=\"wp-block-spacer\"><\/div><div class=\"single__bottom\"><div class=\"single-author__image\"><img decoding=\"async\" src=\"https:\/\/sherpas.com\/content\/uploads\/2022\/09\/IMG_2836.jpg\" alt=\"Eva Chery\"><\/div><div class=\"single-author__infos\"><div class=\"t-09\">Eva Chery<\/div><div class=\"single-author__job\">Sportive du m\u00e9dia<\/div><div class=\"single-author__content text-md-center text-xl-left\">Hello ! Moi c\u2019est Eva. J\u2019ai rejoint les Sherpas dans le cadre de mon alternance en 2\u00e8me ann\u00e9e de master journalisme. J\u2019esp\u00e8re que mes articles t\u2019aideront dans tes \u00e9tudes et ton quotidien !<\/div><\/div><div>\n<div style=\"height:25px\" aria-hidden=\"true\" class=\"wp-block-spacer\"><\/div><div class=\"single__bottom\"><div class=\"single-author__image\"><img decoding=\"async\" src=\"https:\/\/sherpas.com\/content\/uploads\/2021\/12\/httpssherpas.comwp-contentuploads202011francois.jpg\" alt=\"Fran\u00e7ois Vuillerme\"><\/div><div class=\"single-author__infos\"><div class=\"t-09\">Fran\u00e7ois Vuillerme<\/div><div class=\"single-author__job\">Passionn\u00e9 de g\u00e9opolitique<\/div><div class=\"single-author__content text-md-center text-xl-left\">Actuellement \u00e0 GEM et passionn\u00e9 par la g\u00e9opolitique, je continue mes \u00e9tudes dans le but de devenir manager en gestion de risques. Mes articles traiteront essentiellement de cette mati\u00e8re ou bien d&rsquo;actualit\u00e9 \ud83d\ude09<\/div><\/div><div>\n<div style=\"height:25px\" aria-hidden=\"true\" class=\"wp-block-spacer\"><\/div><div class=\"single__bottom\"><div class=\"single-author__image\"><img decoding=\"async\" src=\"https:\/\/sherpas.com\/content\/uploads\/2023\/06\/Gabriel.jpg\" alt=\"Gabriel Bouch\u00e9\"><\/div><div class=\"single-author__infos\"><div class=\"t-09\">Gabriel Bouch\u00e9<\/div><div class=\"single-author__job\">R\u00e9dacteur<\/div><div class=\"single-author__content text-md-center text-xl-left\">Salut, c&rsquo;est Gabriel ! J&rsquo;esp\u00e8re que mes articles t&rsquo;aideront ! \u2600<\/div><\/div><div>\n<div style=\"height:25px\" aria-hidden=\"true\" class=\"wp-block-spacer\"><\/div><div class=\"single__bottom\"><div class=\"single-author__image\"><img decoding=\"async\" src=\"https:\/\/sherpas.com\/content\/uploads\/2021\/12\/httpssherpas.comwp-contentuploads202009Guilhem.jpg\" alt=\"Guilhem Jolly\"><\/div><div class=\"single-author__infos\"><div class=\"t-09\">Guilhem Jolly<\/div><div class=\"single-author__job\"><\/div><div class=\"single-author__content text-md-center text-xl-left\">Etudiant en \u00e9cole de commerce \u00e0 Neoma, j&rsquo;aime partager mes exp\u00e9riences afin d&rsquo;aider les autres \u00e0 toujours progresser sans se prendre au s\u00e9rieux. \u00c0 bient\u00f4t !<\/div><\/div><div>\n<div style=\"height:25px\" aria-hidden=\"true\" class=\"wp-block-spacer\"><\/div><div class=\"single__bottom\"><div class=\"single-author__image\"><img decoding=\"async\" src=\"https:\/\/sherpas.com\/content\/uploads\/2023\/04\/Screenshot-2022-04-30-at-14.53.42.png\" alt=\"Hugues Sabatier\"><\/div><div class=\"single-author__infos\"><div class=\"t-09\">Hugues Sabatier<\/div><div class=\"single-author__job\">R\u00e9dacteur<\/div><div class=\"single-author__content text-md-center text-xl-left\">Salut ! Apr\u00e8s un Bachelor de European politics \u00e0 Londres, je suis de retour en France pour un Master de Global and European politics ! Je suis actuellement en stage chez les Sherpas entre mes deux ann\u00e9es de Master. Bonne lecture de mes articles !<\/div><\/div><div>\n<div style=\"height:25px\" aria-hidden=\"true\" class=\"wp-block-spacer\"><\/div><div class=\"single__bottom\"><div class=\"single-author__image\"><img decoding=\"async\" src=\"https:\/\/sherpas.com\/content\/uploads\/2021\/09\/httpssherpas.comwp-contentuploads202105IMG_0553-150x150-8.jpg\" alt=\"Alexandra Lazarevic\"><\/div><div class=\"single-author__infos\"><div class=\"t-09\">Alexandra Lazarevic<\/div><div class=\"single-author__job\"><\/div><div class=\"single-author__content text-md-center text-xl-left\">Hello ! \ud83d\udc4b Pass\u00e9e par une pr\u00e9pa HEC, j\u2019ai int\u00e9gr\u00e9 cette ann\u00e9e le Programme Grande \u00c9cole de SKEMA Business School. Je suis ravie de contribuer au blog des Sherpas dans le cadre de mon stage et j\u2019esp\u00e8re que mes conseils te seront utiles ! \ud83d\ude04<\/div><\/div><div>\n<div style=\"height:25px\" aria-hidden=\"true\" class=\"wp-block-spacer\"><\/div><div class=\"single__bottom\"><div class=\"single-author__image\"><img decoding=\"async\" src=\"https:\/\/sherpas.com\/blog\/content\/uploads\/2022\/08\/sherpas-photo.png\" alt=\"Anne-Lorinne Mognetti\"><\/div><div class=\"single-author__infos\"><div class=\"t-09\">Anne-Lorinne Mognetti<\/div><div class=\"single-author__job\">Avocate<\/div><div class=\"single-author__content text-md-center text-xl-left\"><\/div><\/div><div>\n<div style=\"height:25px\" aria-hidden=\"true\" class=\"wp-block-spacer\"><\/div><div class=\"single__bottom\"><div class=\"single-author__image\"><img decoding=\"async\" src=\"https:\/\/sherpas.com\/blog\/content\/uploads\/2022\/08\/sherpas-photo.png\" alt=\"Anne-Victoire Armstrong\"><\/div><div class=\"single-author__infos\"><div class=\"t-09\">Anne-Victoire Armstrong<\/div><div class=\"single-author__job\">R\u00e9dactrice Web<\/div><div class=\"single-author__content text-md-center text-xl-left\">Hello ! Moi c&rsquo;est Anne-Victoire, je travaille pour les Sherpas en tant que r\u00e9dactrice web. J&rsquo;esp\u00e8re que tu tireras plein d&rsquo;infos pratiques dans mes articles \ud83d\ude38\ud83d\udcab<\/div><\/div><div>\n<div style=\"height:25px\" aria-hidden=\"true\" class=\"wp-block-spacer\"><\/div><div class=\"single__bottom\"><div class=\"single-author__image\"><img decoding=\"async\" src=\"https:\/\/sherpas.com\/content\/uploads\/2022\/07\/Image-diOS-1.jpg\" alt=\"Anthony Valette\"><\/div><div class=\"single-author__infos\"><div class=\"t-09\">Anthony Valette<\/div><div class=\"single-author__job\"><\/div><div class=\"single-author__content text-md-center text-xl-left\">Salut, moi c\u2019est Anthony! Je viens de terminer ma premi\u00e8re ann\u00e9e de master et je suis d\u00e9sormais en stage au sein de la r\u00e9daction des Sherpas! Je suis passionn\u00e9 de culture et d\u2019actu (qu\u2019elle soit l\u00e9g\u00e8re ou plus s\u00e9rieuse). J\u2019esp\u00e8re que mes articles sauront t\u2019int\u00e9resser \ud83c\udf3e<\/div><\/div><div>\n<div style=\"height:25px\" aria-hidden=\"true\" class=\"wp-block-spacer\"><\/div><div class=\"single__bottom\"><div class=\"single-author__image\"><img decoding=\"async\" src=\"https:\/\/sherpas.com\/content\/uploads\/2021\/09\/httpssherpas.comwp-contentuploads20210510E5E35F-0342-4E30-980F-579FF611D6D4_1_201_a-150x150-8.jpeg\" alt=\"Aymone Fran\u00e7ois\"><\/div><div class=\"single-author__infos\"><div class=\"t-09\">Aymone Fran\u00e7ois<\/div><div class=\"single-author__job\"><\/div><div class=\"single-author__content text-md-center text-xl-left\">Salut moi c\u2019est Aymone ! \u00c9tudiante de L1 en sciences politiques \u00e0 Lille, je suis ravie de te partager mes conseils et exp\u00e9riences pendant quelques semaines sur ce blog. J\u2019esp\u00e8re qu\u2019ils te seront utiles ! \u00c0 bient\u00f4t \ud83d\ude09<\/div><\/div><div>\n<div style=\"height:25px\" aria-hidden=\"true\" class=\"wp-block-spacer\"><\/div><div class=\"single__bottom\"><div class=\"single-author__image\"><img decoding=\"async\" src=\"https:\/\/sherpas.com\/blog\/content\/uploads\/2022\/08\/sherpas-photo.png\" alt=\"Aynur Temel\"><\/div><div class=\"single-author__infos\"><div class=\"t-09\">Aynur Temel<\/div><div class=\"single-author__job\"><\/div><div class=\"single-author__content text-md-center text-xl-left\">Salut, je m&rsquo;appelle Aynur ! Je suis \u00e9tudiante en sciences \u00e9conomiques \u00e0 l&rsquo;Universit\u00e9 d&rsquo;\u00e9conomie de Vienne, avec une sp\u00e9cialisation en gestion de l&rsquo;\u00e9ducation. Comme je suis une grande fan de la langue fran\u00e7aise, j&rsquo;ai d\u00e9cid\u00e9 d&rsquo;associer mes passions pour la r\u00e9daction \u00e0 la langue fran\u00e7aise &#8211; maintenant, je fais mon stage chez Les Sherpas et j&rsquo;esp\u00e8re que mes articles pourront t&rsquo;aider !<\/div><\/div><div>\n<div style=\"height:25px\" aria-hidden=\"true\" class=\"wp-block-spacer\"><\/div><div class=\"single__bottom\"><div class=\"single-author__image\"><img decoding=\"async\" src=\"https:\/\/sherpas.com\/content\/uploads\/2021\/09\/httpssherpas.comwp-contentuploads202105IMG_20210510_135609-150x150-8.jpg\" alt=\"Camille Droz\"><\/div><div class=\"single-author__infos\"><div class=\"t-09\">Camille Droz<\/div><div class=\"single-author__job\"><\/div><div class=\"single-author__content text-md-center text-xl-left\">Hello, moi c&rsquo;est Camille ! Apr\u00e8s deux ans de pr\u00e9pa ECS, j&rsquo;ai int\u00e9gr\u00e9 le pr\u00e9-master de l&rsquo;EDHEC business school. J&rsquo;esp\u00e8re que mes conseils te seront utiles \ud83d\ude0a<\/div><\/div><div>\n<div style=\"height:25px\" aria-hidden=\"true\" class=\"wp-block-spacer\"><\/div><div class=\"single__bottom\"><div class=\"single-author__image\"><img decoding=\"async\" src=\"https:\/\/sherpas.com\/content\/uploads\/2022\/09\/received_374857077311858.jpeg\" alt=\"Caroline Roda\"><\/div><div class=\"single-author__infos\"><div class=\"t-09\">Caroline Roda<\/div><div class=\"single-author__job\">Geek \u00e0 plein temps<\/div><div class=\"single-author__content text-md-center text-xl-left\">Je suis r\u00e9dactrice web chez Les sherpas dans le cadre de mon stage de fin d&rsquo;\u00e9tude en journalisme ! J&rsquo;esp\u00e8re que mes articles t&rsquo;aideront \u00e0 avancer sur le plan professionnel et personnel. Petit conseil : sois toujours \u00e0 l&rsquo;\u00e9coute de toi-m\u00eame ! \ud83c\udf39<\/div><\/div><div>\n<div style=\"height:25px\" aria-hidden=\"true\" class=\"wp-block-spacer\"><\/div><div class=\"single__bottom\"><div class=\"single-author__image\"><img decoding=\"async\" src=\"https:\/\/sherpas.com\/content\/uploads\/2022\/01\/IMG_9295.jpg\" alt=\"Charlotte Allione\"><\/div><div class=\"single-author__infos\"><div class=\"t-09\">Charlotte Allione<\/div><div class=\"single-author__job\"><\/div><div class=\"single-author__content text-md-center text-xl-left\">Hello ! En attendant de faire ma rentr\u00e9e en \u00e9cole de journalisme, j&rsquo;ai rejoint l&rsquo;\u00e9quipe r\u00e9dac des Sherpas. J&rsquo;esp\u00e8re que mes articles vont t&rsquo;aider dans ta r\u00e9ussite scolaire (et pas que \ud83d\ude09).<\/div><\/div><div>\n<div style=\"height:25px\" aria-hidden=\"true\" class=\"wp-block-spacer\"><\/div><div class=\"single__bottom\"><div class=\"single-author__image\"><img decoding=\"async\" src=\"https:\/\/sherpas.com\/content\/uploads\/2021\/09\/httpssherpas.comwp-contentuploads201907Charlotte-Cle%CC%81vy-e1562755419674-7.jpg\" alt=\"Charlotte Cl\u00e9vy\"><\/div><div class=\"single-author__infos\"><div class=\"t-09\">Charlotte Cl\u00e9vy<\/div><div class=\"single-author__job\"><\/div><div class=\"single-author__content text-md-center text-xl-left\">Hello, moi c\u2019est Charlotte ! \u00c9tudiante en master Organisations et Management des Ressources Humaines \u00e0 Sciences Po Paris, je suis ravie de partager mon exp\u00e9rience et mes astuces avec toi sur le Blog des Sherpas ! \ud83d\ude09<\/div><\/div><div>\n<div style=\"height:25px\" aria-hidden=\"true\" class=\"wp-block-spacer\"><\/div><div class=\"single__bottom\"><div class=\"single-author__image\"><img decoding=\"async\" src=\"https:\/\/sherpas.com\/content\/uploads\/2021\/09\/httpssherpas.comwp-contentuploads202106PicsArt_06-14-10.52.39-150x150-8.jpg\" alt=\"Claire de Malglaive\"><\/div><div class=\"single-author__infos\"><div class=\"t-09\">Claire de Malglaive<\/div><div class=\"single-author__job\"><\/div><div class=\"single-author__content text-md-center text-xl-left\">Apr\u00e8s une classe pr\u00e9paratoire aux grandes \u00e9coles litt\u00e9raire, je suis entr\u00e9e \u00e0 l&rsquo;\u00e9cole de management de Grenoble(GEM). Je suis ravie de contribuer au blog pendant quelques mois et j\u2019esp\u00e8re que mes conseils et astuces te seront utiles !<\/div><\/div><div>\n<\/div>\n\n\n\n<div class=\"wp-block-column is-layout-flow wp-block-column-is-layout-flow\" style=\"flex-basis:25%\"><\/div>\n<\/div>\n","protected":false},"excerpt":{"rendered":"<p>La R\u00e9dac des Sherpas, c&rsquo;est pr\u00e8s de 100 auteurs passionn\u00e9s d&rsquo;\u00e9ducation qui mettent leur expertise \u00e0 ta disposition (&#8230;)<\/p>\n","protected":false},"author":278,"featured_media":0,"parent":0,"menu_order":28,"comment_status":"closed","ping_status":"closed","template":"","meta":{"_acf_changed":false,"footnotes":""},"category":[],"tag":[],"class_list":["post-246210","page","type-page","status-publish","hentry"],"acf":[],"_links":{"self":[{"href":"https:\/\/sherpas.com\/blog\/wp-json\/wp\/v2\/pages\/246210","targetHints":{"allow":["GET"]}}],"collection":[{"href":"https:\/\/sherpas.com\/blog\/wp-json\/wp\/v2\/pages"}],"about":[{"href":"https:\/\/sherpas.com\/blog\/wp-json\/wp\/v2\/types\/page"}],"author":[{"embeddable":true,"href":"https:\/\/sherpas.com\/blog\/wp-json\/wp\/v2\/users\/278"}],"replies":[{"embeddable":true,"href":"https:\/\/sherpas.com\/blog\/wp-json\/wp\/v2\/comments?post=246210"}],"version-history":[{"count":0,"href":"https:\/\/sherpas.com\/blog\/wp-json\/wp\/v2\/pages\/246210\/revisions"}],"wp:attachment":[{"href":"https:\/\/sherpas.com\/blog\/wp-json\/wp\/v2\/media?parent=246210"}],"wp:term":[{"taxonomy":"category","embeddable":true,"href":"https:\/\/sherpas.com\/blog\/wp-json\/wp\/v2\/category?post=246210"},{"taxonomy":"tag","embeddable":true,"href":"https:\/\/sherpas.com\/blog\/wp-json\/wp\/v2\/tag?post=246210"}],"curies":[{"name":"wp","href":"https:\/\/api.w.org\/{rel}","templated":true}]}}