{"id":272018,"date":"2025-12-17T10:23:15","date_gmt":"2025-12-17T09:23:15","guid":{"rendered":"https:\/\/sherpas.com\/blog\/parents\/?page_id=272018"},"modified":"2025-12-18T09:47:58","modified_gmt":"2025-12-18T08:47:58","slug":"parents-dados-podcast","status":"publish","type":"page","link":"https:\/\/sherpas.com\/blog\/parents\/toolbox\/parents-dados-podcast\/","title":{"rendered":"Parents d&rsquo;Ados &#8211; Le Podcast"},"content":{"rendered":"\n<div style=\"height:100px\" aria-hidden=\"true\" class=\"wp-block-spacer\"><\/div>\n\n\n\n<div class=\"wp-block-columns is-layout-flex wp-container-core-columns-is-layout-9d6595d7 wp-block-columns-is-layout-flex\">\n<div class=\"wp-block-column is-layout-flow wp-block-column-is-layout-flow\">\n<h2 class=\"wp-block-heading\" id=\"parents-dados-le-podcast\">Parents d&rsquo;Ados &#8211; Le Podcast<\/h2>\n\n\n\n<div style=\"height:50px\" aria-hidden=\"true\" class=\"wp-block-spacer\"><\/div>\n\n\n\n<p>\u00ab Parents d\u2019ados \u00bb, c\u2019est <strong>le nouveau rendez-vous pour les parents d\u2019ados et pr\u00e9-ados<\/strong> (12\u201318 ans) qui veulent comprendre et accompagner leurs enfants dans la p\u00e9riode compliqu\u00e9e qu\u2019est l\u2019adolescence, sans prise de t\u00eate.<\/p>\n\n\n\n<div style=\"height:50px\" aria-hidden=\"true\" class=\"wp-block-spacer\"><\/div>\n\n\n\n<p><\/p>\n\n\n\n<p>Sur le plateau de \u00ab Parents d\u2019ados \u00bb par Les Sherpas, on parle <strong>parentalit\u00e9<\/strong>, <strong>adolescence<\/strong>, <strong>vie de famille<\/strong> et <strong>scolarit\u00e9<\/strong> avec deux intentions claires, <strong>\u00eatre utile<\/strong> et <strong>all\u00e9ger la charge mentale<\/strong>.<\/p>\n\n\n\n<div style=\"height:50px\" aria-hidden=\"true\" class=\"wp-block-spacer\"><\/div>\n<\/div>\n\n\n\n<div class=\"wp-block-column is-layout-flow wp-block-column-is-layout-flow\">\n<figure class=\"wp-block-image size-full\"><img decoding=\"async\" width=\"1316\" height=\"1310\" src=\"https:\/\/sherpas.com\/content\/uploads\/sites\/3\/2025\/12\/Plan-de-travail-2@2x.png\" alt=\"Parents d'Ados, le podcast\" class=\"wp-image-272020\"\/><\/figure>\n<\/div>\n<\/div>\n\n\n\n<p class=\"has-text-align-center\"><strong>Retrouvez-nous sur toutes vos plateformes favorites <\/strong>\ud83d\udc47<\/p>\n\n\n\n<div style=\"height:35px\" aria-hidden=\"true\" class=\"wp-block-spacer\"><\/div>\n\n\n\n<div class=\"wp-block-buttons is-content-justification-center is-layout-flex wp-container-core-buttons-is-layout-16018d1d wp-block-buttons-is-layout-flex\">\n<div class=\"wp-block-button\"><a class=\"wp-block-button__link has-vivid-green-cyan-background-color has-background wp-element-button\" href=\"https:\/\/open.spotify.com\/show\/0ts0kxSU2TC3gxfr78WRtc?si=c5c291f515a74ccc&amp;nd=1&amp;dlsi=3d1109f2d8b2466c\" target=\"_blank\" rel=\"noreferrer noopener\"><strong>Spotify<\/strong><\/a><\/div>\n\n\n\n<div class=\"wp-block-button\"><a class=\"wp-block-button__link has-vivid-green-cyan-background-color has-background wp-element-button\" href=\"https:\/\/bit.ly\/PodcastLesSherpas\" target=\"_blank\" rel=\"noreferrer noopener\"><strong>YouTube<\/strong><\/a><\/div>\n\n\n\n<div class=\"wp-block-button\"><a class=\"wp-block-button__link has-vivid-green-cyan-background-color has-background wp-element-button\" href=\"https:\/\/www.deezer.com\/en\/show\/1002451112?host=4993671902&amp;utm_campaign=clipboard-generic&amp;utm_source=user_sharing&amp;utm_content=talk_show-1002451112&amp;deferredFl=1\" target=\"_blank\" rel=\"noopener\"><strong>Deezer<\/strong><\/a><\/div>\n<\/div>\n\n\n\n<div style=\"height:35px\" aria-hidden=\"true\" class=\"wp-block-spacer\"><\/div>\n\n\n<section class=\"slice-full-page\" data-max=\"0\">\n    <div class=\"container\">\n        <div class=\"d-lg-flex align-items-end\">\n                            <h1 class=\"slice-full-page__title\" id=\"les-episodes-a-ne-pas-manquer\">\n                    Les \u00e9pisodes \u00e0 ne pas manquer  \n                <\/h1>\n                                <\/div>\n                                <div class=\"slice-full-page__articles\">\n            <div class=\"row\">\n                                                                                                                            <div class=\"col-12 col-lg-6 col-xl-4 slice-full-page__article \">\n                            <div\n\n   class=\"article-card-vertical  article-card-vertical--3   \">\n\n            <a href=\"https:\/\/sherpas.com\/blog\/parents\/a\/parents-dados-iamstrong\/\">\n            <picture>\n                <img decoding=\"async\" width=\"396\" height=\"223\" src=\"https:\/\/sherpas.com\/content\/uploads\/sites\/3\/2026\/02\/Miniature-Youtube-Podcast-1.jpg\" class=\"article-card-vertical__image wp-post-image\" alt=\"\" ci-src=\"https:\/\/sherpas.com\/content\/uploads\/sites\/3\/2026\/02\/Miniature-Youtube-Podcast-1.jpg?q=90\" \/>\n                \n                    \n            <\/picture>\n\n        <\/a>\n     \n  \n    <div class=\"article-card-vertical__content\">\n        <a class=\"article-card-vertical__link\" href=\"https:\/\/sherpas.com\/blog\/parents\/a\/parents-dados-iamstrong\/\">\n            <h3 class=\"article-card-vertical__title\" id=\"parents-dados-episode-7-comprendre-ajuster-et-apaiser-la-relation-a-lecole-et-a-la-maison\">\n                \u00ab Parents d\u2019ados \u00bb \u00c9pisode 7 : Comprendre, ajuster et apaiser la relation \u00e0 l\u2019\u00e9cole et \u00e0 la maison&nbsp;\ud83e\udd17\n            <\/h3>\n                            <div class=\"article-card-vertical__text\">\n                    \u00ab Je ne sais plus quoi faire avec mon ado \u00bb. Est-ce une phrase que vous vous \u00eates (&#8230;)\n                <\/div>\n                    <\/a>   \n                    <div class=\"article-card-vertical__tags article-card-vertical__tags--hide\">\n                <div class=\"article-card-vertical__tag badge\"><\/div>\n            <\/div>\n            <\/div>\n<\/div>\n                        <\/div>\n                                                                                                                    <div class=\"col-12 col-lg-6 col-xl-4 slice-full-page__article \">\n                            <div\n\n   class=\"article-card-vertical  article-card-vertical--3   \">\n\n            <a href=\"https:\/\/sherpas.com\/blog\/parents\/a\/parents-dados-podcast-montessori\/\">\n            <picture>\n                <img decoding=\"async\" width=\"396\" height=\"223\" src=\"https:\/\/sherpas.com\/content\/uploads\/sites\/3\/2026\/02\/Miniature-Youtube-Podcast.jpg\" class=\"article-card-vertical__image wp-post-image\" alt=\"Miniature - Podcast Montessori\" ci-src=\"https:\/\/sherpas.com\/content\/uploads\/sites\/3\/2026\/02\/Miniature-Youtube-Podcast.jpg?q=90\" \/>\n                \n                    \n            <\/picture>\n\n        <\/a>\n     \n  \n    <div class=\"article-card-vertical__content\">\n        <a class=\"article-card-vertical__link\" href=\"https:\/\/sherpas.com\/blog\/parents\/a\/parents-dados-podcast-montessori\/\">\n            <h3 class=\"article-card-vertical__title\" id=\"parents-dados-episode-6-education-bienveillante-et-montessori\">\n                \u00ab Parents d\u2019ados \u00bb \u00c9pisode 6 : \u00c9ducation bienveillante et Montessori&nbsp;\ud83e\udec2\n            <\/h3>\n                            <div class=\"article-card-vertical__text\">\n                    Depuis de nombreuses ann\u00e9es, on entend souvent parler de la m\u00e9thode Montessori. Mais concr\u00e8tement, qu\u2019implique-t-elle au quotidien ? (&#8230;)\n                <\/div>\n                    <\/a>   \n                    <div class=\"article-card-vertical__tags article-card-vertical__tags--hide\">\n                <div class=\"article-card-vertical__tag badge\"><\/div>\n            <\/div>\n            <\/div>\n<\/div>\n                        <\/div>\n                                                                                                                    <div class=\"col-12 col-lg-6 col-xl-4 slice-full-page__article \">\n                            <div\n\n   class=\"article-card-vertical  article-card-vertical--3   \">\n\n            <a href=\"https:\/\/sherpas.com\/blog\/parents\/a\/parents-dados-podcast-michel-cymes\/\">\n            <picture>\n                <img decoding=\"async\" width=\"396\" height=\"223\" src=\"https:\/\/sherpas.com\/content\/uploads\/sites\/3\/2026\/01\/Miniature-Youtube-Podcast-2.jpg\" class=\"article-card-vertical__image wp-post-image\" alt=\"Miniature Vid\u00e9o - Podcast Michel Cymes\" ci-src=\"https:\/\/sherpas.com\/content\/uploads\/sites\/3\/2026\/01\/Miniature-Youtube-Podcast-2.jpg?q=90\" \/>\n                \n                    \n            <\/picture>\n\n        <\/a>\n     \n  \n    <div class=\"article-card-vertical__content\">\n        <a class=\"article-card-vertical__link\" href=\"https:\/\/sherpas.com\/blog\/parents\/a\/parents-dados-podcast-michel-cymes\/\">\n            <h3 class=\"article-card-vertical__title\" id=\"parents-dados-episode-5-papa-anxieux-mais-pas-demuni-avec-michel-cymes\">\n                \u00ab Parents d\u2019ados \u00bb \u00c9pisode 5 : Papa anxieux mais pas d\u00e9muni, avec Michel Cymes&nbsp;\ud83d\udd0e\n            <\/h3>\n                            <div class=\"article-card-vertical__text\">\n                    Pas toujours facile d\u2019\u00eatre parent aujourd\u2019hui. Entre l\u2019orientation des enfants, la probl\u00e9matique des \u00e9crans et la peur de (&#8230;)\n                <\/div>\n                    <\/a>   \n                    <div class=\"article-card-vertical__tags article-card-vertical__tags--hide\">\n                <div class=\"article-card-vertical__tag badge\"><\/div>\n            <\/div>\n            <\/div>\n<\/div>\n                        <\/div>\n                                                                                                                    <div class=\"col-12 col-lg-6 col-xl-4 slice-full-page__article \">\n                            <div\n\n   class=\"article-card-vertical  article-card-vertical--3   \">\n\n            <a href=\"https:\/\/sherpas.com\/blog\/parents\/a\/parents-ados-tdah\/\">\n            <picture>\n                <img decoding=\"async\" width=\"396\" height=\"223\" src=\"https:\/\/sherpas.com\/content\/uploads\/sites\/3\/2026\/01\/Miniature-Youtube-Podcast-1.jpg\" class=\"article-card-vertical__image wp-post-image\" alt=\"\" ci-src=\"https:\/\/sherpas.com\/content\/uploads\/sites\/3\/2026\/01\/Miniature-Youtube-Podcast-1.jpg?q=90\" \/>\n                \n                    \n            <\/picture>\n\n        <\/a>\n     \n  \n    <div class=\"article-card-vertical__content\">\n        <a class=\"article-card-vertical__link\" href=\"https:\/\/sherpas.com\/blog\/parents\/a\/parents-ados-tdah\/\">\n            <h3 class=\"article-card-vertical__title\" id=\"parents-dados-episode-4-tdah-et-troubles-de-lattention-comment-accompagner-son-enfant\">\n                \u00ab Parents d\u2019ados \u00bb \u00c9pisode 4 : TDAH et Troubles de l\u2019attention : comment accompagner son enfant ?&nbsp;\ud83e\uddd2\n            <\/h3>\n                            <div class=\"article-card-vertical__text\">\n                    En tant que parent d\u2019un enfant TDA, TDAH ou qui pr\u00e9sente des troubles de l\u2019attention, il peut \u00eatre (&#8230;)\n                <\/div>\n                    <\/a>   \n                    <div class=\"article-card-vertical__tags article-card-vertical__tags--hide\">\n                <div class=\"article-card-vertical__tag badge\"><\/div>\n            <\/div>\n            <\/div>\n<\/div>\n                        <\/div>\n                                                                                                                    <div class=\"col-12 col-lg-6 col-xl-4 slice-full-page__article \">\n                            <div\n\n   class=\"article-card-vertical  article-card-vertical--3   \">\n\n            <a href=\"https:\/\/sherpas.com\/blog\/parents\/a\/parents-ados-ecrans-generation-numerique\/\">\n            <picture>\n                <img decoding=\"async\" width=\"396\" height=\"223\" src=\"https:\/\/sherpas.com\/content\/uploads\/sites\/3\/2025\/12\/Miniature-Youtube-Podcast.jpg\" class=\"article-card-vertical__image wp-post-image\" alt=\"\" ci-src=\"https:\/\/sherpas.com\/content\/uploads\/sites\/3\/2025\/12\/Miniature-Youtube-Podcast.jpg?q=90\" \/>\n                \n                    \n            <\/picture>\n\n        <\/a>\n     \n  \n    <div class=\"article-card-vertical__content\">\n        <a class=\"article-card-vertical__link\" href=\"https:\/\/sherpas.com\/blog\/parents\/a\/parents-ados-ecrans-generation-numerique\/\">\n            <h3 class=\"article-card-vertical__title\" id=\"parents-dados-episode-3-ecrans-et-smartphone-tout-savoir-pour-accompagner-son-ado\">\n                \u00ab Parents d\u2019ados \u00bb \u00c9pisode 3 : Ecrans et smartphone, tout savoir pour accompagner son ado&nbsp;\ud83d\udcf1\n            <\/h3>\n                            <div class=\"article-card-vertical__text\">\n                    Votre ado est tout le temps coll\u00e9 \u00e0 son smartphone, et passe ses journ\u00e9es sur TikTok ou Snapchat (&#8230;)\n                <\/div>\n                    <\/a>   \n                    <div class=\"article-card-vertical__tags article-card-vertical__tags--hide\">\n                <div class=\"article-card-vertical__tag badge\"><\/div>\n            <\/div>\n            <\/div>\n<\/div>\n                        <\/div>\n                                                                                                                    <div class=\"col-12 col-lg-6 col-xl-4 slice-full-page__article \">\n                            <div\n\n   class=\"article-card-vertical  article-card-vertical--3   \">\n\n            <a href=\"https:\/\/sherpas.com\/blog\/parents\/a\/parents-dados-podcast-elodie-gossuin\/\">\n            <picture>\n                <img decoding=\"async\" width=\"396\" height=\"223\" src=\"https:\/\/sherpas.com\/content\/uploads\/sites\/3\/2025\/12\/podcast-elodie-gossuin.png\" class=\"article-card-vertical__image wp-post-image\" alt=\"\" ci-src=\"https:\/\/sherpas.com\/content\/uploads\/sites\/3\/2025\/12\/podcast-elodie-gossuin.png?q=90\" \/>\n                \n                    \n            <\/picture>\n\n        <\/a>\n     \n  \n    <div class=\"article-card-vertical__content\">\n        <a class=\"article-card-vertical__link\" href=\"https:\/\/sherpas.com\/blog\/parents\/a\/parents-dados-podcast-elodie-gossuin\/\">\n            <h3 class=\"article-card-vertical__title\" id=\"parents-dados-episode-2-deculpabiliser-quand-on-est-parent-avec-elodie-gossuin\">\n                \u00ab Parents d\u2019ados \u00bb \u00c9pisode 2 : D\u00e9culpabiliser quand on est parent, avec \u00c9lodie Gossuin&nbsp;\ud83c\udfa7\n            <\/h3>\n                            <div class=\"article-card-vertical__text\">\n                    Vous \u00eates parent d\u2019un ado (ou d\u2019un pr\u00e9-ado), et vous avez parfois l\u2019impression de ne jamais en faire (&#8230;)\n                <\/div>\n                    <\/a>   \n                    <div class=\"article-card-vertical__tags article-card-vertical__tags--hide\">\n                <div class=\"article-card-vertical__tag badge\"><\/div>\n            <\/div>\n            <\/div>\n<\/div>\n                        <\/div>\n                                                                                                                    <div class=\"col-12 col-lg-6 col-xl-4 slice-full-page__article \">\n                            <div\n\n   class=\"article-card-vertical  article-card-vertical--3   \">\n\n            <a href=\"https:\/\/sherpas.com\/blog\/parents\/a\/parents-ados-parcoursup-futurness\/\">\n            <picture>\n                <img decoding=\"async\" width=\"396\" height=\"223\" src=\"https:\/\/sherpas.com\/content\/uploads\/sites\/3\/2025\/12\/Miniature-Youtube-Podcast.png\" class=\"article-card-vertical__image wp-post-image\" alt=\"\" ci-src=\"https:\/\/sherpas.com\/content\/uploads\/sites\/3\/2025\/12\/Miniature-Youtube-Podcast.png?q=90\" \/>\n                \n                    \n            <\/picture>\n\n        <\/a>\n     \n  \n    <div class=\"article-card-vertical__content\">\n        <a class=\"article-card-vertical__link\" href=\"https:\/\/sherpas.com\/blog\/parents\/a\/parents-ados-parcoursup-futurness\/\">\n            <h3 class=\"article-card-vertical__title\" id=\"parents-dados-episode-1-comprendre-et-reussir-parcoursup-quand-on-est-parent\">\n                \u00ab Parents d\u2019ados \u00bb \u00c9pisode 1 : Comprendre et r\u00e9ussir Parcoursup quand on est parent&nbsp;\ud83c\udfa7\n            <\/h3>\n                            <div class=\"article-card-vertical__text\">\n                    Vous \u00eates parent d\u2019un ado en Terminale et l\u2019ouverture de Parcoursup vous angoisse ? Ou votre enfant est (&#8230;)\n                <\/div>\n                    <\/a>   \n                    <div class=\"article-card-vertical__tags article-card-vertical__tags--hide\">\n                <div class=\"article-card-vertical__tag badge\"><\/div>\n            <\/div>\n            <\/div>\n<\/div>\n                        <\/div>\n                                                                                        <\/div>\n            <div class=\"row\">\n                <div class=\"col-12\">\n                                    <\/div>\n            <\/div>\n        <\/div>\n    <\/div>\n<\/section>","protected":false},"excerpt":{"rendered":"<p>Parents d&rsquo;Ados &#8211; Le Podcast \u00ab Parents d\u2019ados \u00bb, c\u2019est le nouveau rendez-vous pour les parents d\u2019ados et (&#8230;)<\/p>\n","protected":false},"author":346,"featured_media":0,"parent":998,"menu_order":1,"comment_status":"closed","ping_status":"closed","template":"landing-template","meta":{"_acf_changed":false,"footnotes":""},"category":[],"tag":[],"class_list":["post-272018","page","type-page","status-publish","hentry"],"acf":[],"_links":{"self":[{"href":"https:\/\/sherpas.com\/blog\/parents\/wp-json\/wp\/v2\/pages\/272018","targetHints":{"allow":["GET"]}}],"collection":[{"href":"https:\/\/sherpas.com\/blog\/parents\/wp-json\/wp\/v2\/pages"}],"about":[{"href":"https:\/\/sherpas.com\/blog\/parents\/wp-json\/wp\/v2\/types\/page"}],"author":[{"embeddable":true,"href":"https:\/\/sherpas.com\/blog\/parents\/wp-json\/wp\/v2\/users\/346"}],"replies":[{"embeddable":true,"href":"https:\/\/sherpas.com\/blog\/parents\/wp-json\/wp\/v2\/comments?post=272018"}],"version-history":[{"count":0,"href":"https:\/\/sherpas.com\/blog\/parents\/wp-json\/wp\/v2\/pages\/272018\/revisions"}],"up":[{"embeddable":true,"href":"https:\/\/sherpas.com\/blog\/parents\/wp-json\/wp\/v2\/pages\/998"}],"wp:attachment":[{"href":"https:\/\/sherpas.com\/blog\/parents\/wp-json\/wp\/v2\/media?parent=272018"}],"wp:term":[{"taxonomy":"category","embeddable":true,"href":"https:\/\/sherpas.com\/blog\/parents\/wp-json\/wp\/v2\/category?post=272018"},{"taxonomy":"tag","embeddable":true,"href":"https:\/\/sherpas.com\/blog\/parents\/wp-json\/wp\/v2\/tag?post=272018"}],"curies":[{"name":"wp","href":"https:\/\/api.w.org\/{rel}","templated":true}]}}