{"id":1006,"date":"2023-09-15T11:44:55","date_gmt":"2023-09-15T09:44:55","guid":{"rendered":"https:\/\/sherpas.com\/blog\/parents\/?page_id=1006"},"modified":"2024-08-26T23:53:13","modified_gmt":"2024-08-26T21:53:13","slug":"programmes","status":"publish","type":"page","link":"https:\/\/sherpas.com\/blog\/parents\/mettre-a-niveau\/programmes\/","title":{"rendered":"Les programmes en bref"},"content":{"rendered":"<section class=\"slice-full-page\" data-max=\"21\">\n    <div class=\"container\">\n        <div class=\"d-lg-flex align-items-end\">\n                            <h1 class=\"slice-full-page__title\" id=\"les-programmes-en-bref\">\n                    Les programmes en bref \n                <\/h1>\n                                <\/div>\n                                <div class=\"slice-full-page__articles\">\n            <div class=\"row\">\n                                                                                                                            <div class=\"col-12 col-lg-6 col-xl-4 slice-full-page__article \">\n                            <div\n\n   class=\"article-card-vertical  article-card-vertical--3   \">\n\n            <a href=\"https:\/\/sherpas.com\/blog\/parents\/a\/programme-philo-terminale-generale\/\">\n            <picture>\n                <img decoding=\"async\" width=\"396\" height=\"264\" src=\"https:\/\/sherpas.com\/content\/uploads\/sites\/3\/2023\/09\/programme-philo-terminale-2-396x264.jpg\" class=\"article-card-vertical__image wp-post-image\" alt=\"programme philo terminale\" srcset=\"https:\/\/xapbm7c37i.cloudimg.io\/https:\/\/sherpas.com\/content\/uploads\/sites\/3\/2023\/09\/programme-philo-terminale-2-396x264.jpg?q=90&amp;org_if_sml=1&amp;w=396 396w, https:\/\/xapbm7c37i.cloudimg.io\/https:\/\/sherpas.com\/content\/uploads\/sites\/3\/2023\/09\/programme-philo-terminale-2-396x264.jpg?q=90&amp;org_if_sml=1&amp;w=300 300w, https:\/\/xapbm7c37i.cloudimg.io\/https:\/\/sherpas.com\/content\/uploads\/sites\/3\/2023\/09\/programme-philo-terminale-2-396x264.jpg?q=90&amp;org_if_sml=1&amp;w=1024 1024w, https:\/\/xapbm7c37i.cloudimg.io\/https:\/\/sherpas.com\/content\/uploads\/sites\/3\/2023\/09\/programme-philo-terminale-2-396x264.jpg?q=90&amp;org_if_sml=1&amp;w=768 768w, https:\/\/xapbm7c37i.cloudimg.io\/https:\/\/sherpas.com\/content\/uploads\/sites\/3\/2023\/09\/programme-philo-terminale-2-396x264.jpg?q=90&amp;org_if_sml=1&amp;w=1536 1536w, https:\/\/xapbm7c37i.cloudimg.io\/https:\/\/sherpas.com\/content\/uploads\/sites\/3\/2023\/09\/programme-philo-terminale-2-396x264.jpg?q=90&amp;org_if_sml=1&amp;w=2048 2048w, https:\/\/xapbm7c37i.cloudimg.io\/https:\/\/sherpas.com\/content\/uploads\/sites\/3\/2023\/09\/programme-philo-terminale-2-396x264.jpg?q=90&amp;org_if_sml=1&amp;w=188 188w, https:\/\/xapbm7c37i.cloudimg.io\/https:\/\/sherpas.com\/content\/uploads\/sites\/3\/2023\/09\/programme-philo-terminale-2-396x264.jpg?q=90&amp;org_if_sml=1&amp;w=288 288w, https:\/\/xapbm7c37i.cloudimg.io\/https:\/\/sherpas.com\/content\/uploads\/sites\/3\/2023\/09\/programme-philo-terminale-2-396x264.jpg?q=90&amp;org_if_sml=1&amp;w=557 557w, https:\/\/xapbm7c37i.cloudimg.io\/https:\/\/sherpas.com\/content\/uploads\/sites\/3\/2023\/09\/programme-philo-terminale-2-396x264.jpg?q=90&amp;org_if_sml=1&amp;w=265 265w, https:\/\/xapbm7c37i.cloudimg.io\/https:\/\/sherpas.com\/content\/uploads\/sites\/3\/2023\/09\/programme-philo-terminale-2-396x264.jpg?q=90&amp;org_if_sml=1&amp;w=60 60w, https:\/\/xapbm7c37i.cloudimg.io\/https:\/\/sherpas.com\/content\/uploads\/sites\/3\/2023\/09\/programme-philo-terminale-2-396x264.jpg?q=90&amp;org_if_sml=1&amp;w=725 725w, https:\/\/xapbm7c37i.cloudimg.io\/https:\/\/sherpas.com\/content\/uploads\/sites\/3\/2023\/09\/programme-philo-terminale-2-396x264.jpg?q=90&amp;org_if_sml=1&amp;w=378 378w\" sizes=\"(max-width: 396px) 100vw, 396px\" ci-src=\"https:\/\/sherpas.com\/content\/uploads\/sites\/3\/2023\/09\/programme-philo-terminale-2-396x264.jpg?q=90\" \/>\n                \n                    \n            <\/picture>\n\n        <\/a>\n     \n  \n    <div class=\"article-card-vertical__content\">\n        <a class=\"article-card-vertical__link\" href=\"https:\/\/sherpas.com\/blog\/parents\/a\/programme-philo-terminale-generale\/\">\n            <h3 class=\"article-card-vertical__title\" id=\"le-programme-de-philo-en-terminale-generale\">\n                Le programme de philo en terminale&nbsp;g\u00e9n\u00e9rale\n            <\/h3>\n                            <div class=\"article-card-vertical__text\">\n                    En terminale g\u00e9n\u00e9rale, impossible d\u2019\u00e9chapper \u00e0 la philosophie. Cette discipline qui \u00e9tudie les questions fondamentales de l&rsquo;existence humaine, (&#8230;)\n                <\/div>\n                    <\/a>   \n                    <div class=\"article-card-vertical__tags article-card-vertical__tags--hide\">\n                <div class=\"article-card-vertical__tag badge\"><\/div>\n            <\/div>\n            <\/div>\n<\/div>\n                        <\/div>\n                                                                                                                    <div class=\"col-12 col-lg-6 col-xl-4 slice-full-page__article \">\n                            <div\n\n   class=\"article-card-vertical  article-card-vertical--3   \">\n\n            <a href=\"https:\/\/sherpas.com\/blog\/parents\/a\/programme-maths-seconde\/\">\n            <picture>\n                <img decoding=\"async\" width=\"396\" height=\"264\" src=\"https:\/\/sherpas.com\/content\/uploads\/sites\/3\/2023\/09\/programme-math-seconde-2-396x264.jpg\" class=\"article-card-vertical__image wp-post-image\" alt=\"programme math seconde\" srcset=\"https:\/\/xapbm7c37i.cloudimg.io\/https:\/\/sherpas.com\/content\/uploads\/sites\/3\/2023\/09\/programme-math-seconde-2-396x264.jpg?q=90&amp;org_if_sml=1&amp;w=396 396w, https:\/\/xapbm7c37i.cloudimg.io\/https:\/\/sherpas.com\/content\/uploads\/sites\/3\/2023\/09\/programme-math-seconde-2-396x264.jpg?q=90&amp;org_if_sml=1&amp;w=300 300w, https:\/\/xapbm7c37i.cloudimg.io\/https:\/\/sherpas.com\/content\/uploads\/sites\/3\/2023\/09\/programme-math-seconde-2-396x264.jpg?q=90&amp;org_if_sml=1&amp;w=1024 1024w, https:\/\/xapbm7c37i.cloudimg.io\/https:\/\/sherpas.com\/content\/uploads\/sites\/3\/2023\/09\/programme-math-seconde-2-396x264.jpg?q=90&amp;org_if_sml=1&amp;w=768 768w, https:\/\/xapbm7c37i.cloudimg.io\/https:\/\/sherpas.com\/content\/uploads\/sites\/3\/2023\/09\/programme-math-seconde-2-396x264.jpg?q=90&amp;org_if_sml=1&amp;w=1536 1536w, https:\/\/xapbm7c37i.cloudimg.io\/https:\/\/sherpas.com\/content\/uploads\/sites\/3\/2023\/09\/programme-math-seconde-2-396x264.jpg?q=90&amp;org_if_sml=1&amp;w=2048 2048w, https:\/\/xapbm7c37i.cloudimg.io\/https:\/\/sherpas.com\/content\/uploads\/sites\/3\/2023\/09\/programme-math-seconde-2-396x264.jpg?q=90&amp;org_if_sml=1&amp;w=188 188w, https:\/\/xapbm7c37i.cloudimg.io\/https:\/\/sherpas.com\/content\/uploads\/sites\/3\/2023\/09\/programme-math-seconde-2-396x264.jpg?q=90&amp;org_if_sml=1&amp;w=288 288w, https:\/\/xapbm7c37i.cloudimg.io\/https:\/\/sherpas.com\/content\/uploads\/sites\/3\/2023\/09\/programme-math-seconde-2-396x264.jpg?q=90&amp;org_if_sml=1&amp;w=557 557w, https:\/\/xapbm7c37i.cloudimg.io\/https:\/\/sherpas.com\/content\/uploads\/sites\/3\/2023\/09\/programme-math-seconde-2-396x264.jpg?q=90&amp;org_if_sml=1&amp;w=265 265w, https:\/\/xapbm7c37i.cloudimg.io\/https:\/\/sherpas.com\/content\/uploads\/sites\/3\/2023\/09\/programme-math-seconde-2-396x264.jpg?q=90&amp;org_if_sml=1&amp;w=60 60w, https:\/\/xapbm7c37i.cloudimg.io\/https:\/\/sherpas.com\/content\/uploads\/sites\/3\/2023\/09\/programme-math-seconde-2-396x264.jpg?q=90&amp;org_if_sml=1&amp;w=725 725w, https:\/\/xapbm7c37i.cloudimg.io\/https:\/\/sherpas.com\/content\/uploads\/sites\/3\/2023\/09\/programme-math-seconde-2-396x264.jpg?q=90&amp;org_if_sml=1&amp;w=378 378w\" sizes=\"(max-width: 396px) 100vw, 396px\" ci-src=\"https:\/\/sherpas.com\/content\/uploads\/sites\/3\/2023\/09\/programme-math-seconde-2-396x264.jpg?q=90\" \/>\n                \n                    \n            <\/picture>\n\n        <\/a>\n     \n  \n    <div class=\"article-card-vertical__content\">\n        <a class=\"article-card-vertical__link\" href=\"https:\/\/sherpas.com\/blog\/parents\/a\/programme-maths-seconde\/\">\n            <h3 class=\"article-card-vertical__title\" id=\"le-programme-de-maths-en-seconde\">\n                Le programme de maths en seconde&nbsp;\ud83e\uddd1\u200d\ud83c\udfeb\n            <\/h3>\n                            <div class=\"article-card-vertical__text\">\n                    La classe de seconde est une ann\u00e9e charni\u00e8re dans le cursus scolaire des \u00e9l\u00e8ves. C&rsquo;est \u00e0 ce moment-l\u00e0 (&#8230;)\n                <\/div>\n                    <\/a>   \n                    <div class=\"article-card-vertical__tags article-card-vertical__tags--hide\">\n                <div class=\"article-card-vertical__tag badge\"><\/div>\n            <\/div>\n            <\/div>\n<\/div>\n                        <\/div>\n                                                                                                                    <div class=\"col-12 col-lg-6 col-xl-4 slice-full-page__article \">\n                            <div\n\n   class=\"article-card-vertical  article-card-vertical--3   \">\n\n            <a href=\"https:\/\/sherpas.com\/blog\/parents\/a\/programme-classe-premiere\/\">\n            <picture>\n                <img decoding=\"async\" width=\"396\" height=\"264\" src=\"https:\/\/sherpas.com\/content\/uploads\/sites\/3\/2023\/09\/programme-premiere-parents-396x264.jpeg\" class=\"article-card-vertical__image wp-post-image\" alt=\"programme premi\u00e8re parents\" srcset=\"https:\/\/xapbm7c37i.cloudimg.io\/https:\/\/sherpas.com\/content\/uploads\/sites\/3\/2023\/09\/programme-premiere-parents-396x264.jpeg?q=90&amp;org_if_sml=1&amp;w=396 396w, https:\/\/xapbm7c37i.cloudimg.io\/https:\/\/sherpas.com\/content\/uploads\/sites\/3\/2023\/09\/programme-premiere-parents-396x264.jpeg?q=90&amp;org_if_sml=1&amp;w=300 300w, https:\/\/xapbm7c37i.cloudimg.io\/https:\/\/sherpas.com\/content\/uploads\/sites\/3\/2023\/09\/programme-premiere-parents-396x264.jpeg?q=90&amp;org_if_sml=1&amp;w=1024 1024w, https:\/\/xapbm7c37i.cloudimg.io\/https:\/\/sherpas.com\/content\/uploads\/sites\/3\/2023\/09\/programme-premiere-parents-396x264.jpeg?q=90&amp;org_if_sml=1&amp;w=768 768w, https:\/\/xapbm7c37i.cloudimg.io\/https:\/\/sherpas.com\/content\/uploads\/sites\/3\/2023\/09\/programme-premiere-parents-396x264.jpeg?q=90&amp;org_if_sml=1&amp;w=1536 1536w, https:\/\/xapbm7c37i.cloudimg.io\/https:\/\/sherpas.com\/content\/uploads\/sites\/3\/2023\/09\/programme-premiere-parents-396x264.jpeg?q=90&amp;org_if_sml=1&amp;w=188 188w, https:\/\/xapbm7c37i.cloudimg.io\/https:\/\/sherpas.com\/content\/uploads\/sites\/3\/2023\/09\/programme-premiere-parents-396x264.jpeg?q=90&amp;org_if_sml=1&amp;w=288 288w, https:\/\/xapbm7c37i.cloudimg.io\/https:\/\/sherpas.com\/content\/uploads\/sites\/3\/2023\/09\/programme-premiere-parents-396x264.jpeg?q=90&amp;org_if_sml=1&amp;w=557 557w, https:\/\/xapbm7c37i.cloudimg.io\/https:\/\/sherpas.com\/content\/uploads\/sites\/3\/2023\/09\/programme-premiere-parents-396x264.jpeg?q=90&amp;org_if_sml=1&amp;w=265 265w, https:\/\/xapbm7c37i.cloudimg.io\/https:\/\/sherpas.com\/content\/uploads\/sites\/3\/2023\/09\/programme-premiere-parents-396x264.jpeg?q=90&amp;org_if_sml=1&amp;w=60 60w, https:\/\/xapbm7c37i.cloudimg.io\/https:\/\/sherpas.com\/content\/uploads\/sites\/3\/2023\/09\/programme-premiere-parents-396x264.jpeg?q=90&amp;org_if_sml=1&amp;w=725 725w, https:\/\/xapbm7c37i.cloudimg.io\/https:\/\/sherpas.com\/content\/uploads\/sites\/3\/2023\/09\/programme-premiere-parents-396x264.jpeg?q=90&amp;org_if_sml=1&amp;w=378 378w, https:\/\/xapbm7c37i.cloudimg.io\/https:\/\/sherpas.com\/content\/uploads\/sites\/3\/2023\/09\/programme-premiere-parents-396x264.jpeg?q=90&amp;org_if_sml=1&amp;w=2000 2000w\" sizes=\"(max-width: 396px) 100vw, 396px\" ci-src=\"https:\/\/sherpas.com\/content\/uploads\/sites\/3\/2023\/09\/programme-premiere-parents-396x264.jpeg?q=90\" \/>\n                \n                    \n            <\/picture>\n\n        <\/a>\n     \n  \n    <div class=\"article-card-vertical__content\">\n        <a class=\"article-card-vertical__link\" href=\"https:\/\/sherpas.com\/blog\/parents\/a\/programme-classe-premiere\/\">\n            <h3 class=\"article-card-vertical__title\" id=\"le-programme-de-premiere-en-bref\">\n                Le programme de Premi\u00e8re en bref&nbsp;\ud83d\udcda\n            <\/h3>\n                            <div class=\"article-card-vertical__text\">\n                    La classe de Premi\u00e8re est beaucoup plus qu\u2019une simple ann\u00e9e scolaire : il s\u2019agit d\u2019une ann\u00e9e d\u00e9cisive pour (&#8230;)\n                <\/div>\n                    <\/a>   \n                    <div class=\"article-card-vertical__tags article-card-vertical__tags--hide\">\n                <div class=\"article-card-vertical__tag badge\"><\/div>\n            <\/div>\n            <\/div>\n<\/div>\n                        <\/div>\n                                                                                                                    <div class=\"col-12 col-lg-6 col-xl-4 slice-full-page__article \">\n                            <div\n\n   class=\"article-card-vertical  article-card-vertical--3   \">\n\n            <a href=\"https:\/\/sherpas.com\/blog\/parents\/a\/cycle-scolaire\/\">\n            <picture>\n                <img decoding=\"async\" width=\"396\" height=\"264\" src=\"https:\/\/sherpas.com\/content\/uploads\/sites\/3\/2024\/04\/cycle-1-2-3-396x264.jpg\" class=\"article-card-vertical__image wp-post-image\" alt=\"cycle 1 2 3\" srcset=\"https:\/\/xapbm7c37i.cloudimg.io\/https:\/\/sherpas.com\/content\/uploads\/sites\/3\/2024\/04\/cycle-1-2-3-396x264.jpg?q=90&amp;org_if_sml=1&amp;w=396 396w, https:\/\/xapbm7c37i.cloudimg.io\/https:\/\/sherpas.com\/content\/uploads\/sites\/3\/2024\/04\/cycle-1-2-3-396x264.jpg?q=90&amp;org_if_sml=1&amp;w=300 300w, https:\/\/xapbm7c37i.cloudimg.io\/https:\/\/sherpas.com\/content\/uploads\/sites\/3\/2024\/04\/cycle-1-2-3-396x264.jpg?q=90&amp;org_if_sml=1&amp;w=1024 1024w, https:\/\/xapbm7c37i.cloudimg.io\/https:\/\/sherpas.com\/content\/uploads\/sites\/3\/2024\/04\/cycle-1-2-3-396x264.jpg?q=90&amp;org_if_sml=1&amp;w=768 768w, https:\/\/xapbm7c37i.cloudimg.io\/https:\/\/sherpas.com\/content\/uploads\/sites\/3\/2024\/04\/cycle-1-2-3-396x264.jpg?q=90&amp;org_if_sml=1&amp;w=1536 1536w, https:\/\/xapbm7c37i.cloudimg.io\/https:\/\/sherpas.com\/content\/uploads\/sites\/3\/2024\/04\/cycle-1-2-3-396x264.jpg?q=90&amp;org_if_sml=1&amp;w=188 188w, https:\/\/xapbm7c37i.cloudimg.io\/https:\/\/sherpas.com\/content\/uploads\/sites\/3\/2024\/04\/cycle-1-2-3-396x264.jpg?q=90&amp;org_if_sml=1&amp;w=288 288w, https:\/\/xapbm7c37i.cloudimg.io\/https:\/\/sherpas.com\/content\/uploads\/sites\/3\/2024\/04\/cycle-1-2-3-396x264.jpg?q=90&amp;org_if_sml=1&amp;w=557 557w, https:\/\/xapbm7c37i.cloudimg.io\/https:\/\/sherpas.com\/content\/uploads\/sites\/3\/2024\/04\/cycle-1-2-3-396x264.jpg?q=90&amp;org_if_sml=1&amp;w=265 265w, https:\/\/xapbm7c37i.cloudimg.io\/https:\/\/sherpas.com\/content\/uploads\/sites\/3\/2024\/04\/cycle-1-2-3-396x264.jpg?q=90&amp;org_if_sml=1&amp;w=60 60w, https:\/\/xapbm7c37i.cloudimg.io\/https:\/\/sherpas.com\/content\/uploads\/sites\/3\/2024\/04\/cycle-1-2-3-396x264.jpg?q=90&amp;org_if_sml=1&amp;w=725 725w, https:\/\/xapbm7c37i.cloudimg.io\/https:\/\/sherpas.com\/content\/uploads\/sites\/3\/2024\/04\/cycle-1-2-3-396x264.jpg?q=90&amp;org_if_sml=1&amp;w=378 378w, https:\/\/xapbm7c37i.cloudimg.io\/https:\/\/sherpas.com\/content\/uploads\/sites\/3\/2024\/04\/cycle-1-2-3-396x264.jpg?q=90&amp;org_if_sml=1&amp;w=1920 1920w\" sizes=\"(max-width: 396px) 100vw, 396px\" ci-src=\"https:\/\/sherpas.com\/content\/uploads\/sites\/3\/2024\/04\/cycle-1-2-3-396x264.jpg?q=90\" \/>\n                \n                    \n            <\/picture>\n\n        <\/a>\n     \n  \n    <div class=\"article-card-vertical__content\">\n        <a class=\"article-card-vertical__link\" href=\"https:\/\/sherpas.com\/blog\/parents\/a\/cycle-scolaire\/\">\n            <h3 class=\"article-card-vertical__title\" id=\"comment-sont-organises-les-cycles-scolaires-1-2-et-3\">\n                Comment sont organis\u00e9s les cycles scolaires 1, 2 et 3 ?\u200b&nbsp;\ud83c\udfeb\n            <\/h3>\n                            <div class=\"article-card-vertical__text\">\n                    Quand on vous parle de \u00ab cycles scolaires \u00bb, c\u2019est la panne s\u00e8che\u202f? Vous ignorez \u00e0 quoi correspondent (&#8230;)\n                <\/div>\n                    <\/a>   \n                    <div class=\"article-card-vertical__tags article-card-vertical__tags--hide\">\n                <div class=\"article-card-vertical__tag badge\"><\/div>\n            <\/div>\n            <\/div>\n<\/div>\n                        <\/div>\n                                                                                                                    <div class=\"col-12 col-lg-6 col-xl-4 slice-full-page__article \">\n                            <div\n\n   class=\"article-card-vertical  article-card-vertical--3   \">\n\n            <a href=\"https:\/\/sherpas.com\/blog\/parents\/a\/programme-histoire-geo-premiere\/\">\n            <picture>\n                <img decoding=\"async\" width=\"396\" height=\"258\" src=\"https:\/\/sherpas.com\/content\/uploads\/sites\/3\/2023\/10\/programme-premiere-histoire-geo-396x258.jpeg\" class=\"article-card-vertical__image wp-post-image\" alt=\"programme premi\u00e8re histoire g\u00e9o\" srcset=\"https:\/\/xapbm7c37i.cloudimg.io\/https:\/\/sherpas.com\/content\/uploads\/sites\/3\/2023\/10\/programme-premiere-histoire-geo-396x258.jpeg?q=90&amp;org_if_sml=1&amp;w=396 396w, https:\/\/xapbm7c37i.cloudimg.io\/https:\/\/sherpas.com\/content\/uploads\/sites\/3\/2023\/10\/programme-premiere-histoire-geo-396x258.jpeg?q=90&amp;org_if_sml=1&amp;w=300 300w, https:\/\/xapbm7c37i.cloudimg.io\/https:\/\/sherpas.com\/content\/uploads\/sites\/3\/2023\/10\/programme-premiere-histoire-geo-396x258.jpeg?q=90&amp;org_if_sml=1&amp;w=1024 1024w, https:\/\/xapbm7c37i.cloudimg.io\/https:\/\/sherpas.com\/content\/uploads\/sites\/3\/2023\/10\/programme-premiere-histoire-geo-396x258.jpeg?q=90&amp;org_if_sml=1&amp;w=768 768w, https:\/\/xapbm7c37i.cloudimg.io\/https:\/\/sherpas.com\/content\/uploads\/sites\/3\/2023\/10\/programme-premiere-histoire-geo-396x258.jpeg?q=90&amp;org_if_sml=1&amp;w=1536 1536w, https:\/\/xapbm7c37i.cloudimg.io\/https:\/\/sherpas.com\/content\/uploads\/sites\/3\/2023\/10\/programme-premiere-histoire-geo-396x258.jpeg?q=90&amp;org_if_sml=1&amp;w=192 192w, https:\/\/xapbm7c37i.cloudimg.io\/https:\/\/sherpas.com\/content\/uploads\/sites\/3\/2023\/10\/programme-premiere-histoire-geo-396x258.jpeg?q=90&amp;org_if_sml=1&amp;w=288 288w, https:\/\/xapbm7c37i.cloudimg.io\/https:\/\/sherpas.com\/content\/uploads\/sites\/3\/2023\/10\/programme-premiere-histoire-geo-396x258.jpeg?q=90&amp;org_if_sml=1&amp;w=569 569w, https:\/\/xapbm7c37i.cloudimg.io\/https:\/\/sherpas.com\/content\/uploads\/sites\/3\/2023\/10\/programme-premiere-histoire-geo-396x258.jpeg?q=90&amp;org_if_sml=1&amp;w=265 265w, https:\/\/xapbm7c37i.cloudimg.io\/https:\/\/sherpas.com\/content\/uploads\/sites\/3\/2023\/10\/programme-premiere-histoire-geo-396x258.jpeg?q=90&amp;org_if_sml=1&amp;w=60 60w, https:\/\/xapbm7c37i.cloudimg.io\/https:\/\/sherpas.com\/content\/uploads\/sites\/3\/2023\/10\/programme-premiere-histoire-geo-396x258.jpeg?q=90&amp;org_if_sml=1&amp;w=2000 2000w\" sizes=\"(max-width: 396px) 100vw, 396px\" ci-src=\"https:\/\/sherpas.com\/content\/uploads\/sites\/3\/2023\/10\/programme-premiere-histoire-geo-396x258.jpeg?q=90\" \/>\n                \n                    \n            <\/picture>\n\n        <\/a>\n     \n  \n    <div class=\"article-card-vertical__content\">\n        <a class=\"article-card-vertical__link\" href=\"https:\/\/sherpas.com\/blog\/parents\/a\/programme-histoire-geo-premiere\/\">\n            <h3 class=\"article-card-vertical__title\" id=\"le-programme-dhistoire-geo-en-premiere\">\n                Le programme d\u2019histoire-g\u00e9o en premi\u00e8re&nbsp;\ud83d\udcda\n            <\/h3>\n                            <div class=\"article-card-vertical__text\">\n                    \u00ab Nelson Mandela a cr\u00e9\u00e9 l\u2019Afrique du Sud en 1815 \u00bb. Oui, il s\u2019agit bien de la r\u00e9ponse (&#8230;)\n                <\/div>\n                    <\/a>   \n                    <div class=\"article-card-vertical__tags article-card-vertical__tags--hide\">\n                <div class=\"article-card-vertical__tag badge\"><\/div>\n            <\/div>\n            <\/div>\n<\/div>\n                        <\/div>\n                                                                                                                    <div class=\"col-12 col-lg-6 col-xl-4 slice-full-page__article \">\n                            <div\n\n   class=\"article-card-vertical  article-card-vertical--3   \">\n\n            <a href=\"https:\/\/sherpas.com\/blog\/parents\/a\/technologie-6eme\/\">\n            <picture>\n                <img decoding=\"async\" width=\"396\" height=\"264\" src=\"https:\/\/sherpas.com\/content\/uploads\/sites\/3\/2023\/10\/r_techno-suppression-396x264.webp\" class=\"article-card-vertical__image wp-post-image\" alt=\"suppression cours techno\" srcset=\"https:\/\/xapbm7c37i.cloudimg.io\/https:\/\/sherpas.com\/content\/uploads\/sites\/3\/2023\/10\/r_techno-suppression-396x264.webp?q=90&amp;org_if_sml=1&amp;w=396 396w, https:\/\/xapbm7c37i.cloudimg.io\/https:\/\/sherpas.com\/content\/uploads\/sites\/3\/2023\/10\/r_techno-suppression-396x264.webp?q=90&amp;org_if_sml=1&amp;w=300 300w, https:\/\/xapbm7c37i.cloudimg.io\/https:\/\/sherpas.com\/content\/uploads\/sites\/3\/2023\/10\/r_techno-suppression-396x264.webp?q=90&amp;org_if_sml=1&amp;w=1024 1024w, https:\/\/xapbm7c37i.cloudimg.io\/https:\/\/sherpas.com\/content\/uploads\/sites\/3\/2023\/10\/r_techno-suppression-396x264.webp?q=90&amp;org_if_sml=1&amp;w=768 768w, https:\/\/xapbm7c37i.cloudimg.io\/https:\/\/sherpas.com\/content\/uploads\/sites\/3\/2023\/10\/r_techno-suppression-396x264.webp?q=90&amp;org_if_sml=1&amp;w=1536 1536w, https:\/\/xapbm7c37i.cloudimg.io\/https:\/\/sherpas.com\/content\/uploads\/sites\/3\/2023\/10\/r_techno-suppression-396x264.webp?q=90&amp;org_if_sml=1&amp;w=2048 2048w, https:\/\/xapbm7c37i.cloudimg.io\/https:\/\/sherpas.com\/content\/uploads\/sites\/3\/2023\/10\/r_techno-suppression-396x264.webp?q=90&amp;org_if_sml=1&amp;w=188 188w, https:\/\/xapbm7c37i.cloudimg.io\/https:\/\/sherpas.com\/content\/uploads\/sites\/3\/2023\/10\/r_techno-suppression-396x264.webp?q=90&amp;org_if_sml=1&amp;w=288 288w, https:\/\/xapbm7c37i.cloudimg.io\/https:\/\/sherpas.com\/content\/uploads\/sites\/3\/2023\/10\/r_techno-suppression-396x264.webp?q=90&amp;org_if_sml=1&amp;w=557 557w, https:\/\/xapbm7c37i.cloudimg.io\/https:\/\/sherpas.com\/content\/uploads\/sites\/3\/2023\/10\/r_techno-suppression-396x264.webp?q=90&amp;org_if_sml=1&amp;w=265 265w, https:\/\/xapbm7c37i.cloudimg.io\/https:\/\/sherpas.com\/content\/uploads\/sites\/3\/2023\/10\/r_techno-suppression-396x264.webp?q=90&amp;org_if_sml=1&amp;w=60 60w, https:\/\/xapbm7c37i.cloudimg.io\/https:\/\/sherpas.com\/content\/uploads\/sites\/3\/2023\/10\/r_techno-suppression-396x264.webp?q=90&amp;org_if_sml=1&amp;w=725 725w, https:\/\/xapbm7c37i.cloudimg.io\/https:\/\/sherpas.com\/content\/uploads\/sites\/3\/2023\/10\/r_techno-suppression-396x264.webp?q=90&amp;org_if_sml=1&amp;w=378 378w\" sizes=\"(max-width: 396px) 100vw, 396px\" ci-src=\"https:\/\/sherpas.com\/content\/uploads\/sites\/3\/2023\/10\/r_techno-suppression-396x264.webp?q=90\" \/>\n                \n                    \n            <\/picture>\n\n        <\/a>\n     \n  \n    <div class=\"article-card-vertical__content\">\n        <a class=\"article-card-vertical__link\" href=\"https:\/\/sherpas.com\/blog\/parents\/a\/technologie-6eme\/\">\n            <h3 class=\"article-card-vertical__title\" id=\"pourquoi-la-suppression-des-cours-de-techno-en-6%e1%b5%89\">\n                Pourquoi la suppression des cours de techno en 6\u1d49 ?&nbsp;\u2699\ufe0f\n            <\/h3>\n                            <div class=\"article-card-vertical__text\">\n                    Vous \u00eates certainement d\u00e9j\u00e0 au courant : il n\u2019y a plus de techno en 6\u1d49. Pourquoi cette r\u00e9forme (&#8230;)\n                <\/div>\n                    <\/a>   \n                    <div class=\"article-card-vertical__tags article-card-vertical__tags--hide\">\n                <div class=\"article-card-vertical__tag badge\"><\/div>\n            <\/div>\n            <\/div>\n<\/div>\n                        <\/div>\n                                                                                                                    <div class=\"col-12 col-lg-6 col-xl-4 slice-full-page__article \">\n                            <div\n\n   class=\"article-card-vertical  article-card-vertical--3   \">\n\n            <a href=\"https:\/\/sherpas.com\/blog\/parents\/a\/seconde-programme-lycee\/\">\n            <picture>\n                <img decoding=\"async\" width=\"396\" height=\"262\" src=\"https:\/\/sherpas.com\/content\/uploads\/sites\/3\/2023\/09\/classe-seconde-2-396x262.jpg\" class=\"article-card-vertical__image wp-post-image\" alt=\"classe de seconde\" srcset=\"https:\/\/xapbm7c37i.cloudimg.io\/https:\/\/sherpas.com\/content\/uploads\/sites\/3\/2023\/09\/classe-seconde-2-396x262.jpg?q=90&amp;org_if_sml=1&amp;w=396 396w, https:\/\/xapbm7c37i.cloudimg.io\/https:\/\/sherpas.com\/content\/uploads\/sites\/3\/2023\/09\/classe-seconde-2-396x262.jpg?q=90&amp;org_if_sml=1&amp;w=300 300w, https:\/\/xapbm7c37i.cloudimg.io\/https:\/\/sherpas.com\/content\/uploads\/sites\/3\/2023\/09\/classe-seconde-2-396x262.jpg?q=90&amp;org_if_sml=1&amp;w=1024 1024w, https:\/\/xapbm7c37i.cloudimg.io\/https:\/\/sherpas.com\/content\/uploads\/sites\/3\/2023\/09\/classe-seconde-2-396x262.jpg?q=90&amp;org_if_sml=1&amp;w=768 768w, https:\/\/xapbm7c37i.cloudimg.io\/https:\/\/sherpas.com\/content\/uploads\/sites\/3\/2023\/09\/classe-seconde-2-396x262.jpg?q=90&amp;org_if_sml=1&amp;w=1536 1536w, https:\/\/xapbm7c37i.cloudimg.io\/https:\/\/sherpas.com\/content\/uploads\/sites\/3\/2023\/09\/classe-seconde-2-396x262.jpg?q=90&amp;org_if_sml=1&amp;w=2048 2048w, https:\/\/xapbm7c37i.cloudimg.io\/https:\/\/sherpas.com\/content\/uploads\/sites\/3\/2023\/09\/classe-seconde-2-396x262.jpg?q=90&amp;org_if_sml=1&amp;w=189 189w, https:\/\/xapbm7c37i.cloudimg.io\/https:\/\/sherpas.com\/content\/uploads\/sites\/3\/2023\/09\/classe-seconde-2-396x262.jpg?q=90&amp;org_if_sml=1&amp;w=288 288w, https:\/\/xapbm7c37i.cloudimg.io\/https:\/\/sherpas.com\/content\/uploads\/sites\/3\/2023\/09\/classe-seconde-2-396x262.jpg?q=90&amp;org_if_sml=1&amp;w=560 560w, https:\/\/xapbm7c37i.cloudimg.io\/https:\/\/sherpas.com\/content\/uploads\/sites\/3\/2023\/09\/classe-seconde-2-396x262.jpg?q=90&amp;org_if_sml=1&amp;w=265 265w, https:\/\/xapbm7c37i.cloudimg.io\/https:\/\/sherpas.com\/content\/uploads\/sites\/3\/2023\/09\/classe-seconde-2-396x262.jpg?q=90&amp;org_if_sml=1&amp;w=60 60w\" sizes=\"(max-width: 396px) 100vw, 396px\" ci-src=\"https:\/\/sherpas.com\/content\/uploads\/sites\/3\/2023\/09\/classe-seconde-2-396x262.jpg?q=90\" \/>\n                \n                    \n            <\/picture>\n\n        <\/a>\n     \n  \n    <div class=\"article-card-vertical__content\">\n        <a class=\"article-card-vertical__link\" href=\"https:\/\/sherpas.com\/blog\/parents\/a\/seconde-programme-lycee\/\">\n            <h3 class=\"article-card-vertical__title\" id=\"tout-savoir-sur-la-classe-de-seconde-lorientation-le-controle-continu-le-programme\">\n                Tout savoir sur la classe de seconde : l&rsquo;orientation, le contr\u00f4le continu, le programme\u2026&nbsp;\ud83e\uddd1\u200d\ud83c\udf93\n            <\/h3>\n                            <div class=\"article-card-vertical__text\">\n                    Pour votre jeune ado, la rentr\u00e9e en seconde, c\u2019est un saut dans l\u2019inconnu (ou presque). Nouvel \u00e9tablissement, d\u00e9couverte (&#8230;)\n                <\/div>\n                    <\/a>   \n                    <div class=\"article-card-vertical__tags article-card-vertical__tags--hide\">\n                <div class=\"article-card-vertical__tag badge\"><\/div>\n            <\/div>\n            <\/div>\n<\/div>\n                        <\/div>\n                                                                                                                                                <\/div>\n            <div class=\"row\">\n                <div class=\"col-12\">\n                                    <\/div>\n            <\/div>\n        <\/div>\n    <\/div>\n<\/section>\n\n<section class=\"edito-banner\">\n            <a target=\"\" href=\"https:\/\/sherpas.com\/blog\/toolbox\/\">\n            <div class=\"container\">\n                <div class=\"edito-banner__text-bg\">\n                                            Toolbox\n                                    <\/div>\n                <div class=\"row justify-content-center align-items-center flex-md-row-reverse\">\n                    <div class=\"col-12 col-md-4 offset-md-1 edito-banner__content\">\n                        <div class=\"d-md-none edito-banner__title\">Nos ressources \u00e9tudiantes<\/div>\n                                                    <img decoding=\"async\" class=\"mt-30 mt-md-0\" alt =\"Nos ressources \u00e9tudiantes\" src=\"https:\/\/sherpas.com\/content\/uploads\/sites\/3\/2023\/09\/toolbox-etudiante-2-scaled.jpg\">\n                                            <\/div>\n                    <div class=\"col-12 col-md-8 col-lg-5\">\n                        <div class=\"d-none d-md-block edito-banner__title\">Nos ressources \u00e9tudiantes<\/div>\n                        <div class=\"edito-banner__text font-weight-normal mt-20\"><p>Si nous avons cr\u00e9\u00e9 du contenu exclusivement pour vous, certains outils de notre blog \u00e9tudiant pourraient vous int\u00e9resser&#8230;<\/p>\n<\/div>\n                                                    <button type=\"button\"\n                                    class=\"mt-30 btn btn-purple\">D\u00e9couvrez notre toolbox \u00e9tudiante<\/button>\n                                                <div class=\"mt-30 mt-md-40 t-11\">\n                                                    <\/div>\n                    <\/div>\n                <\/div>\n            <\/div>\n        <\/a>\n    <\/section>\n","protected":false},"excerpt":{"rendered":"","protected":false},"author":336,"featured_media":0,"parent":997,"menu_order":0,"comment_status":"closed","ping_status":"closed","template":"category-template","meta":{"_acf_changed":false,"footnotes":""},"category":[14,12],"tag":[],"class_list":["post-1006","page","type-page","status-publish","hentry","category-programmes","category-mettre-a-niveau"],"acf":[],"_links":{"self":[{"href":"https:\/\/sherpas.com\/blog\/parents\/wp-json\/wp\/v2\/pages\/1006","targetHints":{"allow":["GET"]}}],"collection":[{"href":"https:\/\/sherpas.com\/blog\/parents\/wp-json\/wp\/v2\/pages"}],"about":[{"href":"https:\/\/sherpas.com\/blog\/parents\/wp-json\/wp\/v2\/types\/page"}],"author":[{"embeddable":true,"href":"https:\/\/sherpas.com\/blog\/parents\/wp-json\/wp\/v2\/users\/336"}],"replies":[{"embeddable":true,"href":"https:\/\/sherpas.com\/blog\/parents\/wp-json\/wp\/v2\/comments?post=1006"}],"version-history":[{"count":0,"href":"https:\/\/sherpas.com\/blog\/parents\/wp-json\/wp\/v2\/pages\/1006\/revisions"}],"up":[{"embeddable":true,"href":"https:\/\/sherpas.com\/blog\/parents\/wp-json\/wp\/v2\/pages\/997"}],"wp:attachment":[{"href":"https:\/\/sherpas.com\/blog\/parents\/wp-json\/wp\/v2\/media?parent=1006"}],"wp:term":[{"taxonomy":"category","embeddable":true,"href":"https:\/\/sherpas.com\/blog\/parents\/wp-json\/wp\/v2\/category?post=1006"},{"taxonomy":"tag","embeddable":true,"href":"https:\/\/sherpas.com\/blog\/parents\/wp-json\/wp\/v2\/tag?post=1006"}],"curies":[{"name":"wp","href":"https:\/\/api.w.org\/{rel}","templated":true}]}}