{"id":1004,"date":"2023-09-15T11:36:02","date_gmt":"2023-09-15T09:36:02","guid":{"rendered":"https:\/\/sherpas.com\/blog\/parents\/?page_id=1004"},"modified":"2024-08-26T23:52:29","modified_gmt":"2024-08-26T21:52:29","slug":"accompagner","status":"publish","type":"page","link":"https:\/\/sherpas.com\/blog\/parents\/les-comprendre\/accompagner\/","title":{"rendered":"Accompagner"},"content":{"rendered":"<section class=\"slice-full-page\" data-max=\"21\">\n    <div class=\"container\">\n        <div class=\"d-lg-flex align-items-end\">\n                            <h1 class=\"slice-full-page__title\" id=\"accompagner\">\n                    Accompagner \n                <\/h1>\n                                <\/div>\n                                <div class=\"slice-full-page__articles\">\n            <div class=\"row\">\n                                                                                                                            <div class=\"col-12 col-lg-6 col-xl-4 slice-full-page__article \">\n                            <div\n\n   class=\"article-card-vertical  article-card-vertical--3   \">\n\n            <a href=\"https:\/\/sherpas.com\/blog\/parents\/a\/convention-citoyenne-temps-enfant\/\">\n            <picture>\n                <img decoding=\"async\" width=\"396\" height=\"223\" src=\"https:\/\/sherpas.com\/content\/uploads\/sites\/3\/2025\/11\/convention-temps-enfants.jpg\" class=\"article-card-vertical__image wp-post-image\" alt=\"\" ci-src=\"https:\/\/sherpas.com\/content\/uploads\/sites\/3\/2025\/11\/convention-temps-enfants.jpg?q=90\" \/>\n                \n                    \n            <\/picture>\n\n        <\/a>\n     \n  \n    <div class=\"article-card-vertical__content\">\n        <a class=\"article-card-vertical__link\" href=\"https:\/\/sherpas.com\/blog\/parents\/a\/convention-citoyenne-temps-enfant\/\">\n            <h3 class=\"article-card-vertical__title\" id=\"les-propositions-de-la-convention-citoyenne-sur-les-temps-de-lenfant\">\n                Les propositions de la Convention citoyenne sur les temps de l\u2019enfant&nbsp;\ud83d\udd52\n            <\/h3>\n                            <div class=\"article-card-vertical__text\">\n                    Vous en avez s\u00fbrement entendu parler r\u00e9cemment : la Convention citoyenne sur les temps de l\u2019enfant a d\u00e9voil\u00e9 (&#8230;)\n                <\/div>\n                    <\/a>   \n                    <div class=\"article-card-vertical__tags article-card-vertical__tags--hide\">\n                <div class=\"article-card-vertical__tag badge\"><\/div>\n            <\/div>\n            <\/div>\n<\/div>\n                        <\/div>\n                                                                                                                    <div class=\"col-12 col-lg-6 col-xl-4 slice-full-page__article \">\n                            <div\n\n   class=\"article-card-vertical  article-card-vertical--3   \">\n\n            <a href=\"https:\/\/sherpas.com\/blog\/parents\/a\/premier-compte-reseaux-sociaux-enfant\/\">\n            <picture>\n                <img decoding=\"async\" width=\"396\" height=\"223\" src=\"https:\/\/sherpas.com\/content\/uploads\/sites\/3\/2025\/10\/premier-compte-rs.jpg\" class=\"article-card-vertical__image wp-post-image\" alt=\"premier compte rs\" ci-src=\"https:\/\/sherpas.com\/content\/uploads\/sites\/3\/2025\/10\/premier-compte-rs.jpg?q=90\" \/>\n                \n                    \n            <\/picture>\n\n        <\/a>\n     \n  \n    <div class=\"article-card-vertical__content\">\n        <a class=\"article-card-vertical__link\" href=\"https:\/\/sherpas.com\/blog\/parents\/a\/premier-compte-reseaux-sociaux-enfant\/\">\n            <h3 class=\"article-card-vertical__title\" id=\"mon-enfant-ouvre-son-premier-compte-sur-les-reseaux-sociaux-que-faire\">\n                Mon enfant ouvre son premier compte sur les r\u00e9seaux sociaux, que faire ?&nbsp;\ud83e\uddd2\n            <\/h3>\n                            <div class=\"article-card-vertical__text\">\n                    \u00c7a y est. Vous y \u00eates enfin : votre ado souhaite ouvrir son premier compte sur les r\u00e9seaux (&#8230;)\n                <\/div>\n                    <\/a>   \n                    <div class=\"article-card-vertical__tags article-card-vertical__tags--hide\">\n                <div class=\"article-card-vertical__tag badge\"><\/div>\n            <\/div>\n            <\/div>\n<\/div>\n                        <\/div>\n                                                                                                                    <div class=\"col-12 col-lg-6 col-xl-4 slice-full-page__article \">\n                            <div\n\n   class=\"article-card-vertical  article-card-vertical--3   \">\n\n            <a href=\"https:\/\/sherpas.com\/blog\/parents\/a\/ecrans-temps-famille\/\">\n            <picture>\n                <img decoding=\"async\" width=\"396\" height=\"223\" src=\"https:\/\/sherpas.com\/content\/uploads\/sites\/3\/2025\/10\/ecrans-temps-en-famille.jpg\" class=\"article-card-vertical__image wp-post-image\" alt=\"\" ci-src=\"https:\/\/sherpas.com\/content\/uploads\/sites\/3\/2025\/10\/ecrans-temps-en-famille.jpg?q=90\" \/>\n                \n                    \n            <\/picture>\n\n        <\/a>\n     \n  \n    <div class=\"article-card-vertical__content\">\n        <a class=\"article-card-vertical__link\" href=\"https:\/\/sherpas.com\/blog\/parents\/a\/ecrans-temps-famille\/\">\n            <h3 class=\"article-card-vertical__title\" id=\"ecrans-et-temps-en-famille-comment-en-faire-des-moments-privilegies\">\n                \u00c9crans et temps en famille : comment en faire des moments privil\u00e9gi\u00e9s ?&nbsp;\ud83e\udec2\n            <\/h3>\n                            <div class=\"article-card-vertical__text\">\n                    Vous l\u2019avez s\u00fbrement remarqu\u00e9 : les \u00e9crans occupent une place grandissante dans nos foyers, que ce soit pour (&#8230;)\n                <\/div>\n                    <\/a>   \n                    <div class=\"article-card-vertical__tags article-card-vertical__tags--hide\">\n                <div class=\"article-card-vertical__tag badge\"><\/div>\n            <\/div>\n            <\/div>\n<\/div>\n                        <\/div>\n                                                                                                                    <div class=\"col-12 col-lg-6 col-xl-4 slice-full-page__article \">\n                            <div\n\n   class=\"article-card-vertical  article-card-vertical--3   \">\n\n            <a href=\"https:\/\/sherpas.com\/blog\/parents\/a\/osez-les-cours-particuliers\/\">\n            <picture>\n                <img decoding=\"async\" width=\"396\" height=\"223\" src=\"https:\/\/sherpas.com\/content\/uploads\/sites\/3\/2025\/09\/osez-cours-part.jpg\" class=\"article-card-vertical__image wp-post-image\" alt=\"\" ci-src=\"https:\/\/sherpas.com\/content\/uploads\/sites\/3\/2025\/09\/osez-cours-part.jpg?q=90\" \/>\n                \n                    \n            <\/picture>\n\n        <\/a>\n     \n  \n    <div class=\"article-card-vertical__content\">\n        <a class=\"article-card-vertical__link\" href=\"https:\/\/sherpas.com\/blog\/parents\/a\/osez-les-cours-particuliers\/\">\n            <h3 class=\"article-card-vertical__title\" id=\"osez-les-cours-particuliers\">\n                Osez les cours particuliers&nbsp;\ud83e\uddd1\u200d\ud83c\udfeb\n            <\/h3>\n                            <div class=\"article-card-vertical__text\">\n                    On a souvent une image un peu fig\u00e9e des cours particuliers : compliqu\u00e9s \u00e0 organiser, trop chers, ou (&#8230;)\n                <\/div>\n                    <\/a>   \n                    <div class=\"article-card-vertical__tags article-card-vertical__tags--hide\">\n                <div class=\"article-card-vertical__tag badge\"><\/div>\n            <\/div>\n            <\/div>\n<\/div>\n                        <\/div>\n                                                                                                                    <div class=\"col-12 col-lg-6 col-xl-4 slice-full-page__article \">\n                            <div\n\n   class=\"article-card-vertical  article-card-vertical--3   \">\n\n            <a href=\"https:\/\/sherpas.com\/blog\/parents\/a\/quel-temps-ecran-enfants\/\">\n            <picture>\n                <img decoding=\"async\" width=\"396\" height=\"223\" src=\"https:\/\/sherpas.com\/content\/uploads\/sites\/3\/2025\/10\/temps-ecran-enfants.jpg\" class=\"article-card-vertical__image wp-post-image\" alt=\"enfant qui est sur une tablette\" ci-src=\"https:\/\/sherpas.com\/content\/uploads\/sites\/3\/2025\/10\/temps-ecran-enfants.jpg?q=90\" \/>\n                \n                    \n            <\/picture>\n\n        <\/a>\n     \n  \n    <div class=\"article-card-vertical__content\">\n        <a class=\"article-card-vertical__link\" href=\"https:\/\/sherpas.com\/blog\/parents\/a\/quel-temps-ecran-enfants\/\">\n            <h3 class=\"article-card-vertical__title\" id=\"quel-temps-decran-pour-mon-enfant\">\n                Quel temps d\u2019\u00e9cran pour mon enfant ?&nbsp;\ud83e\uddd2\n            <\/h3>\n                            <div class=\"article-card-vertical__text\">\n                    Vous l\u2019avez probablement remarqu\u00e9 : les \u00e9crans occupent une place grandissante dans la vie des enfants d\u2019aujourd\u2019hui. Tablettes, (&#8230;)\n                <\/div>\n                    <\/a>   \n                    <div class=\"article-card-vertical__tags article-card-vertical__tags--hide\">\n                <div class=\"article-card-vertical__tag badge\"><\/div>\n            <\/div>\n            <\/div>\n<\/div>\n                        <\/div>\n                                                                                                                    <div class=\"col-12 col-lg-6 col-xl-4 slice-full-page__article \">\n                            <div\n\n   class=\"article-card-vertical  article-card-vertical--3   \">\n\n            <a href=\"https:\/\/sherpas.com\/blog\/parents\/a\/proteger-enfants-ecrans\/\">\n            <picture>\n                <img decoding=\"async\" width=\"396\" height=\"223\" src=\"https:\/\/sherpas.com\/content\/uploads\/sites\/3\/2025\/10\/proteger-enfants-ecrans.jpg\" class=\"article-card-vertical__image wp-post-image\" alt=\"prot\u00e9ger enfants ecrans\" ci-src=\"https:\/\/sherpas.com\/content\/uploads\/sites\/3\/2025\/10\/proteger-enfants-ecrans.jpg?q=90\" \/>\n                \n                    \n            <\/picture>\n\n        <\/a>\n     \n  \n    <div class=\"article-card-vertical__content\">\n        <a class=\"article-card-vertical__link\" href=\"https:\/\/sherpas.com\/blog\/parents\/a\/proteger-enfants-ecrans\/\">\n            <h3 class=\"article-card-vertical__title\" id=\"comment-proteger-les-enfants-des-ecrans\">\n                Comment prot\u00e9ger les enfants des \u00e9crans ?&nbsp;\ud83d\udcf1\n            <\/h3>\n                            <div class=\"article-card-vertical__text\">\n                    Difficile aujourd\u2019hui d\u2019imaginer une vie sans \u00e9crans : qu\u2019il s&rsquo;agisse de la t\u00e9l\u00e9vision, des tablettes, des smartphones ou (&#8230;)\n                <\/div>\n                    <\/a>   \n                    <div class=\"article-card-vertical__tags article-card-vertical__tags--hide\">\n                <div class=\"article-card-vertical__tag badge\"><\/div>\n            <\/div>\n            <\/div>\n<\/div>\n                        <\/div>\n                                                                                                                    <div class=\"col-12 col-lg-6 col-xl-4 slice-full-page__article \">\n                            <div\n\n   class=\"article-card-vertical  article-card-vertical--3   \">\n\n            <a href=\"https:\/\/sherpas.com\/blog\/parents\/a\/ado-accro-ecrans\/\">\n            <picture>\n                <img decoding=\"async\" width=\"396\" height=\"223\" src=\"https:\/\/sherpas.com\/content\/uploads\/sites\/3\/2025\/09\/ado-addiction-ecrans.jpg\" class=\"article-card-vertical__image wp-post-image\" alt=\"\" ci-src=\"https:\/\/sherpas.com\/content\/uploads\/sites\/3\/2025\/09\/ado-addiction-ecrans.jpg?q=90\" \/>\n                \n                    \n            <\/picture>\n\n        <\/a>\n     \n  \n    <div class=\"article-card-vertical__content\">\n        <a class=\"article-card-vertical__link\" href=\"https:\/\/sherpas.com\/blog\/parents\/a\/ado-accro-ecrans\/\">\n            <h3 class=\"article-card-vertical__title\" id=\"que-faire-si-mon-ado-est-accro-aux-ecrans\">\n                Que faire si mon ado est accro aux \u00e9crans ?&nbsp;\ud83d\udcf1\n            <\/h3>\n                            <div class=\"article-card-vertical__text\">\n                    Difficile aujourd\u2019hui d\u2019imaginer un ado sans t\u00e9l\u00e9phone portable, r\u00e9seaux sociaux ou jeux vid\u00e9o. Pourtant, l\u2019utilisation des \u00e9crans peut (&#8230;)\n                <\/div>\n                    <\/a>   \n                    <div class=\"article-card-vertical__tags article-card-vertical__tags--hide\">\n                <div class=\"article-card-vertical__tag badge\"><\/div>\n            <\/div>\n            <\/div>\n<\/div>\n                        <\/div>\n                                                                                                                    <div class=\"col-12 col-lg-6 col-xl-4 slice-full-page__article \">\n                            <div\n\n   class=\"article-card-vertical  article-card-vertical--3   \">\n\n            <a href=\"https:\/\/sherpas.com\/blog\/parents\/a\/aides-financieres-alternants\/\">\n            <picture>\n                <img decoding=\"async\" width=\"396\" height=\"264\" src=\"https:\/\/sherpas.com\/content\/uploads\/sites\/3\/2025\/03\/aides-alternants.jpg\" class=\"article-card-vertical__image wp-post-image\" alt=\"aides-alternants\" ci-src=\"https:\/\/sherpas.com\/content\/uploads\/sites\/3\/2025\/03\/aides-alternants.jpg?q=90\" \/>\n                \n                    \n            <\/picture>\n\n        <\/a>\n     \n  \n    <div class=\"article-card-vertical__content\">\n        <a class=\"article-card-vertical__link\" href=\"https:\/\/sherpas.com\/blog\/parents\/a\/aides-financieres-alternants\/\">\n            <h3 class=\"article-card-vertical__title\" id=\"quelles-aides-financieres-pour-les-alternants\">\n                Quelles aides financi\u00e8res pour les alternants ?&nbsp;\ud83d\udca1\n            <\/h3>\n                            <div class=\"article-card-vertical__text\">\n                    L\u2019alternance, c\u2019est la meilleure fa\u00e7on d\u2019apprendre un m\u00e9tier tout en touchant un salaire. Mais entre le loyer, les (&#8230;)\n                <\/div>\n                    <\/a>   \n                    <div class=\"article-card-vertical__tags article-card-vertical__tags--hide\">\n                <div class=\"article-card-vertical__tag badge\"><\/div>\n            <\/div>\n            <\/div>\n<\/div>\n                        <\/div>\n                                                                                                                    <div class=\"col-12 col-lg-6 col-xl-4 slice-full-page__article \">\n                            <div\n\n   class=\"article-card-vertical  article-card-vertical--3   \">\n\n            <a href=\"https:\/\/sherpas.com\/blog\/parents\/a\/accompagner-enfant-alternance\/\">\n            <picture>\n                <img decoding=\"async\" width=\"396\" height=\"264\" src=\"https:\/\/sherpas.com\/content\/uploads\/sites\/3\/2024\/07\/accompagner-mon-enfant-dans-son-alternance-396x264.jpg\" class=\"article-card-vertical__image wp-post-image\" alt=\"accompagner mon enfant dans son alternance\" srcset=\"https:\/\/xapbm7c37i.cloudimg.io\/https:\/\/sherpas.com\/content\/uploads\/sites\/3\/2024\/07\/accompagner-mon-enfant-dans-son-alternance-396x264.jpg?q=90&amp;org_if_sml=1&amp;w=396 396w, https:\/\/xapbm7c37i.cloudimg.io\/https:\/\/sherpas.com\/content\/uploads\/sites\/3\/2024\/07\/accompagner-mon-enfant-dans-son-alternance-396x264.jpg?q=90&amp;org_if_sml=1&amp;w=300 300w, https:\/\/xapbm7c37i.cloudimg.io\/https:\/\/sherpas.com\/content\/uploads\/sites\/3\/2024\/07\/accompagner-mon-enfant-dans-son-alternance-396x264.jpg?q=90&amp;org_if_sml=1&amp;w=1024 1024w, https:\/\/xapbm7c37i.cloudimg.io\/https:\/\/sherpas.com\/content\/uploads\/sites\/3\/2024\/07\/accompagner-mon-enfant-dans-son-alternance-396x264.jpg?q=90&amp;org_if_sml=1&amp;w=768 768w, https:\/\/xapbm7c37i.cloudimg.io\/https:\/\/sherpas.com\/content\/uploads\/sites\/3\/2024\/07\/accompagner-mon-enfant-dans-son-alternance-396x264.jpg?q=90&amp;org_if_sml=1&amp;w=1536 1536w, https:\/\/xapbm7c37i.cloudimg.io\/https:\/\/sherpas.com\/content\/uploads\/sites\/3\/2024\/07\/accompagner-mon-enfant-dans-son-alternance-396x264.jpg?q=90&amp;org_if_sml=1&amp;w=188 188w, https:\/\/xapbm7c37i.cloudimg.io\/https:\/\/sherpas.com\/content\/uploads\/sites\/3\/2024\/07\/accompagner-mon-enfant-dans-son-alternance-396x264.jpg?q=90&amp;org_if_sml=1&amp;w=288 288w, https:\/\/xapbm7c37i.cloudimg.io\/https:\/\/sherpas.com\/content\/uploads\/sites\/3\/2024\/07\/accompagner-mon-enfant-dans-son-alternance-396x264.jpg?q=90&amp;org_if_sml=1&amp;w=557 557w, https:\/\/xapbm7c37i.cloudimg.io\/https:\/\/sherpas.com\/content\/uploads\/sites\/3\/2024\/07\/accompagner-mon-enfant-dans-son-alternance-396x264.jpg?q=90&amp;org_if_sml=1&amp;w=265 265w, https:\/\/xapbm7c37i.cloudimg.io\/https:\/\/sherpas.com\/content\/uploads\/sites\/3\/2024\/07\/accompagner-mon-enfant-dans-son-alternance-396x264.jpg?q=90&amp;org_if_sml=1&amp;w=60 60w, https:\/\/xapbm7c37i.cloudimg.io\/https:\/\/sherpas.com\/content\/uploads\/sites\/3\/2024\/07\/accompagner-mon-enfant-dans-son-alternance-396x264.jpg?q=90&amp;org_if_sml=1&amp;w=725 725w, https:\/\/xapbm7c37i.cloudimg.io\/https:\/\/sherpas.com\/content\/uploads\/sites\/3\/2024\/07\/accompagner-mon-enfant-dans-son-alternance-396x264.jpg?q=90&amp;org_if_sml=1&amp;w=378 378w, https:\/\/xapbm7c37i.cloudimg.io\/https:\/\/sherpas.com\/content\/uploads\/sites\/3\/2024\/07\/accompagner-mon-enfant-dans-son-alternance-396x264.jpg?q=90&amp;org_if_sml=1&amp;w=1920 1920w\" sizes=\"(max-width: 396px) 100vw, 396px\" ci-src=\"https:\/\/sherpas.com\/content\/uploads\/sites\/3\/2024\/07\/accompagner-mon-enfant-dans-son-alternance-396x264.jpg?q=90\" \/>\n                \n                    \n            <\/picture>\n\n        <\/a>\n     \n  \n    <div class=\"article-card-vertical__content\">\n        <a class=\"article-card-vertical__link\" href=\"https:\/\/sherpas.com\/blog\/parents\/a\/accompagner-enfant-alternance\/\">\n            <h3 class=\"article-card-vertical__title\" id=\"accompagner-mon-enfant-dans-son-alternance\">\n                Accompagner mon enfant dans son alternance&nbsp;\ud83e\udd1d\n            <\/h3>\n                            <div class=\"article-card-vertical__text\">\n                    L&rsquo;alternance est synonyme de fin d\u2019\u00e9tudes et d&rsquo;insertion professionnelle. En bref, c\u2019est une \u00e9tape cruciale pour chaque jeune (&#8230;)\n                <\/div>\n                    <\/a>   \n                    <div class=\"article-card-vertical__tags article-card-vertical__tags--hide\">\n                <div class=\"article-card-vertical__tag badge\"><\/div>\n            <\/div>\n            <\/div>\n<\/div>\n                        <\/div>\n                                                                                                                    <div class=\"col-12 col-lg-6 col-xl-4 slice-full-page__article \">\n                            <div\n\n   class=\"article-card-vertical  article-card-vertical--3   \">\n\n            <a href=\"https:\/\/sherpas.com\/blog\/parents\/a\/accompagner-enfant-independance\/\">\n            <picture>\n                <img decoding=\"async\" width=\"396\" height=\"264\" src=\"https:\/\/sherpas.com\/content\/uploads\/sites\/3\/2023\/12\/5-tips-pour-accompagner-son-enfant-dans-sa-vie-solo-396x264.jpg\" class=\"article-card-vertical__image wp-post-image\" alt=\"fille faisant ses cartons\" srcset=\"https:\/\/xapbm7c37i.cloudimg.io\/https:\/\/sherpas.com\/content\/uploads\/sites\/3\/2023\/12\/5-tips-pour-accompagner-son-enfant-dans-sa-vie-solo-396x264.jpg?q=90&amp;org_if_sml=1&amp;w=396 396w, https:\/\/xapbm7c37i.cloudimg.io\/https:\/\/sherpas.com\/content\/uploads\/sites\/3\/2023\/12\/5-tips-pour-accompagner-son-enfant-dans-sa-vie-solo-396x264.jpg?q=90&amp;org_if_sml=1&amp;w=300 300w, https:\/\/xapbm7c37i.cloudimg.io\/https:\/\/sherpas.com\/content\/uploads\/sites\/3\/2023\/12\/5-tips-pour-accompagner-son-enfant-dans-sa-vie-solo-396x264.jpg?q=90&amp;org_if_sml=1&amp;w=768 768w, https:\/\/xapbm7c37i.cloudimg.io\/https:\/\/sherpas.com\/content\/uploads\/sites\/3\/2023\/12\/5-tips-pour-accompagner-son-enfant-dans-sa-vie-solo-396x264.jpg?q=90&amp;org_if_sml=1&amp;w=187 187w, https:\/\/xapbm7c37i.cloudimg.io\/https:\/\/sherpas.com\/content\/uploads\/sites\/3\/2023\/12\/5-tips-pour-accompagner-son-enfant-dans-sa-vie-solo-396x264.jpg?q=90&amp;org_if_sml=1&amp;w=288 288w, https:\/\/xapbm7c37i.cloudimg.io\/https:\/\/sherpas.com\/content\/uploads\/sites\/3\/2023\/12\/5-tips-pour-accompagner-son-enfant-dans-sa-vie-solo-396x264.jpg?q=90&amp;org_if_sml=1&amp;w=556 556w, https:\/\/xapbm7c37i.cloudimg.io\/https:\/\/sherpas.com\/content\/uploads\/sites\/3\/2023\/12\/5-tips-pour-accompagner-son-enfant-dans-sa-vie-solo-396x264.jpg?q=90&amp;org_if_sml=1&amp;w=265 265w, https:\/\/xapbm7c37i.cloudimg.io\/https:\/\/sherpas.com\/content\/uploads\/sites\/3\/2023\/12\/5-tips-pour-accompagner-son-enfant-dans-sa-vie-solo-396x264.jpg?q=90&amp;org_if_sml=1&amp;w=60 60w, https:\/\/xapbm7c37i.cloudimg.io\/https:\/\/sherpas.com\/content\/uploads\/sites\/3\/2023\/12\/5-tips-pour-accompagner-son-enfant-dans-sa-vie-solo-396x264.jpg?q=90&amp;org_if_sml=1&amp;w=725 725w, https:\/\/xapbm7c37i.cloudimg.io\/https:\/\/sherpas.com\/content\/uploads\/sites\/3\/2023\/12\/5-tips-pour-accompagner-son-enfant-dans-sa-vie-solo-396x264.jpg?q=90&amp;org_if_sml=1&amp;w=378 378w, https:\/\/xapbm7c37i.cloudimg.io\/https:\/\/sherpas.com\/content\/uploads\/sites\/3\/2023\/12\/5-tips-pour-accompagner-son-enfant-dans-sa-vie-solo-396x264.jpg?q=90&amp;org_if_sml=1&amp;w=1000 1000w\" sizes=\"(max-width: 396px) 100vw, 396px\" ci-src=\"https:\/\/sherpas.com\/content\/uploads\/sites\/3\/2023\/12\/5-tips-pour-accompagner-son-enfant-dans-sa-vie-solo-396x264.jpg?q=90\" \/>\n                \n                    \n            <\/picture>\n\n        <\/a>\n     \n  \n    <div class=\"article-card-vertical__content\">\n        <a class=\"article-card-vertical__link\" href=\"https:\/\/sherpas.com\/blog\/parents\/a\/accompagner-enfant-independance\/\">\n            <h3 class=\"article-card-vertical__title\" id=\"accompagner-son-enfant-vers-lindependance-5-conseils-cles-pour-une-vie-solo-reussie\">\n                Accompagner son enfant vers l\u2019ind\u00e9pendance : 5 conseils cl\u00e9s pour une vie solo r\u00e9ussie !&nbsp;\ud83e\udd73\n            <\/h3>\n                            <div class=\"article-card-vertical__text\">\n                    Votre enfant prend son envol et s\u2019appr\u00eate \u00e0 vivre seul pour la premi\u00e8re fois ? \ud83c\udf92 On sait, (&#8230;)\n                <\/div>\n                    <\/a>   \n                    <div class=\"article-card-vertical__tags article-card-vertical__tags--hide\">\n                <div class=\"article-card-vertical__tag badge\"><\/div>\n            <\/div>\n            <\/div>\n<\/div>\n                        <\/div>\n                                                                                                                    <div class=\"col-12 col-lg-6 col-xl-4 slice-full-page__article \">\n                            <div\n\n   class=\"article-card-vertical  article-card-vertical--3   \">\n\n            <a href=\"https:\/\/sherpas.com\/blog\/parents\/a\/sport-college\/\">\n            <picture>\n                <img decoding=\"async\" width=\"396\" height=\"264\" src=\"https:\/\/sherpas.com\/content\/uploads\/sites\/3\/2025\/02\/sport-college.jpg\" class=\"article-card-vertical__image wp-post-image\" alt=\"sport-colle\u0300ge\" ci-src=\"https:\/\/sherpas.com\/content\/uploads\/sites\/3\/2025\/02\/sport-college.jpg?q=90\" \/>\n                \n                    \n            <\/picture>\n\n        <\/a>\n     \n  \n    <div class=\"article-card-vertical__content\">\n        <a class=\"article-card-vertical__link\" href=\"https:\/\/sherpas.com\/blog\/parents\/a\/sport-college\/\">\n            <h3 class=\"article-card-vertical__title\" id=\"le-sport-au-college-quelles-sont-les-activites-proposees-et-leur-impact\">\n                Le sport au coll\u00e8ge : quelles sont les activit\u00e9s propos\u00e9es et leur impact ?&nbsp;\ud83e\udd4a\n            <\/h3>\n                            <div class=\"article-card-vertical__text\">\n                    Ah, le sport au coll\u00e8ge\u202f! Un univers o\u00f9 les ados d\u00e9couvrent bien plus que le simple fait de (&#8230;)\n                <\/div>\n                    <\/a>   \n                    <div class=\"article-card-vertical__tags article-card-vertical__tags--hide\">\n                <div class=\"article-card-vertical__tag badge\"><\/div>\n            <\/div>\n            <\/div>\n<\/div>\n                        <\/div>\n                                                                                                                    <div class=\"col-12 col-lg-6 col-xl-4 slice-full-page__article \">\n                            <div\n\n   class=\"article-card-vertical  article-card-vertical--3   \">\n\n            <a href=\"https:\/\/sherpas.com\/blog\/parents\/a\/comment-pronote-calcule-moyenne\/\">\n            <picture>\n                <img decoding=\"async\" width=\"396\" height=\"264\" src=\"https:\/\/sherpas.com\/content\/uploads\/sites\/3\/2023\/11\/Comment-Pronote-calcule-les-moyennes-396x264.jpg\" class=\"article-card-vertical__image wp-post-image\" alt=\"Comment Pronote calcule les moyennes\" srcset=\"https:\/\/xapbm7c37i.cloudimg.io\/https:\/\/sherpas.com\/content\/uploads\/sites\/3\/2023\/11\/Comment-Pronote-calcule-les-moyennes-396x264.jpg?q=90&amp;org_if_sml=1&amp;w=396 396w, https:\/\/xapbm7c37i.cloudimg.io\/https:\/\/sherpas.com\/content\/uploads\/sites\/3\/2023\/11\/Comment-Pronote-calcule-les-moyennes-396x264.jpg?q=90&amp;org_if_sml=1&amp;w=300 300w, https:\/\/xapbm7c37i.cloudimg.io\/https:\/\/sherpas.com\/content\/uploads\/sites\/3\/2023\/11\/Comment-Pronote-calcule-les-moyennes-396x264.jpg?q=90&amp;org_if_sml=1&amp;w=1024 1024w, https:\/\/xapbm7c37i.cloudimg.io\/https:\/\/sherpas.com\/content\/uploads\/sites\/3\/2023\/11\/Comment-Pronote-calcule-les-moyennes-396x264.jpg?q=90&amp;org_if_sml=1&amp;w=768 768w, https:\/\/xapbm7c37i.cloudimg.io\/https:\/\/sherpas.com\/content\/uploads\/sites\/3\/2023\/11\/Comment-Pronote-calcule-les-moyennes-396x264.jpg?q=90&amp;org_if_sml=1&amp;w=1536 1536w, https:\/\/xapbm7c37i.cloudimg.io\/https:\/\/sherpas.com\/content\/uploads\/sites\/3\/2023\/11\/Comment-Pronote-calcule-les-moyennes-396x264.jpg?q=90&amp;org_if_sml=1&amp;w=188 188w, https:\/\/xapbm7c37i.cloudimg.io\/https:\/\/sherpas.com\/content\/uploads\/sites\/3\/2023\/11\/Comment-Pronote-calcule-les-moyennes-396x264.jpg?q=90&amp;org_if_sml=1&amp;w=288 288w, https:\/\/xapbm7c37i.cloudimg.io\/https:\/\/sherpas.com\/content\/uploads\/sites\/3\/2023\/11\/Comment-Pronote-calcule-les-moyennes-396x264.jpg?q=90&amp;org_if_sml=1&amp;w=557 557w, https:\/\/xapbm7c37i.cloudimg.io\/https:\/\/sherpas.com\/content\/uploads\/sites\/3\/2023\/11\/Comment-Pronote-calcule-les-moyennes-396x264.jpg?q=90&amp;org_if_sml=1&amp;w=265 265w, https:\/\/xapbm7c37i.cloudimg.io\/https:\/\/sherpas.com\/content\/uploads\/sites\/3\/2023\/11\/Comment-Pronote-calcule-les-moyennes-396x264.jpg?q=90&amp;org_if_sml=1&amp;w=60 60w, https:\/\/xapbm7c37i.cloudimg.io\/https:\/\/sherpas.com\/content\/uploads\/sites\/3\/2023\/11\/Comment-Pronote-calcule-les-moyennes-396x264.jpg?q=90&amp;org_if_sml=1&amp;w=725 725w, https:\/\/xapbm7c37i.cloudimg.io\/https:\/\/sherpas.com\/content\/uploads\/sites\/3\/2023\/11\/Comment-Pronote-calcule-les-moyennes-396x264.jpg?q=90&amp;org_if_sml=1&amp;w=378 378w, https:\/\/xapbm7c37i.cloudimg.io\/https:\/\/sherpas.com\/content\/uploads\/sites\/3\/2023\/11\/Comment-Pronote-calcule-les-moyennes-396x264.jpg?q=90&amp;org_if_sml=1&amp;w=1920 1920w\" sizes=\"(max-width: 396px) 100vw, 396px\" ci-src=\"https:\/\/sherpas.com\/content\/uploads\/sites\/3\/2023\/11\/Comment-Pronote-calcule-les-moyennes-396x264.jpg?q=90\" \/>\n                \n                    \n            <\/picture>\n\n        <\/a>\n     \n  \n    <div class=\"article-card-vertical__content\">\n        <a class=\"article-card-vertical__link\" href=\"https:\/\/sherpas.com\/blog\/parents\/a\/comment-pronote-calcule-moyenne\/\">\n            <h3 class=\"article-card-vertical__title\" id=\"comment-pronote-calcule-les-moyennes\">\n                Comment Pronote calcule les moyennes ?&nbsp;\ud83e\udd14\n            <\/h3>\n                            <div class=\"article-card-vertical__text\">\n                    La rentr\u00e9e scolaire n\u2019est plus qu\u2019un lointain souvenir pour votre enfant. Lui qui a toujours du mal \u00e0 (&#8230;)\n                <\/div>\n                    <\/a>   \n                    <div class=\"article-card-vertical__tags article-card-vertical__tags--hide\">\n                <div class=\"article-card-vertical__tag badge\"><\/div>\n            <\/div>\n            <\/div>\n<\/div>\n                        <\/div>\n                                                                                                                    <div class=\"col-12 col-lg-6 col-xl-4 slice-full-page__article \">\n                            <div\n\n   class=\"article-card-vertical  article-card-vertical--3   \">\n\n            <a href=\"https:\/\/sherpas.com\/blog\/parents\/a\/bulletin-premier-trimestre\/\">\n            <picture>\n                <img decoding=\"async\" width=\"396\" height=\"223\" src=\"https:\/\/sherpas.com\/content\/uploads\/sites\/3\/2024\/12\/bulletin-premier-trimestre-1.png\" class=\"article-card-vertical__image wp-post-image\" alt=\"\" ci-src=\"https:\/\/sherpas.com\/content\/uploads\/sites\/3\/2024\/12\/bulletin-premier-trimestre-1.png?q=90\" \/>\n                \n                    \n            <\/picture>\n\n        <\/a>\n     \n  \n    <div class=\"article-card-vertical__content\">\n        <a class=\"article-card-vertical__link\" href=\"https:\/\/sherpas.com\/blog\/parents\/a\/bulletin-premier-trimestre\/\">\n            <h3 class=\"article-card-vertical__title\" id=\"comment-reagir-aux-bulletins-de-notes-du-1%e1%b5%89%ca%b3-trimestre\">\n                Comment r\u00e9agir aux bulletins de notes du 1\u1d49\u02b3 trimestre ?&nbsp;\u270f\ufe0f\n            <\/h3>\n                            <div class=\"article-card-vertical__text\">\n                    Le moment tant attendu (ou redout\u00e9 \ud83d\ude05) des bulletins du premier trimestre est l\u00e0. Entre fiert\u00e9, surprise ou (&#8230;)\n                <\/div>\n                    <\/a>   \n                    <div class=\"article-card-vertical__tags article-card-vertical__tags--hide\">\n                <div class=\"article-card-vertical__tag badge\"><\/div>\n            <\/div>\n            <\/div>\n<\/div>\n                        <\/div>\n                                                                                                                    <div class=\"col-12 col-lg-6 col-xl-4 slice-full-page__article \">\n                            <div\n\n   class=\"article-card-vertical  article-card-vertical--3   \">\n\n            <a href=\"https:\/\/sherpas.com\/blog\/parents\/a\/changer-lycee-mal-etre\/\">\n            <picture>\n                <img decoding=\"async\" width=\"396\" height=\"223\" src=\"https:\/\/sherpas.com\/content\/uploads\/sites\/3\/2024\/10\/images-couverture-blog-1.jpg\" class=\"article-card-vertical__image wp-post-image\" alt=\"mal-etre-lycee\" ci-src=\"https:\/\/sherpas.com\/content\/uploads\/sites\/3\/2024\/10\/images-couverture-blog-1.jpg?q=90\" \/>\n                \n                    \n            <\/picture>\n\n        <\/a>\n     \n  \n    <div class=\"article-card-vertical__content\">\n        <a class=\"article-card-vertical__link\" href=\"https:\/\/sherpas.com\/blog\/parents\/a\/changer-lycee-mal-etre\/\">\n            <h3 class=\"article-card-vertical__title\" id=\"mal-etre-au-lycee-quand-et-comment-envisager-un-changement-decole\">\n                Mal-\u00eatre au lyc\u00e9e : quand et comment envisager un changement d\u2019\u00e9cole ?&nbsp;\ud83d\udd0e\n            <\/h3>\n                            <div class=\"article-card-vertical__text\">\n                    Votre enfant se plaint r\u00e9guli\u00e8rement de ne pas se sentir bien au lyc\u00e9e, il montre des signes de (&#8230;)\n                <\/div>\n                    <\/a>   \n                    <div class=\"article-card-vertical__tags article-card-vertical__tags--hide\">\n                <div class=\"article-card-vertical__tag badge\"><\/div>\n            <\/div>\n            <\/div>\n<\/div>\n                        <\/div>\n                                                                                                                    <div class=\"col-12 col-lg-6 col-xl-4 slice-full-page__article \">\n                            <div\n\n   class=\"article-card-vertical  article-card-vertical--3   \">\n\n            <a href=\"https:\/\/sherpas.com\/blog\/parents\/a\/conseil-classe\/\">\n            <picture>\n                <img decoding=\"async\" width=\"396\" height=\"253\" src=\"https:\/\/sherpas.com\/content\/uploads\/sites\/3\/2023\/11\/conseil-de-classe.png\" class=\"article-card-vertical__image wp-post-image\" alt=\"conseil de classe\" ci-src=\"https:\/\/sherpas.com\/content\/uploads\/sites\/3\/2023\/11\/conseil-de-classe.png?q=90\" \/>\n                \n                    \n            <\/picture>\n\n        <\/a>\n     \n  \n    <div class=\"article-card-vertical__content\">\n        <a class=\"article-card-vertical__link\" href=\"https:\/\/sherpas.com\/blog\/parents\/a\/conseil-classe\/\">\n            <h3 class=\"article-card-vertical__title\" id=\"comment-se-passe-un-conseil-de-classe\">\n                Comment se passe un conseil de classe ?&nbsp;\ud83e\uddd1\u200d\ud83c\udfeb\n            <\/h3>\n                            <div class=\"article-card-vertical__text\">\n                    Le conseil de classe, c&rsquo;est un moment cl\u00e9 dans la scolarit\u00e9 de votre enfant, o\u00f9 ses efforts, ses (&#8230;)\n                <\/div>\n                    <\/a>   \n                    <div class=\"article-card-vertical__tags article-card-vertical__tags--hide\">\n                <div class=\"article-card-vertical__tag badge\"><\/div>\n            <\/div>\n            <\/div>\n<\/div>\n                        <\/div>\n                                                                                                                    <div class=\"col-12 col-lg-6 col-xl-4 slice-full-page__article \">\n                            <div\n\n   class=\"article-card-vertical  article-card-vertical--3   \">\n\n            <a href=\"https:\/\/sherpas.com\/blog\/parents\/a\/mention-tres-bien-bac\/\">\n            <picture>\n                <img decoding=\"async\" width=\"396\" height=\"262\" src=\"https:\/\/sherpas.com\/content\/uploads\/sites\/3\/2024\/02\/mention-tres-bien-au-bac-396x262.jpg\" class=\"article-card-vertical__image wp-post-image\" alt=\"mention tr\u00e8s bien au bac\" srcset=\"https:\/\/xapbm7c37i.cloudimg.io\/https:\/\/sherpas.com\/content\/uploads\/sites\/3\/2024\/02\/mention-tres-bien-au-bac-396x262.jpg?q=90&amp;org_if_sml=1&amp;w=396 396w, https:\/\/xapbm7c37i.cloudimg.io\/https:\/\/sherpas.com\/content\/uploads\/sites\/3\/2024\/02\/mention-tres-bien-au-bac-396x262.jpg?q=90&amp;org_if_sml=1&amp;w=300 300w, https:\/\/xapbm7c37i.cloudimg.io\/https:\/\/sherpas.com\/content\/uploads\/sites\/3\/2024\/02\/mention-tres-bien-au-bac-396x262.jpg?q=90&amp;org_if_sml=1&amp;w=1024 1024w, https:\/\/xapbm7c37i.cloudimg.io\/https:\/\/sherpas.com\/content\/uploads\/sites\/3\/2024\/02\/mention-tres-bien-au-bac-396x262.jpg?q=90&amp;org_if_sml=1&amp;w=768 768w, https:\/\/xapbm7c37i.cloudimg.io\/https:\/\/sherpas.com\/content\/uploads\/sites\/3\/2024\/02\/mention-tres-bien-au-bac-396x262.jpg?q=90&amp;org_if_sml=1&amp;w=1536 1536w, https:\/\/xapbm7c37i.cloudimg.io\/https:\/\/sherpas.com\/content\/uploads\/sites\/3\/2024\/02\/mention-tres-bien-au-bac-396x262.jpg?q=90&amp;org_if_sml=1&amp;w=189 189w, https:\/\/xapbm7c37i.cloudimg.io\/https:\/\/sherpas.com\/content\/uploads\/sites\/3\/2024\/02\/mention-tres-bien-au-bac-396x262.jpg?q=90&amp;org_if_sml=1&amp;w=288 288w, https:\/\/xapbm7c37i.cloudimg.io\/https:\/\/sherpas.com\/content\/uploads\/sites\/3\/2024\/02\/mention-tres-bien-au-bac-396x262.jpg?q=90&amp;org_if_sml=1&amp;w=560 560w, https:\/\/xapbm7c37i.cloudimg.io\/https:\/\/sherpas.com\/content\/uploads\/sites\/3\/2024\/02\/mention-tres-bien-au-bac-396x262.jpg?q=90&amp;org_if_sml=1&amp;w=265 265w, https:\/\/xapbm7c37i.cloudimg.io\/https:\/\/sherpas.com\/content\/uploads\/sites\/3\/2024\/02\/mention-tres-bien-au-bac-396x262.jpg?q=90&amp;org_if_sml=1&amp;w=60 60w, https:\/\/xapbm7c37i.cloudimg.io\/https:\/\/sherpas.com\/content\/uploads\/sites\/3\/2024\/02\/mention-tres-bien-au-bac-396x262.jpg?q=90&amp;org_if_sml=1&amp;w=1920 1920w\" sizes=\"(max-width: 396px) 100vw, 396px\" ci-src=\"https:\/\/sherpas.com\/content\/uploads\/sites\/3\/2024\/02\/mention-tres-bien-au-bac-396x262.jpg?q=90\" \/>\n                \n                    \n            <\/picture>\n\n        <\/a>\n     \n  \n    <div class=\"article-card-vertical__content\">\n        <a class=\"article-card-vertical__link\" href=\"https:\/\/sherpas.com\/blog\/parents\/a\/mention-tres-bien-bac\/\">\n            <h3 class=\"article-card-vertical__title\" id=\"tout-savoir-sur-la-mention-tres-bien-au-bac\">\n                Tout savoir sur la mention \u00ab tr\u00e8s bien \u00bb au bac&nbsp;\ud83d\udcaf\n            <\/h3>\n                            <div class=\"article-card-vertical__text\">\n                    Votre enfant s\u2019appr\u00eate \u00e0 passer le bac ou du moins, il vient d\u2019entrer au lyc\u00e9e et vous vous (&#8230;)\n                <\/div>\n                    <\/a>   \n                    <div class=\"article-card-vertical__tags article-card-vertical__tags--hide\">\n                <div class=\"article-card-vertical__tag badge\"><\/div>\n            <\/div>\n            <\/div>\n<\/div>\n                        <\/div>\n                                                                                                                    <div class=\"col-12 col-lg-6 col-xl-4 slice-full-page__article \">\n                            <div\n\n   class=\"article-card-vertical  article-card-vertical--3   \">\n\n            <a href=\"https:\/\/sherpas.com\/blog\/parents\/a\/controle-continu-terminale\/\">\n            <picture>\n                <img decoding=\"async\" width=\"396\" height=\"264\" src=\"https:\/\/sherpas.com\/content\/uploads\/sites\/3\/2023\/09\/controle-continu-terminale-parents-396x264.jpeg\" class=\"article-card-vertical__image wp-post-image\" alt=\"controle continu terminale parents\" srcset=\"https:\/\/xapbm7c37i.cloudimg.io\/https:\/\/sherpas.com\/content\/uploads\/sites\/3\/2023\/09\/controle-continu-terminale-parents-396x264.jpeg?q=90&amp;org_if_sml=1&amp;w=396 396w, https:\/\/xapbm7c37i.cloudimg.io\/https:\/\/sherpas.com\/content\/uploads\/sites\/3\/2023\/09\/controle-continu-terminale-parents-396x264.jpeg?q=90&amp;org_if_sml=1&amp;w=300 300w, https:\/\/xapbm7c37i.cloudimg.io\/https:\/\/sherpas.com\/content\/uploads\/sites\/3\/2023\/09\/controle-continu-terminale-parents-396x264.jpeg?q=90&amp;org_if_sml=1&amp;w=1024 1024w, https:\/\/xapbm7c37i.cloudimg.io\/https:\/\/sherpas.com\/content\/uploads\/sites\/3\/2023\/09\/controle-continu-terminale-parents-396x264.jpeg?q=90&amp;org_if_sml=1&amp;w=768 768w, https:\/\/xapbm7c37i.cloudimg.io\/https:\/\/sherpas.com\/content\/uploads\/sites\/3\/2023\/09\/controle-continu-terminale-parents-396x264.jpeg?q=90&amp;org_if_sml=1&amp;w=1536 1536w, https:\/\/xapbm7c37i.cloudimg.io\/https:\/\/sherpas.com\/content\/uploads\/sites\/3\/2023\/09\/controle-continu-terminale-parents-396x264.jpeg?q=90&amp;org_if_sml=1&amp;w=187 187w, https:\/\/xapbm7c37i.cloudimg.io\/https:\/\/sherpas.com\/content\/uploads\/sites\/3\/2023\/09\/controle-continu-terminale-parents-396x264.jpeg?q=90&amp;org_if_sml=1&amp;w=288 288w, https:\/\/xapbm7c37i.cloudimg.io\/https:\/\/sherpas.com\/content\/uploads\/sites\/3\/2023\/09\/controle-continu-terminale-parents-396x264.jpeg?q=90&amp;org_if_sml=1&amp;w=556 556w, https:\/\/xapbm7c37i.cloudimg.io\/https:\/\/sherpas.com\/content\/uploads\/sites\/3\/2023\/09\/controle-continu-terminale-parents-396x264.jpeg?q=90&amp;org_if_sml=1&amp;w=265 265w, https:\/\/xapbm7c37i.cloudimg.io\/https:\/\/sherpas.com\/content\/uploads\/sites\/3\/2023\/09\/controle-continu-terminale-parents-396x264.jpeg?q=90&amp;org_if_sml=1&amp;w=60 60w, https:\/\/xapbm7c37i.cloudimg.io\/https:\/\/sherpas.com\/content\/uploads\/sites\/3\/2023\/09\/controle-continu-terminale-parents-396x264.jpeg?q=90&amp;org_if_sml=1&amp;w=725 725w, https:\/\/xapbm7c37i.cloudimg.io\/https:\/\/sherpas.com\/content\/uploads\/sites\/3\/2023\/09\/controle-continu-terminale-parents-396x264.jpeg?q=90&amp;org_if_sml=1&amp;w=378 378w, https:\/\/xapbm7c37i.cloudimg.io\/https:\/\/sherpas.com\/content\/uploads\/sites\/3\/2023\/09\/controle-continu-terminale-parents-396x264.jpeg?q=90&amp;org_if_sml=1&amp;w=2000 2000w\" sizes=\"(max-width: 396px) 100vw, 396px\" ci-src=\"https:\/\/sherpas.com\/content\/uploads\/sites\/3\/2023\/09\/controle-continu-terminale-parents-396x264.jpeg?q=90\" \/>\n                \n                    \n            <\/picture>\n\n        <\/a>\n     \n  \n    <div class=\"article-card-vertical__content\">\n        <a class=\"article-card-vertical__link\" href=\"https:\/\/sherpas.com\/blog\/parents\/a\/controle-continu-terminale\/\">\n            <h3 class=\"article-card-vertical__title\" id=\"comment-se-passe-le-controle-continu-en-terminale\">\n                Comment se passe le contr\u00f4le continu en Terminale ?&nbsp;\ud83d\udd0e\n            <\/h3>\n                            <div class=\"article-card-vertical__text\">\n                    Le baccalaur\u00e9at semble si loin derri\u00e8re vous, mais il est toujours l\u00e0. Et vous savez quoi ? Il (&#8230;)\n                <\/div>\n                    <\/a>   \n                    <div class=\"article-card-vertical__tags article-card-vertical__tags--hide\">\n                <div class=\"article-card-vertical__tag badge\"><\/div>\n            <\/div>\n            <\/div>\n<\/div>\n                        <\/div>\n                                                                                                                    <div class=\"col-12 col-lg-6 col-xl-4 slice-full-page__article \">\n                            <div\n\n   class=\"article-card-vertical  article-card-vertical--3   \">\n\n            <a href=\"https:\/\/sherpas.com\/blog\/parents\/a\/bourses-crous\/\">\n            <picture>\n                <img decoding=\"async\" width=\"396\" height=\"264\" src=\"https:\/\/sherpas.com\/content\/uploads\/sites\/3\/2023\/09\/crous-2-396x264.jpg\" class=\"article-card-vertical__image wp-post-image\" alt=\"\" srcset=\"https:\/\/xapbm7c37i.cloudimg.io\/https:\/\/sherpas.com\/content\/uploads\/sites\/3\/2023\/09\/crous-2-396x264.jpg?q=90&amp;org_if_sml=1&amp;w=396 396w, https:\/\/xapbm7c37i.cloudimg.io\/https:\/\/sherpas.com\/content\/uploads\/sites\/3\/2023\/09\/crous-2-396x264.jpg?q=90&amp;org_if_sml=1&amp;w=300 300w, https:\/\/xapbm7c37i.cloudimg.io\/https:\/\/sherpas.com\/content\/uploads\/sites\/3\/2023\/09\/crous-2-396x264.jpg?q=90&amp;org_if_sml=1&amp;w=1024 1024w, https:\/\/xapbm7c37i.cloudimg.io\/https:\/\/sherpas.com\/content\/uploads\/sites\/3\/2023\/09\/crous-2-396x264.jpg?q=90&amp;org_if_sml=1&amp;w=768 768w, https:\/\/xapbm7c37i.cloudimg.io\/https:\/\/sherpas.com\/content\/uploads\/sites\/3\/2023\/09\/crous-2-396x264.jpg?q=90&amp;org_if_sml=1&amp;w=1536 1536w, https:\/\/xapbm7c37i.cloudimg.io\/https:\/\/sherpas.com\/content\/uploads\/sites\/3\/2023\/09\/crous-2-396x264.jpg?q=90&amp;org_if_sml=1&amp;w=2048 2048w, https:\/\/xapbm7c37i.cloudimg.io\/https:\/\/sherpas.com\/content\/uploads\/sites\/3\/2023\/09\/crous-2-396x264.jpg?q=90&amp;org_if_sml=1&amp;w=188 188w, https:\/\/xapbm7c37i.cloudimg.io\/https:\/\/sherpas.com\/content\/uploads\/sites\/3\/2023\/09\/crous-2-396x264.jpg?q=90&amp;org_if_sml=1&amp;w=288 288w, https:\/\/xapbm7c37i.cloudimg.io\/https:\/\/sherpas.com\/content\/uploads\/sites\/3\/2023\/09\/crous-2-396x264.jpg?q=90&amp;org_if_sml=1&amp;w=557 557w, https:\/\/xapbm7c37i.cloudimg.io\/https:\/\/sherpas.com\/content\/uploads\/sites\/3\/2023\/09\/crous-2-396x264.jpg?q=90&amp;org_if_sml=1&amp;w=265 265w, https:\/\/xapbm7c37i.cloudimg.io\/https:\/\/sherpas.com\/content\/uploads\/sites\/3\/2023\/09\/crous-2-396x264.jpg?q=90&amp;org_if_sml=1&amp;w=60 60w, https:\/\/xapbm7c37i.cloudimg.io\/https:\/\/sherpas.com\/content\/uploads\/sites\/3\/2023\/09\/crous-2-396x264.jpg?q=90&amp;org_if_sml=1&amp;w=725 725w, https:\/\/xapbm7c37i.cloudimg.io\/https:\/\/sherpas.com\/content\/uploads\/sites\/3\/2023\/09\/crous-2-396x264.jpg?q=90&amp;org_if_sml=1&amp;w=378 378w\" sizes=\"(max-width: 396px) 100vw, 396px\" ci-src=\"https:\/\/sherpas.com\/content\/uploads\/sites\/3\/2023\/09\/crous-2-396x264.jpg?q=90\" \/>\n                \n                    \n            <\/picture>\n\n        <\/a>\n     \n  \n    <div class=\"article-card-vertical__content\">\n        <a class=\"article-card-vertical__link\" href=\"https:\/\/sherpas.com\/blog\/parents\/a\/bourses-crous\/\">\n            <h3 class=\"article-card-vertical__title\" id=\"bourses-du-crous-tout-savoir-sur-les-montants-et-les-conditions\">\n                Bourses du CROUS : tout savoir sur les montants et les conditions&nbsp;\ud83d\udcdd\n            <\/h3>\n                            <div class=\"article-card-vertical__text\">\n                    Quand votre enfant se lance dans le monde universitaire, vous avez tout \u00e0 fait le droit de vouloir (&#8230;)\n                <\/div>\n                    <\/a>   \n                    <div class=\"article-card-vertical__tags article-card-vertical__tags--hide\">\n                <div class=\"article-card-vertical__tag badge\"><\/div>\n            <\/div>\n            <\/div>\n<\/div>\n                        <\/div>\n                                                                                                                    <div class=\"col-12 col-lg-6 col-xl-4 slice-full-page__article \">\n                            <div\n\n   class=\"article-card-vertical  article-card-vertical--3   \">\n\n            <a href=\"https:\/\/sherpas.com\/blog\/parents\/a\/defis-classe-troisieme\/\">\n            <picture>\n                <img decoding=\"async\" width=\"396\" height=\"264\" src=\"https:\/\/sherpas.com\/content\/uploads\/sites\/3\/2024\/09\/les-defis-de-la-classe-de-troisieme.jpeg\" class=\"article-card-vertical__image wp-post-image\" alt=\"les d\u00e9fis de la classe de troisi\u00e8me\" ci-src=\"https:\/\/sherpas.com\/content\/uploads\/sites\/3\/2024\/09\/les-defis-de-la-classe-de-troisieme.jpeg?q=90\" \/>\n                \n                    \n            <\/picture>\n\n        <\/a>\n     \n  \n    <div class=\"article-card-vertical__content\">\n        <a class=\"article-card-vertical__link\" href=\"https:\/\/sherpas.com\/blog\/parents\/a\/defis-classe-troisieme\/\">\n            <h3 class=\"article-card-vertical__title\" id=\"quels-sont-les-defis-de-la-classe-de-troisieme\">\n                Quels sont les d\u00e9fis de la classe de troisi\u00e8me ?&nbsp;\ud83d\ude03\n            <\/h3>\n                            <div class=\"article-card-vertical__text\">\n                    Votre ado commence \u00e0 quitter doucement le monde du coll\u00e8ge pour s\u2019aventurer vers le lyc\u00e9e. Entre cours intensifi\u00e9s, (&#8230;)\n                <\/div>\n                    <\/a>   \n                    <div class=\"article-card-vertical__tags article-card-vertical__tags--hide\">\n                <div class=\"article-card-vertical__tag badge\"><\/div>\n            <\/div>\n            <\/div>\n<\/div>\n                        <\/div>\n                                                                                                                    <div class=\"col-12 col-lg-6 col-xl-4 slice-full-page__article \">\n                            <div\n\n   class=\"article-card-vertical  article-card-vertical--3   \">\n\n            <a href=\"https:\/\/sherpas.com\/blog\/parents\/a\/education-artistique\/\">\n            <picture>\n                <img decoding=\"async\" width=\"396\" height=\"263\" src=\"https:\/\/sherpas.com\/content\/uploads\/sites\/3\/2024\/08\/limportance-de-leducation-artistique.jpeg\" class=\"article-card-vertical__image wp-post-image\" alt=\"l&#039;importance de l&#039;\u00e9ducation artistique\" ci-src=\"https:\/\/sherpas.com\/content\/uploads\/sites\/3\/2024\/08\/limportance-de-leducation-artistique.jpeg?q=90\" \/>\n                \n                    \n            <\/picture>\n\n        <\/a>\n     \n  \n    <div class=\"article-card-vertical__content\">\n        <a class=\"article-card-vertical__link\" href=\"https:\/\/sherpas.com\/blog\/parents\/a\/education-artistique\/\">\n            <h3 class=\"article-card-vertical__title\" id=\"limportance-de-leducation-artistique\">\n                L&rsquo;importance de l&rsquo;\u00e9ducation artistique&nbsp;\ud83c\udfa8\ud83c\udfb5\n            <\/h3>\n                            <div class=\"article-card-vertical__text\">\n                    Si vous vous demandez encore \u00e0 quoi sert l\u2019art dans l\u2019\u00e9ducation de votre enfant, prenez deux minutes pour (&#8230;)\n                <\/div>\n                    <\/a>   \n                    <div class=\"article-card-vertical__tags article-card-vertical__tags--hide\">\n                <div class=\"article-card-vertical__tag badge\"><\/div>\n            <\/div>\n            <\/div>\n<\/div>\n                        <\/div>\n                                                                                                                    <div class=\"col-12 col-lg-6 col-xl-4 slice-full-page__article \">\n                            <div\n\n   class=\"article-card-vertical  article-card-vertical--3   \">\n\n            <a href=\"https:\/\/sherpas.com\/blog\/parents\/a\/rentree-scolaire-terminale\/\">\n            <picture>\n                <img decoding=\"async\" width=\"373\" height=\"272\" src=\"https:\/\/sherpas.com\/content\/uploads\/sites\/3\/2023\/09\/rentree-scolaire-terminale-couverture-373x272.jpg\" class=\"article-card-vertical__image wp-post-image\" alt=\"rentr\u00e9e scolaire terminale\" srcset=\"https:\/\/xapbm7c37i.cloudimg.io\/https:\/\/sherpas.com\/content\/uploads\/sites\/3\/2023\/09\/rentree-scolaire-terminale-couverture-373x272.jpg?q=90&amp;org_if_sml=1&amp;w=373 373w, https:\/\/xapbm7c37i.cloudimg.io\/https:\/\/sherpas.com\/content\/uploads\/sites\/3\/2023\/09\/rentree-scolaire-terminale-couverture-373x272.jpg?q=90&amp;org_if_sml=1&amp;w=300 300w, https:\/\/xapbm7c37i.cloudimg.io\/https:\/\/sherpas.com\/content\/uploads\/sites\/3\/2023\/09\/rentree-scolaire-terminale-couverture-373x272.jpg?q=90&amp;org_if_sml=1&amp;w=1024 1024w, https:\/\/xapbm7c37i.cloudimg.io\/https:\/\/sherpas.com\/content\/uploads\/sites\/3\/2023\/09\/rentree-scolaire-terminale-couverture-373x272.jpg?q=90&amp;org_if_sml=1&amp;w=768 768w, https:\/\/xapbm7c37i.cloudimg.io\/https:\/\/sherpas.com\/content\/uploads\/sites\/3\/2023\/09\/rentree-scolaire-terminale-couverture-373x272.jpg?q=90&amp;org_if_sml=1&amp;w=1536 1536w, https:\/\/xapbm7c37i.cloudimg.io\/https:\/\/sherpas.com\/content\/uploads\/sites\/3\/2023\/09\/rentree-scolaire-terminale-couverture-373x272.jpg?q=90&amp;org_if_sml=1&amp;w=171 171w, https:\/\/xapbm7c37i.cloudimg.io\/https:\/\/sherpas.com\/content\/uploads\/sites\/3\/2023\/09\/rentree-scolaire-terminale-couverture-373x272.jpg?q=90&amp;org_if_sml=1&amp;w=288 288w, https:\/\/xapbm7c37i.cloudimg.io\/https:\/\/sherpas.com\/content\/uploads\/sites\/3\/2023\/09\/rentree-scolaire-terminale-couverture-373x272.jpg?q=90&amp;org_if_sml=1&amp;w=509 509w, https:\/\/xapbm7c37i.cloudimg.io\/https:\/\/sherpas.com\/content\/uploads\/sites\/3\/2023\/09\/rentree-scolaire-terminale-couverture-373x272.jpg?q=90&amp;org_if_sml=1&amp;w=265 265w, https:\/\/xapbm7c37i.cloudimg.io\/https:\/\/sherpas.com\/content\/uploads\/sites\/3\/2023\/09\/rentree-scolaire-terminale-couverture-373x272.jpg?q=90&amp;org_if_sml=1&amp;w=384 384w, https:\/\/xapbm7c37i.cloudimg.io\/https:\/\/sherpas.com\/content\/uploads\/sites\/3\/2023\/09\/rentree-scolaire-terminale-couverture-373x272.jpg?q=90&amp;org_if_sml=1&amp;w=60 60w, https:\/\/xapbm7c37i.cloudimg.io\/https:\/\/sherpas.com\/content\/uploads\/sites\/3\/2023\/09\/rentree-scolaire-terminale-couverture-373x272.jpg?q=90&amp;org_if_sml=1&amp;w=1920 1920w\" sizes=\"(max-width: 373px) 100vw, 373px\" ci-src=\"https:\/\/sherpas.com\/content\/uploads\/sites\/3\/2023\/09\/rentree-scolaire-terminale-couverture-373x272.jpg?q=90\" \/>\n                \n                    \n            <\/picture>\n\n        <\/a>\n     \n  \n    <div class=\"article-card-vertical__content\">\n        <a class=\"article-card-vertical__link\" href=\"https:\/\/sherpas.com\/blog\/parents\/a\/rentree-scolaire-terminale\/\">\n            <h3 class=\"article-card-vertical__title\" id=\"rentree-scolaire-comment-accompagner-lentree-en-terminale-de-votre-enfant\">\n                Rentr\u00e9e scolaire : comment accompagner l\u2019entr\u00e9e en terminale de votre enfant ?&nbsp;\ud83d\ude0a\n            <\/h3>\n                            <div class=\"article-card-vertical__text\">\n                    Chaque rentr\u00e9e suscite son lot de questions, mais celles qui sont li\u00e9es \u00e0 l\u2019entr\u00e9e en terminale sont bien (&#8230;)\n                <\/div>\n                    <\/a>   \n                    <div class=\"article-card-vertical__tags article-card-vertical__tags--hide\">\n                <div class=\"article-card-vertical__tag badge\"><\/div>\n            <\/div>\n            <\/div>\n<\/div>\n                        <\/div>\n                                                                                                                                                <\/div>\n            <div class=\"row\">\n                <div class=\"col-12\">\n                                            <div class=\"all-articles__pagination\">\n                            <span aria-current=\"page\" class=\"page-numbers current\"><span class=\"all-articles__page\">1<\/span><\/span><a class=\"page-numbers\" href=\"https:\/\/sherpas.com\/blog\/parents\/wp-json\/wp\/v2\/pages\/1004\/page\/2\/#tous-les-articles\"><span class=\"all-articles__page\">2<\/span><\/a><a class=\"page-numbers\" href=\"https:\/\/sherpas.com\/blog\/parents\/wp-json\/wp\/v2\/pages\/1004\/page\/3\/#tous-les-articles\"><span class=\"all-articles__page\">3<\/span><\/a><a class=\"page-numbers\" href=\"https:\/\/sherpas.com\/blog\/parents\/wp-json\/wp\/v2\/pages\/1004\/page\/4\/#tous-les-articles\"><span class=\"all-articles__page\">4<\/span><\/a><a class=\"next page-numbers\" href=\"https:\/\/sherpas.com\/blog\/parents\/wp-json\/wp\/v2\/pages\/1004\/page\/2\/#tous-les-articles\">Suivant<\/a>                        <\/div>\n                                    <\/div>\n            <\/div>\n        <\/div>\n    <\/div>\n<\/section>\n\n\n\n<section class=\"edito-book\">\n    <div class=\"container\">\n        <h2 class=\"edito-book__title\" id=\"decouvrez-nos-guides\">D\u00e9couvrez nos guides<\/h2>\n        <div class=\"edito-book__items swiper\">\n            <div class=\"swiper-wrapper\">\n                                                    <a href=\"https:\/\/sherpas.com\/blog\/parents\/a\/guide-rentree-lycee\/\" class=\"edito-book__item swiper-slide\">\n                                                                            <img decoding=\"async\" src=\"https:\/\/sherpas.com\/content\/uploads\/sites\/3\/2023\/09\/Pour-une-rentree-au-lycee-reussie.jpg\" alt=\"Guide pour une rentr\u00e9e au lyc\u00e9e r\u00e9ussie \ud83d\udcaa\">\n                                                                            <div class=\"tag-cap mt-20\">\n                                Toolbox\n                            <\/div>\n                                                <div class=\"d-block t-08 mt-10\">\n                                                                                        Guide pour une rentr\u00e9e au lyc\u00e9e r\u00e9ussie&nbsp;\ud83d\udcaa\n                                                    <\/div>\n                    <\/a>\n                                    <a href=\"https:\/\/sherpas.com\/blog\/parents\/a\/guide-rentree-prepa\/\" class=\"edito-book__item swiper-slide\">\n                                                                            <img decoding=\"async\" src=\"https:\/\/sherpas.com\/content\/uploads\/sites\/3\/2023\/09\/Preparer-la-rentree-en-prepa.jpg\" alt=\"Guide pour une rentr\u00e9e en pr\u00e9pa r\u00e9ussie \ud83d\udcaa\">\n                                                                            <div class=\"tag-cap mt-20\">\n                                Nos ebooks parents\n                            <\/div>\n                                                <div class=\"d-block t-08 mt-10\">\n                                                                                        Guide pour une rentr\u00e9e en pr\u00e9pa r\u00e9ussie&nbsp;\ud83d\udcaa\n                                                    <\/div>\n                    <\/a>\n                                            <\/div>\n        <\/div>\n                    <div class=\"mt-40 d-flex justify-content-center\">\n                <a class=\"btn btn-purple\" href=\"https:\/\/sherpas.com\/blog\/parents\/toolbox\/ebooks-parents\/\">\n                    Tous nos ebooks\n                <\/a>\n            <\/div>\n        \n    <\/div>\n<\/section>\n","protected":false},"excerpt":{"rendered":"","protected":false},"author":336,"featured_media":0,"parent":996,"menu_order":0,"comment_status":"closed","ping_status":"closed","template":"category-template","meta":{"_acf_changed":false,"footnotes":""},"category":[10,9],"tag":[],"class_list":["post-1004","page","type-page","status-publish","hentry","category-accompagner","category-les-comprendre"],"acf":[],"_links":{"self":[{"href":"https:\/\/sherpas.com\/blog\/parents\/wp-json\/wp\/v2\/pages\/1004","targetHints":{"allow":["GET"]}}],"collection":[{"href":"https:\/\/sherpas.com\/blog\/parents\/wp-json\/wp\/v2\/pages"}],"about":[{"href":"https:\/\/sherpas.com\/blog\/parents\/wp-json\/wp\/v2\/types\/page"}],"author":[{"embeddable":true,"href":"https:\/\/sherpas.com\/blog\/parents\/wp-json\/wp\/v2\/users\/336"}],"replies":[{"embeddable":true,"href":"https:\/\/sherpas.com\/blog\/parents\/wp-json\/wp\/v2\/comments?post=1004"}],"version-history":[{"count":0,"href":"https:\/\/sherpas.com\/blog\/parents\/wp-json\/wp\/v2\/pages\/1004\/revisions"}],"up":[{"embeddable":true,"href":"https:\/\/sherpas.com\/blog\/parents\/wp-json\/wp\/v2\/pages\/996"}],"wp:attachment":[{"href":"https:\/\/sherpas.com\/blog\/parents\/wp-json\/wp\/v2\/media?parent=1004"}],"wp:term":[{"taxonomy":"category","embeddable":true,"href":"https:\/\/sherpas.com\/blog\/parents\/wp-json\/wp\/v2\/category?post=1004"},{"taxonomy":"tag","embeddable":true,"href":"https:\/\/sherpas.com\/blog\/parents\/wp-json\/wp\/v2\/tag?post=1004"}],"curies":[{"name":"wp","href":"https:\/\/api.w.org\/{rel}","templated":true}]}}