{"id":1000,"date":"2023-09-15T11:31:03","date_gmt":"2023-09-15T09:31:03","guid":{"rendered":"https:\/\/sherpas.com\/blog\/parents\/?page_id=1000"},"modified":"2024-08-26T23:51:07","modified_gmt":"2024-08-26T21:51:07","slug":"comment-accompagner","status":"publish","type":"page","link":"https:\/\/sherpas.com\/blog\/parents\/aide-apprendre\/comment-accompagner\/","title":{"rendered":"M\u00e9thodes et conseils d\u2019accompagnement"},"content":{"rendered":"<section class=\"slice-full-page\" data-max=\"21\">\n    <div class=\"container\">\n        <div class=\"d-lg-flex align-items-end\">\n                            <h1 class=\"slice-full-page__title\" id=\"methodes-et-conseils-daccompagnement\">\n                    M\u00e9thodes et conseils d\u2019accompagnement \n                <\/h1>\n                                <\/div>\n                                <div class=\"slice-full-page__articles\">\n            <div class=\"row\">\n                                                                                                                            <div class=\"col-12 col-lg-6 col-xl-4 slice-full-page__article \">\n                            <div\n\n   class=\"article-card-vertical  article-card-vertical--3   \">\n\n            <a href=\"https:\/\/sherpas.com\/blog\/parents\/a\/epreuve-maths-brevet\/\">\n            <picture>\n                <img decoding=\"async\" width=\"396\" height=\"223\" src=\"https:\/\/sherpas.com\/content\/uploads\/sites\/3\/2026\/04\/epreuve-de-maths-.png\" class=\"article-card-vertical__image wp-post-image\" alt=\"professeur de maths devant son tableau\" ci-src=\"https:\/\/sherpas.com\/content\/uploads\/sites\/3\/2026\/04\/epreuve-de-maths-.png?q=90\" \/>\n                \n                    \n            <\/picture>\n\n        <\/a>\n     \n  \n    <div class=\"article-card-vertical__content\">\n        <a class=\"article-card-vertical__link\" href=\"https:\/\/sherpas.com\/blog\/parents\/a\/epreuve-maths-brevet\/\">\n            <h3 class=\"article-card-vertical__title\" id=\"lepreuve-de-maths-au-brevet-des-colleges\">\n                L\u2019\u00e9preuve de maths au brevet des coll\u00e8ges&nbsp;\ud83d\udcd0\n            <\/h3>\n                            <div class=\"article-card-vertical__text\">\n                    Alerte g\u00e9n\u00e9rale : le brevet des coll\u00e8ges fait peau neuve cette ann\u00e9e ! L\u2019annonce est tomb\u00e9e, et elle (&#8230;)\n                <\/div>\n                    <\/a>   \n                    <div class=\"article-card-vertical__tags article-card-vertical__tags--hide\">\n                <div class=\"article-card-vertical__tag badge\"><\/div>\n            <\/div>\n            <\/div>\n<\/div>\n                        <\/div>\n                                                                                                                    <div class=\"col-12 col-lg-6 col-xl-4 slice-full-page__article \">\n                            <div\n\n   class=\"article-card-vertical  article-card-vertical--3   \">\n\n            <a href=\"https:\/\/sherpas.com\/blog\/parents\/a\/comment-remonter-notes-maths\/\">\n            <picture>\n                <img decoding=\"async\" width=\"396\" height=\"223\" src=\"https:\/\/sherpas.com\/content\/uploads\/sites\/3\/2026\/04\/comment-remonter-notes-maths.png\" class=\"article-card-vertical__image wp-post-image\" alt=\"\" ci-src=\"https:\/\/sherpas.com\/content\/uploads\/sites\/3\/2026\/04\/comment-remonter-notes-maths.png?q=90\" \/>\n                \n                    \n            <\/picture>\n\n        <\/a>\n     \n  \n    <div class=\"article-card-vertical__content\">\n        <a class=\"article-card-vertical__link\" href=\"https:\/\/sherpas.com\/blog\/parents\/a\/comment-remonter-notes-maths\/\">\n            <h3 class=\"article-card-vertical__title\" id=\"comment-remonter-ses-notes-en-maths-au-college-et-au-lycee\">\n                Comment remonter ses notes en maths au coll\u00e8ge et au lyc\u00e9e&nbsp;?\n            <\/h3>\n                            <div class=\"article-card-vertical__text\">\n                    On ne va pas se mentir, les maths, c&rsquo;est souvent LA mati\u00e8re qui cristallise le plus de stress. (&#8230;)\n                <\/div>\n                    <\/a>   \n                    <div class=\"article-card-vertical__tags article-card-vertical__tags--hide\">\n                <div class=\"article-card-vertical__tag badge\"><\/div>\n            <\/div>\n            <\/div>\n<\/div>\n                        <\/div>\n                                                                                                                    <div class=\"col-12 col-lg-6 col-xl-4 slice-full-page__article \">\n                            <div\n\n   class=\"article-card-vertical  article-card-vertical--3   \">\n\n            <a href=\"https:\/\/sherpas.com\/blog\/parents\/a\/comment-remonter-notes-francais\/\">\n            <picture>\n                <img decoding=\"async\" width=\"396\" height=\"223\" src=\"https:\/\/sherpas.com\/content\/uploads\/sites\/3\/2026\/04\/comment-remonter-notes-francais.png\" class=\"article-card-vertical__image wp-post-image\" alt=\"\" ci-src=\"https:\/\/sherpas.com\/content\/uploads\/sites\/3\/2026\/04\/comment-remonter-notes-francais.png?q=90\" \/>\n                \n                    \n            <\/picture>\n\n        <\/a>\n     \n  \n    <div class=\"article-card-vertical__content\">\n        <a class=\"article-card-vertical__link\" href=\"https:\/\/sherpas.com\/blog\/parents\/a\/comment-remonter-notes-francais\/\">\n            <h3 class=\"article-card-vertical__title\" id=\"comment-remonter-ses-notes-en-francais\">\n                Comment remonter ses notes en fran\u00e7ais&nbsp;?\n            <\/h3>\n                            <div class=\"article-card-vertical__text\">\n                    Le dernier bulletin en fran\u00e7ais de votre ado vous inqui\u00e8te ? Aider votre ado \u00e0 remonter ses notes (&#8230;)\n                <\/div>\n                    <\/a>   \n                    <div class=\"article-card-vertical__tags article-card-vertical__tags--hide\">\n                <div class=\"article-card-vertical__tag badge\"><\/div>\n            <\/div>\n            <\/div>\n<\/div>\n                        <\/div>\n                                                                                                                    <div class=\"col-12 col-lg-6 col-xl-4 slice-full-page__article \">\n                            <div\n\n   class=\"article-card-vertical  article-card-vertical--3   \">\n\n            <a href=\"https:\/\/sherpas.com\/blog\/parents\/a\/comment-remonter-notes-anglais\/\">\n            <picture>\n                <img decoding=\"async\" width=\"396\" height=\"223\" src=\"https:\/\/sherpas.com\/content\/uploads\/sites\/3\/2026\/04\/comment-remonter-notes-anglais.png\" class=\"article-card-vertical__image wp-post-image\" alt=\"\" ci-src=\"https:\/\/sherpas.com\/content\/uploads\/sites\/3\/2026\/04\/comment-remonter-notes-anglais.png?q=90\" \/>\n                \n                    \n            <\/picture>\n\n        <\/a>\n     \n  \n    <div class=\"article-card-vertical__content\">\n        <a class=\"article-card-vertical__link\" href=\"https:\/\/sherpas.com\/blog\/parents\/a\/comment-remonter-notes-anglais\/\">\n            <h3 class=\"article-card-vertical__title\" id=\"comment-ameliorer-ses-notes-en-anglais-au-college-et-au-lycee\">\n                Comment am\u00e9liorer ses notes en anglais au coll\u00e8ge et au lyc\u00e9e&nbsp;?\n            <\/h3>\n                            <div class=\"article-card-vertical__text\">\n                    L&rsquo;anglais, c&rsquo;est une mati\u00e8re un peu \u00e0 part. On peut avoir l&rsquo;impression de \u00ab se d\u00e9brouiller \u00bb en (&#8230;)\n                <\/div>\n                    <\/a>   \n                    <div class=\"article-card-vertical__tags article-card-vertical__tags--hide\">\n                <div class=\"article-card-vertical__tag badge\"><\/div>\n            <\/div>\n            <\/div>\n<\/div>\n                        <\/div>\n                                                                                                                    <div class=\"col-12 col-lg-6 col-xl-4 slice-full-page__article \">\n                            <div\n\n   class=\"article-card-vertical  article-card-vertical--3   \">\n\n            <a href=\"https:\/\/sherpas.com\/blog\/parents\/a\/cours-soutien-enfants-difficultes\/\">\n            <picture>\n                <img decoding=\"async\" width=\"396\" height=\"223\" src=\"https:\/\/sherpas.com\/content\/uploads\/sites\/3\/2025\/11\/cours-particuliers-vacances.png\" class=\"article-card-vertical__image wp-post-image\" alt=\"Professeur qui donne des cours \u00e0 son \u00e9l\u00e8ve\" ci-src=\"https:\/\/sherpas.com\/content\/uploads\/sites\/3\/2025\/11\/cours-particuliers-vacances.png?q=90\" \/>\n                \n                    \n            <\/picture>\n\n        <\/a>\n     \n  \n    <div class=\"article-card-vertical__content\">\n        <a class=\"article-card-vertical__link\" href=\"https:\/\/sherpas.com\/blog\/parents\/a\/cours-soutien-enfants-difficultes\/\">\n            <h3 class=\"article-card-vertical__title\" id=\"cours-de-soutien-a-quoi-sattendre-pour-les-enfants-en-difficulte\">\n                Cours de soutien : \u00e0 quoi s&rsquo;attendre pour les enfants en difficult\u00e9 ?&nbsp;\ud83c\udfeb\n            <\/h3>\n                            <div class=\"article-card-vertical__text\">\n                    Votre enfant rentre \u00e0 la maison avec des notes en baisse, des devoirs qui s&rsquo;accumulent et une motivation (&#8230;)\n                <\/div>\n                    <\/a>   \n                    <div class=\"article-card-vertical__tags article-card-vertical__tags--hide\">\n                <div class=\"article-card-vertical__tag badge\"><\/div>\n            <\/div>\n            <\/div>\n<\/div>\n                        <\/div>\n                                                                                                                    <div class=\"col-12 col-lg-6 col-xl-4 slice-full-page__article \">\n                            <div\n\n   class=\"article-card-vertical  article-card-vertical--3   \">\n\n            <a href=\"https:\/\/sherpas.com\/blog\/parents\/a\/motivation-ado-fin-annee-scolaire\/\">\n            <picture>\n                <img decoding=\"async\" width=\"396\" height=\"223\" src=\"https:\/\/sherpas.com\/content\/uploads\/sites\/3\/2026\/03\/motiver-ado-fin-annee-scolaire.jpg\" class=\"article-card-vertical__image wp-post-image\" alt=\"Professeur avec son \u00e9l\u00e8ve\" ci-src=\"https:\/\/sherpas.com\/content\/uploads\/sites\/3\/2026\/03\/motiver-ado-fin-annee-scolaire.jpg?q=90\" \/>\n                \n                    \n            <\/picture>\n\n        <\/a>\n     \n  \n    <div class=\"article-card-vertical__content\">\n        <a class=\"article-card-vertical__link\" href=\"https:\/\/sherpas.com\/blog\/parents\/a\/motivation-ado-fin-annee-scolaire\/\">\n            <h3 class=\"article-card-vertical__title\" id=\"comment-motiver-son-ado-jusqua-la-fin-de-lannee-scolaire\">\n                Comment motiver son ado jusqu\u2019\u00e0 la fin de l\u2019ann\u00e9e scolaire ?&nbsp;\ud83e\udec2\n            <\/h3>\n                            <div class=\"article-card-vertical__text\">\n                    La fin d&rsquo;ann\u00e9e approche, et vous le sentez probablement \u00e0 la maison. Les cours s&rsquo;accumulent, les examens se (&#8230;)\n                <\/div>\n                    <\/a>   \n                    <div class=\"article-card-vertical__tags article-card-vertical__tags--hide\">\n                <div class=\"article-card-vertical__tag badge\"><\/div>\n            <\/div>\n            <\/div>\n<\/div>\n                        <\/div>\n                                                                                                                    <div class=\"col-12 col-lg-6 col-xl-4 slice-full-page__article \">\n                            <div\n\n   class=\"article-card-vertical  article-card-vertical--3   \">\n\n            <a href=\"https:\/\/sherpas.com\/blog\/parents\/a\/redoublement-scolaire\/\">\n            <picture>\n                <img decoding=\"async\" width=\"396\" height=\"264\" src=\"https:\/\/sherpas.com\/content\/uploads\/sites\/3\/2023\/12\/redoublement-scolaire-1-396x264.jpg\" class=\"article-card-vertical__image wp-post-image\" alt=\"redoublement scolaire\" srcset=\"https:\/\/xapbm7c37i.cloudimg.io\/https:\/\/sherpas.com\/content\/uploads\/sites\/3\/2023\/12\/redoublement-scolaire-1-396x264.jpg?q=90&amp;org_if_sml=1&amp;w=396 396w, https:\/\/xapbm7c37i.cloudimg.io\/https:\/\/sherpas.com\/content\/uploads\/sites\/3\/2023\/12\/redoublement-scolaire-1-396x264.jpg?q=90&amp;org_if_sml=1&amp;w=300 300w, https:\/\/xapbm7c37i.cloudimg.io\/https:\/\/sherpas.com\/content\/uploads\/sites\/3\/2023\/12\/redoublement-scolaire-1-396x264.jpg?q=90&amp;org_if_sml=1&amp;w=1024 1024w, https:\/\/xapbm7c37i.cloudimg.io\/https:\/\/sherpas.com\/content\/uploads\/sites\/3\/2023\/12\/redoublement-scolaire-1-396x264.jpg?q=90&amp;org_if_sml=1&amp;w=768 768w, https:\/\/xapbm7c37i.cloudimg.io\/https:\/\/sherpas.com\/content\/uploads\/sites\/3\/2023\/12\/redoublement-scolaire-1-396x264.jpg?q=90&amp;org_if_sml=1&amp;w=1536 1536w, https:\/\/xapbm7c37i.cloudimg.io\/https:\/\/sherpas.com\/content\/uploads\/sites\/3\/2023\/12\/redoublement-scolaire-1-396x264.jpg?q=90&amp;org_if_sml=1&amp;w=188 188w, https:\/\/xapbm7c37i.cloudimg.io\/https:\/\/sherpas.com\/content\/uploads\/sites\/3\/2023\/12\/redoublement-scolaire-1-396x264.jpg?q=90&amp;org_if_sml=1&amp;w=288 288w, https:\/\/xapbm7c37i.cloudimg.io\/https:\/\/sherpas.com\/content\/uploads\/sites\/3\/2023\/12\/redoublement-scolaire-1-396x264.jpg?q=90&amp;org_if_sml=1&amp;w=557 557w, https:\/\/xapbm7c37i.cloudimg.io\/https:\/\/sherpas.com\/content\/uploads\/sites\/3\/2023\/12\/redoublement-scolaire-1-396x264.jpg?q=90&amp;org_if_sml=1&amp;w=265 265w, https:\/\/xapbm7c37i.cloudimg.io\/https:\/\/sherpas.com\/content\/uploads\/sites\/3\/2023\/12\/redoublement-scolaire-1-396x264.jpg?q=90&amp;org_if_sml=1&amp;w=60 60w, https:\/\/xapbm7c37i.cloudimg.io\/https:\/\/sherpas.com\/content\/uploads\/sites\/3\/2023\/12\/redoublement-scolaire-1-396x264.jpg?q=90&amp;org_if_sml=1&amp;w=725 725w, https:\/\/xapbm7c37i.cloudimg.io\/https:\/\/sherpas.com\/content\/uploads\/sites\/3\/2023\/12\/redoublement-scolaire-1-396x264.jpg?q=90&amp;org_if_sml=1&amp;w=378 378w, https:\/\/xapbm7c37i.cloudimg.io\/https:\/\/sherpas.com\/content\/uploads\/sites\/3\/2023\/12\/redoublement-scolaire-1-396x264.jpg?q=90&amp;org_if_sml=1&amp;w=1920 1920w\" sizes=\"(max-width: 396px) 100vw, 396px\" ci-src=\"https:\/\/sherpas.com\/content\/uploads\/sites\/3\/2023\/12\/redoublement-scolaire-1-396x264.jpg?q=90\" \/>\n                \n                    \n            <\/picture>\n\n        <\/a>\n     \n  \n    <div class=\"article-card-vertical__content\">\n        <a class=\"article-card-vertical__link\" href=\"https:\/\/sherpas.com\/blog\/parents\/a\/redoublement-scolaire\/\">\n            <h3 class=\"article-card-vertical__title\" id=\"le-redoublement-a-lecole-quest-ce-que-ca-implique\">\n                Le redoublement \u00e0 l\u2019\u00e9cole : qu&rsquo;est-ce que \u00e7a implique ?&nbsp;\ud83d\udd01\n            <\/h3>\n                            <div class=\"article-card-vertical__text\">\n                    Votre enfant doit redoubler ou est sur le point de le faire ? Pas de panique ! Nous (&#8230;)\n                <\/div>\n                    <\/a>   \n                    <div class=\"article-card-vertical__tags article-card-vertical__tags--hide\">\n                <div class=\"article-card-vertical__tag badge\"><\/div>\n            <\/div>\n            <\/div>\n<\/div>\n                        <\/div>\n                                                                                                                    <div class=\"col-12 col-lg-6 col-xl-4 slice-full-page__article \">\n                            <div\n\n   class=\"article-card-vertical  article-card-vertical--3   \">\n\n            <a href=\"https:\/\/sherpas.com\/blog\/parents\/a\/accompagner-recherche-master\/\">\n            <picture>\n                <img decoding=\"async\" width=\"396\" height=\"223\" src=\"https:\/\/sherpas.com\/content\/uploads\/sites\/3\/2026\/02\/Monmaster.png\" class=\"article-card-vertical__image wp-post-image\" alt=\"Personne qui tappe sur son ordinateur\" ci-src=\"https:\/\/sherpas.com\/content\/uploads\/sites\/3\/2026\/02\/Monmaster.png?q=90\" \/>\n                \n                    \n            <\/picture>\n\n        <\/a>\n     \n  \n    <div class=\"article-card-vertical__content\">\n        <a class=\"article-card-vertical__link\" href=\"https:\/\/sherpas.com\/blog\/parents\/a\/accompagner-recherche-master\/\">\n            <h3 class=\"article-card-vertical__title\" id=\"comment-accompagner-son-enfant-dans-la-recherche-de-master\">\n                Comment accompagner son enfant dans la recherche de master ?&nbsp;\ud83e\udd1d\n            <\/h3>\n                            <div class=\"article-card-vertical__text\">\n                    Apr\u00e8s Parcoursup, la recherche de master s\u2019inscrit dans une nouvelle phase de l\u2019orientation de votre enfant. Cette \u00e9tape (&#8230;)\n                <\/div>\n                    <\/a>   \n                    <div class=\"article-card-vertical__tags article-card-vertical__tags--hide\">\n                <div class=\"article-card-vertical__tag badge\"><\/div>\n            <\/div>\n            <\/div>\n<\/div>\n                        <\/div>\n                                                                                                                    <div class=\"col-12 col-lg-6 col-xl-4 slice-full-page__article \">\n                            <div\n\n   class=\"article-card-vertical  article-card-vertical--3   \">\n\n            <a href=\"https:\/\/sherpas.com\/blog\/parents\/a\/sujets-probables-brevet\/\">\n            <picture>\n                <img decoding=\"async\" width=\"396\" height=\"223\" src=\"https:\/\/sherpas.com\/content\/uploads\/sites\/3\/2025\/02\/sujets-brevet.jpg\" class=\"article-card-vertical__image wp-post-image\" alt=\"une \u00e9l\u00e8ve en examen\" ci-src=\"https:\/\/sherpas.com\/content\/uploads\/sites\/3\/2025\/02\/sujets-brevet.jpg?q=90\" \/>\n                \n                    \n            <\/picture>\n\n        <\/a>\n     \n  \n    <div class=\"article-card-vertical__content\">\n        <a class=\"article-card-vertical__link\" href=\"https:\/\/sherpas.com\/blog\/parents\/a\/sujets-probables-brevet\/\">\n            <h3 class=\"article-card-vertical__title\" id=\"les-sujets-probables-du-brevet-2026-comment-sy-preparer\">\n                Les sujets probables du brevet 2026 : comment s\u2019y pr\u00e9parer ?&nbsp;\ud83d\udcdd\n            <\/h3>\n                            <div class=\"article-card-vertical__text\">\n                    Le Dipl\u00f4me National du Brevet (DNB) est un passage incontournable pour tous les coll\u00e9giens fran\u00e7ais. Il est normal (&#8230;)\n                <\/div>\n                    <\/a>   \n                    <div class=\"article-card-vertical__tags article-card-vertical__tags--hide\">\n                <div class=\"article-card-vertical__tag badge\"><\/div>\n            <\/div>\n            <\/div>\n<\/div>\n                        <\/div>\n                                                                                                                    <div class=\"col-12 col-lg-6 col-xl-4 slice-full-page__article \">\n                            <div\n\n   class=\"article-card-vertical  article-card-vertical--3   \">\n\n            <a href=\"https:\/\/sherpas.com\/blog\/parents\/a\/sujets-probables-bac\/\">\n            <picture>\n                <img decoding=\"async\" width=\"396\" height=\"223\" src=\"https:\/\/sherpas.com\/content\/uploads\/sites\/3\/2025\/04\/sujets-probables-bac-.jpg\" class=\"article-card-vertical__image wp-post-image\" alt=\"\u00e9tudiante en examen\" ci-src=\"https:\/\/sherpas.com\/content\/uploads\/sites\/3\/2025\/04\/sujets-probables-bac-.jpg?q=90\" \/>\n                \n                    \n            <\/picture>\n\n        <\/a>\n     \n  \n    <div class=\"article-card-vertical__content\">\n        <a class=\"article-card-vertical__link\" href=\"https:\/\/sherpas.com\/blog\/parents\/a\/sujets-probables-bac\/\">\n            <h3 class=\"article-card-vertical__title\" id=\"les-sujets-probables-du-bac-2026-comment-sy-preparer\">\n                Les sujets probables du bac 2026 : comment s\u2019y pr\u00e9parer ?&nbsp;\u270d\n            <\/h3>\n                            <div class=\"article-card-vertical__text\">\n                    Votre ado est en classe de Terminale, et s\u2019appr\u00eate \u00e0 passer le baccalaur\u00e9at ? On sait \u00e0 quel (&#8230;)\n                <\/div>\n                    <\/a>   \n                    <div class=\"article-card-vertical__tags article-card-vertical__tags--hide\">\n                <div class=\"article-card-vertical__tag badge\"><\/div>\n            <\/div>\n            <\/div>\n<\/div>\n                        <\/div>\n                                                                                                                    <div class=\"col-12 col-lg-6 col-xl-4 slice-full-page__article \">\n                            <div\n\n   class=\"article-card-vertical  article-card-vertical--3   \">\n\n            <a href=\"https:\/\/sherpas.com\/blog\/parents\/a\/revisions-brevet\/\">\n            <picture>\n                <img decoding=\"async\" width=\"396\" height=\"236\" src=\"https:\/\/sherpas.com\/content\/uploads\/sites\/3\/2024\/02\/aider-son-enfant-pour-reviser-le-brevet-1-396x236.jpeg\" class=\"article-card-vertical__image wp-post-image\" alt=\"aider son enfant pour r\u00e9viser le brevet\" srcset=\"https:\/\/xapbm7c37i.cloudimg.io\/https:\/\/sherpas.com\/content\/uploads\/sites\/3\/2024\/02\/aider-son-enfant-pour-reviser-le-brevet-1-396x236.jpeg?q=90&amp;org_if_sml=1&amp;w=396 396w, https:\/\/xapbm7c37i.cloudimg.io\/https:\/\/sherpas.com\/content\/uploads\/sites\/3\/2024\/02\/aider-son-enfant-pour-reviser-le-brevet-1-396x236.jpeg?q=90&amp;org_if_sml=1&amp;w=300 300w, https:\/\/xapbm7c37i.cloudimg.io\/https:\/\/sherpas.com\/content\/uploads\/sites\/3\/2024\/02\/aider-son-enfant-pour-reviser-le-brevet-1-396x236.jpeg?q=90&amp;org_if_sml=1&amp;w=1024 1024w, https:\/\/xapbm7c37i.cloudimg.io\/https:\/\/sherpas.com\/content\/uploads\/sites\/3\/2024\/02\/aider-son-enfant-pour-reviser-le-brevet-1-396x236.jpeg?q=90&amp;org_if_sml=1&amp;w=768 768w, https:\/\/xapbm7c37i.cloudimg.io\/https:\/\/sherpas.com\/content\/uploads\/sites\/3\/2024\/02\/aider-son-enfant-pour-reviser-le-brevet-1-396x236.jpeg?q=90&amp;org_if_sml=1&amp;w=1536 1536w, https:\/\/xapbm7c37i.cloudimg.io\/https:\/\/sherpas.com\/content\/uploads\/sites\/3\/2024\/02\/aider-son-enfant-pour-reviser-le-brevet-1-396x236.jpeg?q=90&amp;org_if_sml=1&amp;w=200 200w, https:\/\/xapbm7c37i.cloudimg.io\/https:\/\/sherpas.com\/content\/uploads\/sites\/3\/2024\/02\/aider-son-enfant-pour-reviser-le-brevet-1-396x236.jpeg?q=90&amp;org_if_sml=1&amp;w=288 288w, https:\/\/xapbm7c37i.cloudimg.io\/https:\/\/sherpas.com\/content\/uploads\/sites\/3\/2024\/02\/aider-son-enfant-pour-reviser-le-brevet-1-396x236.jpeg?q=90&amp;org_if_sml=1&amp;w=610 610w, https:\/\/xapbm7c37i.cloudimg.io\/https:\/\/sherpas.com\/content\/uploads\/sites\/3\/2024\/02\/aider-son-enfant-pour-reviser-le-brevet-1-396x236.jpeg?q=90&amp;org_if_sml=1&amp;w=265 265w, https:\/\/xapbm7c37i.cloudimg.io\/https:\/\/sherpas.com\/content\/uploads\/sites\/3\/2024\/02\/aider-son-enfant-pour-reviser-le-brevet-1-396x236.jpeg?q=90&amp;org_if_sml=1&amp;w=60 60w, https:\/\/xapbm7c37i.cloudimg.io\/https:\/\/sherpas.com\/content\/uploads\/sites\/3\/2024\/02\/aider-son-enfant-pour-reviser-le-brevet-1-396x236.jpeg?q=90&amp;org_if_sml=1&amp;w=1920 1920w\" sizes=\"(max-width: 396px) 100vw, 396px\" ci-src=\"https:\/\/sherpas.com\/content\/uploads\/sites\/3\/2024\/02\/aider-son-enfant-pour-reviser-le-brevet-1-396x236.jpeg?q=90\" \/>\n                \n                    \n            <\/picture>\n\n        <\/a>\n     \n  \n    <div class=\"article-card-vertical__content\">\n        <a class=\"article-card-vertical__link\" href=\"https:\/\/sherpas.com\/blog\/parents\/a\/revisions-brevet\/\">\n            <h3 class=\"article-card-vertical__title\" id=\"comment-aider-mon-enfant-a-reviser-son-brevet\">\n                Comment aider mon enfant \u00e0 r\u00e9viser son brevet ?&nbsp;\ud83d\udcda\n            <\/h3>\n                            <div class=\"article-card-vertical__text\">\n                    Pour beaucoup d&rsquo;\u00e9l\u00e8ves, le brevet, c&rsquo;est le premier grand examen officiel qu&rsquo;ils passent ! Mais pour vous, parents, (&#8230;)\n                <\/div>\n                    <\/a>   \n                    <div class=\"article-card-vertical__tags article-card-vertical__tags--hide\">\n                <div class=\"article-card-vertical__tag badge\"><\/div>\n            <\/div>\n            <\/div>\n<\/div>\n                        <\/div>\n                                                                                                                    <div class=\"col-12 col-lg-6 col-xl-4 slice-full-page__article \">\n                            <div\n\n   class=\"article-card-vertical  article-card-vertical--3   \">\n\n            <a href=\"https:\/\/sherpas.com\/blog\/parents\/a\/cours-soutien-vacances\/\">\n            <picture>\n                <img decoding=\"async\" width=\"396\" height=\"223\" src=\"https:\/\/sherpas.com\/content\/uploads\/sites\/3\/2025\/11\/cours-particuliers-vacances.png\" class=\"article-card-vertical__image wp-post-image\" alt=\"Professeur qui donne des cours \u00e0 son \u00e9l\u00e8ve\" ci-src=\"https:\/\/sherpas.com\/content\/uploads\/sites\/3\/2025\/11\/cours-particuliers-vacances.png?q=90\" \/>\n                \n                    \n            <\/picture>\n\n        <\/a>\n     \n  \n    <div class=\"article-card-vertical__content\">\n        <a class=\"article-card-vertical__link\" href=\"https:\/\/sherpas.com\/blog\/parents\/a\/cours-soutien-vacances\/\">\n            <h3 class=\"article-card-vertical__title\" id=\"comment-organiser-les-cours-particuliers-de-mon-ado-pendant-les-vacances\">\n                Comment organiser les cours particuliers de mon ado pendant les vacances ?&nbsp;\ud83e\uddd0\n            <\/h3>\n                            <div class=\"article-card-vertical__text\">\n                    Ce sont les vacances, et votre ado n\u2019a qu\u2019une id\u00e9e en t\u00eate : d\u00e9connecter de l\u2019\u00e9cole, des examens (&#8230;)\n                <\/div>\n                    <\/a>   \n                    <div class=\"article-card-vertical__tags article-card-vertical__tags--hide\">\n                <div class=\"article-card-vertical__tag badge\"><\/div>\n            <\/div>\n            <\/div>\n<\/div>\n                        <\/div>\n                                                                                                                    <div class=\"col-12 col-lg-6 col-xl-4 slice-full-page__article \">\n                            <div\n\n   class=\"article-card-vertical  article-card-vertical--3   \">\n\n            <a href=\"https:\/\/sherpas.com\/blog\/parents\/a\/technoference\/\">\n            <picture>\n                <img decoding=\"async\" width=\"396\" height=\"223\" src=\"https:\/\/sherpas.com\/content\/uploads\/sites\/3\/2025\/11\/premier-compte-rs-1.png\" class=\"article-card-vertical__image wp-post-image\" alt=\"Une m\u00e8re sur son t\u00e9l\u00e9phone pendant qu&#039;elle s&#039;occupe de son enfant.\" ci-src=\"https:\/\/sherpas.com\/content\/uploads\/sites\/3\/2025\/11\/premier-compte-rs-1.png?q=90\" \/>\n                \n                    \n            <\/picture>\n\n        <\/a>\n     \n  \n    <div class=\"article-card-vertical__content\">\n        <a class=\"article-card-vertical__link\" href=\"https:\/\/sherpas.com\/blog\/parents\/a\/technoference\/\">\n            <h3 class=\"article-card-vertical__title\" id=\"la-technoference-quest-ce-que-cest\">\n                La technof\u00e9rence : qu\u2019est-ce que c\u2019est ?&nbsp;\ud83e\udd14\n            <\/h3>\n                            <div class=\"article-card-vertical__text\">\n                    Vous ne connaissez peut-\u00eatre pas encore ce mot, et pourtant vous en faites l\u2019exp\u00e9rience tous les jours : (&#8230;)\n                <\/div>\n                    <\/a>   \n                    <div class=\"article-card-vertical__tags article-card-vertical__tags--hide\">\n                <div class=\"article-card-vertical__tag badge\"><\/div>\n            <\/div>\n            <\/div>\n<\/div>\n                        <\/div>\n                                                                                                                    <div class=\"col-12 col-lg-6 col-xl-4 slice-full-page__article \">\n                            <div\n\n   class=\"article-card-vertical  article-card-vertical--3   \">\n\n            <a href=\"https:\/\/sherpas.com\/blog\/parents\/a\/sauter-une-classe\/\">\n            <picture>\n                <img decoding=\"async\" width=\"396\" height=\"223\" src=\"https:\/\/sherpas.com\/content\/uploads\/sites\/3\/2025\/05\/saut-de-classe.jpg\" class=\"article-card-vertical__image wp-post-image\" alt=\"enfants qui l\u00e8vent la main\" ci-src=\"https:\/\/sherpas.com\/content\/uploads\/sites\/3\/2025\/05\/saut-de-classe.jpg?q=90\" \/>\n                \n                    \n            <\/picture>\n\n        <\/a>\n     \n  \n    <div class=\"article-card-vertical__content\">\n        <a class=\"article-card-vertical__link\" href=\"https:\/\/sherpas.com\/blog\/parents\/a\/sauter-une-classe\/\">\n            <h3 class=\"article-card-vertical__title\" id=\"lui-faire-sauter-une-classe-une-bonne-idee\">\n                Lui faire sauter une classe, une bonne id\u00e9e ?&nbsp;\ud83e\udd14\n            <\/h3>\n                            <div class=\"article-card-vertical__text\">\n                    Vous envisagez de faire sauter une classe \u00e0 votre enfant ? Son enseignant vous en a parl\u00e9, ou (&#8230;)\n                <\/div>\n                    <\/a>   \n                    <div class=\"article-card-vertical__tags article-card-vertical__tags--hide\">\n                <div class=\"article-card-vertical__tag badge\"><\/div>\n            <\/div>\n            <\/div>\n<\/div>\n                        <\/div>\n                                                                                                                    <div class=\"col-12 col-lg-6 col-xl-4 slice-full-page__article \">\n                            <div\n\n   class=\"article-card-vertical  article-card-vertical--3   \">\n\n            <a href=\"https:\/\/sherpas.com\/blog\/parents\/a\/cv-parcoursup\/\">\n            <picture>\n                <img decoding=\"async\" width=\"396\" height=\"223\" src=\"https:\/\/sherpas.com\/content\/uploads\/sites\/3\/2024\/12\/cv-parcoursup.png\" class=\"article-card-vertical__image wp-post-image\" alt=\"cv parcoursup\" ci-src=\"https:\/\/sherpas.com\/content\/uploads\/sites\/3\/2024\/12\/cv-parcoursup.png?q=90\" \/>\n                \n                    \n            <\/picture>\n\n        <\/a>\n     \n  \n    <div class=\"article-card-vertical__content\">\n        <a class=\"article-card-vertical__link\" href=\"https:\/\/sherpas.com\/blog\/parents\/a\/cv-parcoursup\/\">\n            <h3 class=\"article-card-vertical__title\" id=\"cv-parcoursup-comment-le-reussir-pour-booster-son-dossier\">\n                CV Parcoursup : comment le r\u00e9ussir pour booster son dossier ?&nbsp;\u2728\n            <\/h3>\n                            <div class=\"article-card-vertical__text\">\n                    Si votre enfant est en Terminale, il est temps de s\u2019int\u00e9resser vivement \u00e0 Parcoursup, qui permet de postuler (&#8230;)\n                <\/div>\n                    <\/a>   \n                    <div class=\"article-card-vertical__tags article-card-vertical__tags--hide\">\n                <div class=\"article-card-vertical__tag badge\"><\/div>\n            <\/div>\n            <\/div>\n<\/div>\n                        <\/div>\n                                                                                                                    <div class=\"col-12 col-lg-6 col-xl-4 slice-full-page__article \">\n                            <div\n\n   class=\"article-card-vertical  article-card-vertical--3   \">\n\n            <a href=\"https:\/\/sherpas.com\/blog\/parents\/a\/methode-sherpas\/\">\n            <picture>\n                <img decoding=\"async\" width=\"218\" height=\"272\" src=\"https:\/\/sherpas.com\/content\/uploads\/sites\/3\/2025\/08\/a94e0c8235fcc85c556ed4ab22f74fcd79728efb.png\" class=\"article-card-vertical__image wp-post-image\" alt=\"\" ci-src=\"https:\/\/sherpas.com\/content\/uploads\/sites\/3\/2025\/08\/a94e0c8235fcc85c556ed4ab22f74fcd79728efb.png?q=90\" \/>\n                \n                    \n            <\/picture>\n\n        <\/a>\n     \n  \n    <div class=\"article-card-vertical__content\">\n        <a class=\"article-card-vertical__link\" href=\"https:\/\/sherpas.com\/blog\/parents\/a\/methode-sherpas\/\">\n            <h3 class=\"article-card-vertical__title\" id=\"quest-ce-que-la-methode-sherpas\">\n                Qu&rsquo;est-ce que la M\u00e9thode Sherpas\u00ae&nbsp;?\n            <\/h3>\n                            <div class=\"article-card-vertical__text\">\n                    Si vous \u00eates un habitu\u00e9 de nos supports p\u00e9dagogiques ou de nos cours particuliers, vous avez d\u00e9j\u00e0 entendu (&#8230;)\n                <\/div>\n                    <\/a>   \n                    <div class=\"article-card-vertical__tags article-card-vertical__tags--hide\">\n                <div class=\"article-card-vertical__tag badge\"><\/div>\n            <\/div>\n            <\/div>\n<\/div>\n                        <\/div>\n                                                                                                                    <div class=\"col-12 col-lg-6 col-xl-4 slice-full-page__article \">\n                            <div\n\n   class=\"article-card-vertical  article-card-vertical--3   \">\n\n            <a href=\"https:\/\/sherpas.com\/blog\/parents\/a\/expatriation-en-famille\/\">\n            <picture>\n                <img decoding=\"async\" width=\"396\" height=\"223\" src=\"https:\/\/sherpas.com\/content\/uploads\/sites\/3\/2025\/07\/expats-titre.jpg\" class=\"article-card-vertical__image wp-post-image\" alt=\"famille de 4 qui sourit\" ci-src=\"https:\/\/sherpas.com\/content\/uploads\/sites\/3\/2025\/07\/expats-titre.jpg?q=90\" \/>\n                \n                    \n            <\/picture>\n\n        <\/a>\n     \n  \n    <div class=\"article-card-vertical__content\">\n        <a class=\"article-card-vertical__link\" href=\"https:\/\/sherpas.com\/blog\/parents\/a\/expatriation-en-famille\/\">\n            <h3 class=\"article-card-vertical__title\" id=\"expatriation-en-famille-comment-assurer-la-scolarite-a-letranger-et-preparer-le-retour-en-france\">\n                Expatriation en famille : comment assurer la scolarit\u00e9 \u00e0 l\u2019\u00e9tranger et pr\u00e9parer le retour en France ?&nbsp;\u2708\ufe0f\n            <\/h3>\n                            <div class=\"article-card-vertical__text\">\n                    Vous partez vivre \u00e0 l\u2019\u00e9tranger en famille pour raisons professionnelles ? Ou vous y vivez d\u00e9j\u00e0, en pensant (&#8230;)\n                <\/div>\n                    <\/a>   \n                    <div class=\"article-card-vertical__tags article-card-vertical__tags--hide\">\n                <div class=\"article-card-vertical__tag badge\"><\/div>\n            <\/div>\n            <\/div>\n<\/div>\n                        <\/div>\n                                                                                                                    <div class=\"col-12 col-lg-6 col-xl-4 slice-full-page__article \">\n                            <div\n\n   class=\"article-card-vertical  article-card-vertical--3   \">\n\n            <a href=\"https:\/\/sherpas.com\/blog\/parents\/a\/aider-ado-apprendre-anglais\/\">\n            <picture>\n                <img decoding=\"async\" width=\"396\" height=\"223\" src=\"https:\/\/sherpas.com\/content\/uploads\/sites\/3\/2025\/05\/etudiante-anglais.jpg\" class=\"article-card-vertical__image wp-post-image\" alt=\"\u00e9tudiante avec drapeau anglais\" ci-src=\"https:\/\/sherpas.com\/content\/uploads\/sites\/3\/2025\/05\/etudiante-anglais.jpg?q=90\" \/>\n                \n                    \n            <\/picture>\n\n        <\/a>\n     \n  \n    <div class=\"article-card-vertical__content\">\n        <a class=\"article-card-vertical__link\" href=\"https:\/\/sherpas.com\/blog\/parents\/a\/aider-ado-apprendre-anglais\/\">\n            <h3 class=\"article-card-vertical__title\" id=\"comment-aider-son-ado-a-apprendre-langlais\">\n                Comment aider son ado \u00e0 apprendre l\u2019anglais ?&nbsp;\ud83e\udde0\n            <\/h3>\n                            <div class=\"article-card-vertical__text\">\n                    Votre ado a du mal \u00e0 apprendre l\u2019anglais au coll\u00e8ge ou au lyc\u00e9e ? Aujourd\u2019hui, il est n\u00e9cessaire (&#8230;)\n                <\/div>\n                    <\/a>   \n                    <div class=\"article-card-vertical__tags article-card-vertical__tags--hide\">\n                <div class=\"article-card-vertical__tag badge\"><\/div>\n            <\/div>\n            <\/div>\n<\/div>\n                        <\/div>\n                                                                                                                    <div class=\"col-12 col-lg-6 col-xl-4 slice-full-page__article \">\n                            <div\n\n   class=\"article-card-vertical  article-card-vertical--3   \">\n\n            <a href=\"https:\/\/sherpas.com\/blog\/parents\/a\/developper-creativite-enfant\/\">\n            <picture>\n                <img decoding=\"async\" width=\"396\" height=\"223\" src=\"https:\/\/sherpas.com\/content\/uploads\/sites\/3\/2024\/05\/creativite-ado.jpg\" class=\"article-card-vertical__image wp-post-image\" alt=\"\" ci-src=\"https:\/\/sherpas.com\/content\/uploads\/sites\/3\/2024\/05\/creativite-ado.jpg?q=90\" \/>\n                \n                    \n            <\/picture>\n\n        <\/a>\n     \n  \n    <div class=\"article-card-vertical__content\">\n        <a class=\"article-card-vertical__link\" href=\"https:\/\/sherpas.com\/blog\/parents\/a\/developper-creativite-enfant\/\">\n            <h3 class=\"article-card-vertical__title\" id=\"comment-aider-son-enfant-a-developper-sa-creativite\">\n                Comment aider son enfant \u00e0 d\u00e9velopper sa cr\u00e9ativit\u00e9 ?&nbsp;\ud83e\udd14\n            <\/h3>\n                            <div class=\"article-card-vertical__text\">\n                    Votre enfant manque d\u2019inspiration et vous cherchez des solutions pour stimuler son imagination ? \ud83e\udd14 Bonne nouvelle, la (&#8230;)\n                <\/div>\n                    <\/a>   \n                    <div class=\"article-card-vertical__tags article-card-vertical__tags--hide\">\n                <div class=\"article-card-vertical__tag badge\"><\/div>\n            <\/div>\n            <\/div>\n<\/div>\n                        <\/div>\n                                                                                                                    <div class=\"col-12 col-lg-6 col-xl-4 slice-full-page__article \">\n                            <div\n\n   class=\"article-card-vertical  article-card-vertical--3   \">\n\n            <a href=\"https:\/\/sherpas.com\/blog\/parents\/a\/apprendre-grec-ancien\/\">\n            <picture>\n                <img decoding=\"async\" width=\"396\" height=\"223\" src=\"https:\/\/sherpas.com\/content\/uploads\/sites\/3\/2025\/02\/apprendre-le-grec.jpg\" class=\"article-card-vertical__image wp-post-image\" alt=\"statue d&#039;un philophe grec\" ci-src=\"https:\/\/sherpas.com\/content\/uploads\/sites\/3\/2025\/02\/apprendre-le-grec.jpg?q=90\" \/>\n                \n                    \n            <\/picture>\n\n        <\/a>\n     \n  \n    <div class=\"article-card-vertical__content\">\n        <a class=\"article-card-vertical__link\" href=\"https:\/\/sherpas.com\/blog\/parents\/a\/apprendre-grec-ancien\/\">\n            <h3 class=\"article-card-vertical__title\" id=\"mon-enfant-doit-il-apprendre-le-grec\">\n                Mon enfant doit-il apprendre le grec ?&nbsp;\ud83c\udfdb\ufe0f\n            <\/h3>\n                            <div class=\"article-card-vertical__text\">\n                    Apprendre le grec ancien au coll\u00e8ge : une bonne id\u00e9e ou une perte de temps ? Cet article (&#8230;)\n                <\/div>\n                    <\/a>   \n                    <div class=\"article-card-vertical__tags article-card-vertical__tags--hide\">\n                <div class=\"article-card-vertical__tag badge\"><\/div>\n            <\/div>\n            <\/div>\n<\/div>\n                        <\/div>\n                                                                                                                    <div class=\"col-12 col-lg-6 col-xl-4 slice-full-page__article \">\n                            <div\n\n   class=\"article-card-vertical  article-card-vertical--3   \">\n\n            <a href=\"https:\/\/sherpas.com\/blog\/parents\/a\/motiver-ado-a-travailler-au-lycee\/\">\n            <picture>\n                <img decoding=\"async\" width=\"396\" height=\"223\" src=\"https:\/\/sherpas.com\/content\/uploads\/sites\/3\/2025\/02\/aider-son-enfant-a-travailler.jpg\" class=\"article-card-vertical__image wp-post-image\" alt=\"ado \u00e0 son bureau qui dort\" ci-src=\"https:\/\/sherpas.com\/content\/uploads\/sites\/3\/2025\/02\/aider-son-enfant-a-travailler.jpg?q=90\" \/>\n                \n                    \n            <\/picture>\n\n        <\/a>\n     \n  \n    <div class=\"article-card-vertical__content\">\n        <a class=\"article-card-vertical__link\" href=\"https:\/\/sherpas.com\/blog\/parents\/a\/motiver-ado-a-travailler-au-lycee\/\">\n            <h3 class=\"article-card-vertical__title\" id=\"comment-aider-son-ado-a-mieux-travailler-au-lycee\">\n                Comment aider son ado \u00e0 mieux travailler au lyc\u00e9e ?&nbsp;\ud83d\udcda\n            <\/h3>\n                            <div class=\"article-card-vertical__text\">\n                    Votre enfant a du mal \u00e0 s\u2019y mettre pour r\u00e9viser ou faire ses devoirs ? Si vous lui (&#8230;)\n                <\/div>\n                    <\/a>   \n                    <div class=\"article-card-vertical__tags article-card-vertical__tags--hide\">\n                <div class=\"article-card-vertical__tag badge\"><\/div>\n            <\/div>\n            <\/div>\n<\/div>\n                        <\/div>\n                                                                                                                                                <\/div>\n            <div class=\"row\">\n                <div class=\"col-12\">\n                                            <div class=\"all-articles__pagination\">\n                            <span aria-current=\"page\" class=\"page-numbers current\"><span class=\"all-articles__page\">1<\/span><\/span><a class=\"page-numbers\" href=\"https:\/\/sherpas.com\/blog\/parents\/wp-json\/wp\/v2\/pages\/1000\/page\/2\/#tous-les-articles\"><span class=\"all-articles__page\">2<\/span><\/a><a class=\"page-numbers\" href=\"https:\/\/sherpas.com\/blog\/parents\/wp-json\/wp\/v2\/pages\/1000\/page\/3\/#tous-les-articles\"><span class=\"all-articles__page\">3<\/span><\/a><a class=\"page-numbers\" href=\"https:\/\/sherpas.com\/blog\/parents\/wp-json\/wp\/v2\/pages\/1000\/page\/4\/#tous-les-articles\"><span class=\"all-articles__page\">4<\/span><\/a><a class=\"next page-numbers\" href=\"https:\/\/sherpas.com\/blog\/parents\/wp-json\/wp\/v2\/pages\/1000\/page\/2\/#tous-les-articles\">Suivant<\/a>                        <\/div>\n                                    <\/div>\n            <\/div>\n        <\/div>\n    <\/div>\n<\/section>\n\n\n\n<section class=\"edito-banner\">\n            <a target=\"\" href=\"https:\/\/sherpas.com\/blog\/toolbox\/nos-hacks-et-ebooks\/\">\n            <div class=\"container\">\n                <div class=\"edito-banner__text-bg\">\n                                            Ebooks\n                                    <\/div>\n                <div class=\"row justify-content-center align-items-center flex-md-row-reverse\">\n                    <div class=\"col-12 col-md-4 offset-md-1 edito-banner__content\">\n                        <div class=\"d-md-none edito-banner__title\">D\u00e9couvrez nos ebooks<\/div>\n                                                    <img decoding=\"async\" class=\"mt-30 mt-md-0\" alt =\"D\u00e9couvrez nos ebooks\" src=\"https:\/\/sherpas.com\/content\/uploads\/sites\/3\/2023\/09\/Ebooks-Sherpas.png\">\n                                            <\/div>\n                    <div class=\"col-12 col-md-8 col-lg-5\">\n                        <div class=\"d-none d-md-block edito-banner__title\">D\u00e9couvrez nos ebooks<\/div>\n                        <div class=\"edito-banner__text font-weight-normal mt-20\"><p>Pour apprendre autrement, votre enfant peut aussi passer par la lecture de nos diff\u00e9rentes guides et ebooks. Gestion du stress, organisation, ma\u00eetrise des langues&#8230; D\u00e9couvrez toutes les ressources utiles, pour lui ! <\/p>\n<\/div>\n                                                    <button type=\"button\"\n                                    class=\"mt-30 btn btn-purple\">D\u00e9couvrez nos ebooks<\/button>\n                                                <div class=\"mt-30 mt-md-40 t-11\">\n                                                    <\/div>\n                    <\/div>\n                <\/div>\n            <\/div>\n        <\/a>\n    <\/section>\n","protected":false},"excerpt":{"rendered":"","protected":false},"author":336,"featured_media":0,"parent":30,"menu_order":1,"comment_status":"closed","ping_status":"closed","template":"category-template","meta":{"_acf_changed":false,"footnotes":""},"category":[3,5],"tag":[],"class_list":["post-1000","page","type-page","status-publish","hentry","category-aider-apprendre","category-comment-accompagner"],"acf":[],"_links":{"self":[{"href":"https:\/\/sherpas.com\/blog\/parents\/wp-json\/wp\/v2\/pages\/1000","targetHints":{"allow":["GET"]}}],"collection":[{"href":"https:\/\/sherpas.com\/blog\/parents\/wp-json\/wp\/v2\/pages"}],"about":[{"href":"https:\/\/sherpas.com\/blog\/parents\/wp-json\/wp\/v2\/types\/page"}],"author":[{"embeddable":true,"href":"https:\/\/sherpas.com\/blog\/parents\/wp-json\/wp\/v2\/users\/336"}],"replies":[{"embeddable":true,"href":"https:\/\/sherpas.com\/blog\/parents\/wp-json\/wp\/v2\/comments?post=1000"}],"version-history":[{"count":0,"href":"https:\/\/sherpas.com\/blog\/parents\/wp-json\/wp\/v2\/pages\/1000\/revisions"}],"up":[{"embeddable":true,"href":"https:\/\/sherpas.com\/blog\/parents\/wp-json\/wp\/v2\/pages\/30"}],"wp:attachment":[{"href":"https:\/\/sherpas.com\/blog\/parents\/wp-json\/wp\/v2\/media?parent=1000"}],"wp:term":[{"taxonomy":"category","embeddable":true,"href":"https:\/\/sherpas.com\/blog\/parents\/wp-json\/wp\/v2\/category?post=1000"},{"taxonomy":"tag","embeddable":true,"href":"https:\/\/sherpas.com\/blog\/parents\/wp-json\/wp\/v2\/tag?post=1000"}],"curies":[{"name":"wp","href":"https:\/\/api.w.org\/{rel}","templated":true}]}}